{"id":1444,"date":"2015-08-30T13:40:11","date_gmt":"2015-08-30T13:40:11","guid":{"rendered":"http:\/\/psicoclinicabarcelona.com\/probando-2\/"},"modified":"2023-04-27T12:33:55","modified_gmt":"2023-04-27T10:33:55","slug":"trastorns-afectius","status":"publish","type":"page","link":"https:\/\/psicoclinicabarcelona.com\/ca\/trastorns-afectius\/","title":{"rendered":"Trastorns afectius"},"content":{"rendered":"[vc_row][vc_column width=&#8221;1\/2&#8243;][vc_column_text]<strong>Una mica d&#8217;hist\u00f2ria\u2026<\/strong><\/p>\n<p>El grec Hip\u00f2crates va descriure un estat de tristesa que va denominar malenconia (bilis negra). Aquest estat estava caracteritzat per una <strong>aversi\u00f3 als aliments, immobilitat, insomni, irritabilitat i desesperan\u00e7a.<\/strong><\/p>\n<p><strong>Un malestar del nostre temps.<\/strong><\/p>\n<p>Tot i el que es pugui pensar en un primer moment, <strong>la depressi\u00f3 \u00e9s una afectaci\u00f3 comuna<\/strong>. Molt m\u00e9s del que ens agradaria imaginar. La prevalen\u00e7a estimada segons l&#8217;Organitzaci\u00f3 Mundial de la Salut (OMS) als pa\u00efsos desenvolupats \u00e9s d&#8217;un 10%, afectant les dones un 7% i els homes un 3%.<\/p>\n<p><strong>Qu\u00e8 s\u00f3n els trastorns afectius?<\/strong><\/p>\n<p>S\u00f3n alteracions greus del psiquisme que\u00a0<strong>afecten de manera negativa a la manera com ens sentim, pensem i actuem<\/strong>. Els trastorns afectius s\u00f3n una de les causes m\u00e9s freq\u00fcents de consulta a un psic\u00f2leg.[\/vc_column_text][\/vc_column][vc_column width=&#8221;1\/2&#8243;][vc_column_text]<img decoding=\"async\" class=\"aligncenter wp-image-5645 size-full\" src=\"https:\/\/psicoclinicabarcelona.com\/wp-content\/uploads\/2022\/07\/undraw_heartbroken_cble.webp\" alt=\"trastornos afectivos\" width=\"1311\" height=\"1037\" srcset=\"https:\/\/psicoclinicabarcelona.com\/wp-content\/uploads\/2022\/07\/undraw_heartbroken_cble.webp 1311w, https:\/\/psicoclinicabarcelona.com\/wp-content\/uploads\/2022\/07\/undraw_heartbroken_cble-300x237.webp 300w, https:\/\/psicoclinicabarcelona.com\/wp-content\/uploads\/2022\/07\/undraw_heartbroken_cble-1024x810.webp 1024w, https:\/\/psicoclinicabarcelona.com\/wp-content\/uploads\/2022\/07\/undraw_heartbroken_cble-768x607.webp 768w, https:\/\/psicoclinicabarcelona.com\/wp-content\/uploads\/2022\/07\/undraw_heartbroken_cble-600x475.webp 600w\" sizes=\"(max-width: 1311px) 100vw, 1311px\" \/>[\/vc_column_text][\/vc_column][vc_column][vc_column_text]A\u00a0<a href=\"https:\/\/psicoclinicabarcelona.com\/ca\/\">Psicocl\u00ednica Barcelona<\/a>\u00a0som molt cr\u00edtics amb les classificacions reduccionistes i simplicistes que porta a terme una part de la psiquiatria actual.<\/p>\n        <div class=\"rmwr-wrapper\" \n             data-id=\"rmwr-69ef41cbd8600\"\n             data-mode=\"normal\"\n             data-animation=\"fade\"\n             data-duration=\"300\"\n             data-smooth-scroll=\"true\"\n             data-scroll-offset=\"0\">\n            <button \n                type=\"button\"\n                class=\"read-link\" \n                id=\"readlinkrmwr-69ef41cbd8600\"\n                data-open-text=\"Leer m\u00e1s\"\n                data-close-text=\"Leer menos\"\n                aria-expanded=\"false\"\n                aria-controls=\"readrmwr-69ef41cbd8600\"\n                aria-label=\"Leer m\u00e1s\"\n            >\n                <span class=\"rmwr-text\">Leer m\u00e1s<\/span>\n            <\/button>\n            <div \n                class=\"read_div\" \n                id=\"readrmwr-69ef41cbd8600\"\n                aria-hidden=\"true\"\n                data-animation=\"fade\"\n                data-duration=\"300\"\n                style=\"display: none;\"\n            >\n                \n<p>De fet, som encara m\u00e9s cr\u00edtics quan es tracta de la realitat ps\u00edquica i del patiment hum\u00e0. Al nostre\u00a0<strong>centre de psic\u00f2legs a Barcelona<\/strong>\u00a0estem advertits del que alguns corrents actuals dins de la comunitat m\u00e8dica psiqui\u00e0trica estableixen quant a, per exemple, la depressi\u00f3.<\/p>\n<p>Aquests corrents estableixen senzillament dos tipus de <a href=\"https:\/\/psicoclinicabarcelona.com\/ca\/psicolegs-tractament-depressio-barcelona\/\">depressi\u00f3<\/a>: l&#8217;ex\u00f2gena i l&#8217;end\u00f2gena. A trav\u00e9s d&#8217;un petit resum podr\u00edem concloure que la depressi\u00f3 end\u00f2gena \u00e9s aquella que es produeix com a conseq\u00fc\u00e8ncia d&#8217;un d\u00e8ficit d&#8217;un neurotransmissor anomenat serotonina. El fet que la causa d&#8217;aquesta patologia sigui end\u00f2gena pr\u00f2pia a l&#8217;organisme, fa molt dif\u00edcil la curaci\u00f3 a trav\u00e9s de la psicoter\u00e0pia. Per aix\u00f2 en molts casos es fa necess\u00e0ria la intervenci\u00f3 farmacol\u00f2gica per pal\u00b7liar els s\u00edmptomes. D&#8217;altra banda, sembla que la depressi\u00f3 ex\u00f2gena est\u00e0 relacionada amb causes provinents de l&#8217;entorn, de l&#8217;ambient, \u00e9s a dir, aquelles que neixen de conting\u00e8ncies externes. Per aix\u00f2, per a la depressi\u00f3 ex\u00f2gena se sap que seria m\u00e9s apropiada per a la intervenci\u00f3 psicoterap\u00e8utica.<\/p>\n<p>Les preguntes que ens podem fer per q\u00fcestionar aquests arguments fal\u00b7la\u00e7os poden ser molt variades. Una de les m\u00e9s efectives seria la seg\u00fcent: A un comencen a anar malament les coses perqu\u00e8 se li ha produ\u00eft un descens seroton\u00e8rgic oa un se li baixa la serotonina a causa que li estan anant malament les coses?<\/p>\n<p>Preguntes com aquestes s\u00f3n les que fan que ens adonem de fins a quin punt poden arribar a ser complicades les q\u00fcestions relacionades amb el psiquisme hum\u00e0. El nostre cervell no es regeix \u00fanicament per raons biol\u00f2giques, neurol\u00f2giques o m\u00e8diques. \u00c9s m\u00e9s,\u00a0<strong>som molt m\u00e9s que un cervell<\/strong>. Hi ha una ment darrere de tot aix\u00f2 que tamb\u00e9 necessita les seves pr\u00f2pies cures.<\/p>\n            <\/div>\n        <\/div>\n        [\/vc_column_text][\/vc_column][\/vc_row][vc_row][vc_column][vc_column_text]\n<h2><strong>Els diferents tipus de trastorns afectius<\/strong><\/h2>\n<p>Els diferents t<strong>ipos\u00a0<\/strong>de trastorns afectius s\u00f3n:<\/p>\n<ul>\n<li>La depressi\u00f3 severa<\/li>\n<li>La mania<\/li>\n<li>La dist\u00edmia<\/li>\n<li>El <a href=\"https:\/\/psicoclinicabarcelona.com\/ca\/terapia-trastorn-bipolar-barcelona\/\">trastorn bipolar<\/a><\/li>\n<\/ul>\n<p>Els\u00a0<strong>s\u00edmptomes\u00a0<\/strong>que acompanyen qualsevol trastorn afectiu (depressi\u00f3, distima, trastorn bipolar, etc.) s\u00f3n:<\/p>\n<ul>\n<li>Tristesa o sensaci\u00f3 de buit.<\/li>\n<li>P\u00e8rdua de l&#8217;inter\u00e8s o del plaer de fer activitats. Canvis de la gana amb p\u00e8rdua o augment de pes.<\/li>\n<li>\u00a0Alteracions del son: dormir molt o massa poc.<\/li>\n<li>\u00a0Fatiga o manca d&#8217;energia.<\/li>\n<li>Sentiment de baixa autoestima o fins i tot de culpa.<\/li>\n<li>Sensaci\u00f3 d&#8217;agitaci\u00f3 o apatia.<\/li>\n<li>Dificultat per pensar o concentrar-se.<\/li>\n<li>Pensaments reiterats de su\u00efcidi o mort.<\/li>\n<\/ul>\n<p><strong>La mort d&#8217;un \u00e9sser estimat, la p\u00e8rdua d&#8217;una feina o la ruptura d&#8217;una relaci\u00f3 s\u00f3n experi\u00e8ncies dif\u00edcils<\/strong> d&#8217;afrontar per a qualsevol persona. De fet, \u00e9s davant d&#8217;aquesta mena de situacions en qu\u00e8 l&#8217;aparici\u00f3 de sentiments com la tristesa o la pena suposen una resposta totalment normal. Sovint, aquelles persones que els experimenten es descriuen a si mateixos com a deprimits. Per\u00f2 <strong>la tristesa i la depressi\u00f3 estan lluny de ser el mateix<\/strong>. D&#8217;aquesta manera, mentre alguns sentiments de tristesa es poden veure alleujats amb el mer transcurs del temps, el trastorn de la depressi\u00f3 pot continuar durant mesos i fins i tot anys.<\/p>\n<p>En an\u00e0lisi de la situaci\u00f3 general d&#8217;un pacient i la valoraci\u00f3 cl\u00ednica detallada que far\u00e0 la nostra psic\u00f2loga especialista en trastorns afectius ens permetran ser capa\u00e7os de discernir de quina alteraci\u00f3 es tracta i, amb la col\u00b7laboraci\u00f3 directa del pacient, cercar possibles alternatives amb qu\u00e8 posar soluci\u00f3 a aquests inevitables impasses de la vida.<\/p>\n<p>A\u00a0<strong>Psicocl\u00ednica Barcelona<\/strong>\u00a0estem especialitzats en proporcionar\u00a0<strong><a href=\"https:\/\/psicoclinicabarcelona.com\/ca\/psicolegs-tractament-depressio-barcelona\/\">ter\u00e0pia per a la depressi\u00f3<\/a>. <\/strong>D&#8217;una manera totalment personalitzada ens adaptarem al ritme de cada pacient, acompanyant-lo pas a pas en la seva evoluci\u00f3 fins a proporcionar totes les eines que necessita per tornar a fer de si mateixa una persona sana i feli\u00e7. I el mateix passa amb cada <a href=\"https:\/\/psicoclinicabarcelona.com\/ca\/terapia-trastorn-bipolar-barcelona\/\">tractament del trastorn bipolar<\/a>, les manies o la dist\u00edmia . Us ajudarem a sentir-vos lliure una altra vegada ia ser capa\u00e7 de gaudir plenament de la vida.[\/vc_column_text][\/vc_column][\/vc_row][vc_row][vc_column][vc_column_text][\/vc_column_text][\/vc_column][\/vc_row]\n","protected":false},"excerpt":{"rendered":"<p>[vc_row][vc_column width=&#8221;1\/2&#8243;][vc_column_text]Una mica d&#8217;hist\u00f2ria\u2026 El grec Hip\u00f2crates va descriure un estat de tristesa que va denominar malenconia (bilis negra). Aquest estat estava caracteritzat per una aversi\u00f3 als aliments, immobilitat, insomni, irritabilitat i desesperan\u00e7a. Un malestar del nostre temps. Tot i el que es pugui pensar en un primer moment, la depressi\u00f3 \u00e9s una afectaci\u00f3 comuna.&hellip;<\/p>\n","protected":false},"author":2,"featured_media":1442,"parent":0,"menu_order":0,"comment_status":"open","ping_status":"open","template":"","meta":{"footnotes":""},"class_list":["post-1444","page","type-page","status-publish","has-post-thumbnail","hentry","entry","has-media"],"yoast_head":"<!-- This site is optimized with the Yoast SEO plugin v24.6 - https:\/\/yoast.com\/wordpress\/plugins\/seo\/ -->\n<title>Psicolegs trastorns afectius Barcelona<\/title>\n<meta name=\"description\" content=\"PSICOCL\u00cdNICA BARCELONA. Tractament psicol\u00f2gic de trastorns afectius: depressi\u00f3, trastorn bipolar, dist\u00edmia ...\" \/>\n<meta name=\"robots\" content=\"index, follow, max-snippet:-1, max-image-preview:large, max-video-preview:-1\" \/>\n<link rel=\"canonical\" href=\"https:\/\/psicoclinicabarcelona.com\/ca\/trastorns-afectius\/\" \/>\n<meta property=\"og:locale\" content=\"ca_ES\" \/>\n<meta property=\"og:type\" content=\"article\" \/>\n<meta property=\"og:title\" content=\"Psicolegs trastorns afectius Barcelona\" \/>\n<meta property=\"og:description\" content=\"PSICOCL\u00cdNICA BARCELONA. Tractament psicol\u00f2gic de trastorns afectius: depressi\u00f3, trastorn bipolar, dist\u00edmia ...\" \/>\n<meta property=\"og:url\" content=\"https:\/\/psicoclinicabarcelona.com\/ca\/trastorns-afectius\/\" \/>\n<meta property=\"og:site_name\" content=\"Psicocl\u00ednica Barcelona\" \/>\n<meta property=\"article:publisher\" content=\"https:\/\/www.facebook.com\/PsicoclinicaBarcelona\/\" \/>\n<meta property=\"article:modified_time\" content=\"2023-04-27T10:33:55+00:00\" \/>\n<meta property=\"og:image\" content=\"https:\/\/psicoclinicabarcelona.com\/wp-content\/uploads\/2015\/08\/tree-530324_1280.jpg\" \/>\n\t<meta property=\"og:image:width\" content=\"1280\" \/>\n\t<meta property=\"og:image:height\" content=\"919\" \/>\n\t<meta property=\"og:image:type\" content=\"image\/jpeg\" \/>\n<meta name=\"twitter:label1\" content=\"Temps estimat de lectura\" \/>\n\t<meta name=\"twitter:data1\" content=\"4 minuts\" \/>\n<script type=\"application\/ld+json\" class=\"yoast-schema-graph\">{\"@context\":\"https:\/\/schema.org\",\"@graph\":[{\"@type\":\"WebPage\",\"@id\":\"https:\/\/psicoclinicabarcelona.com\/ca\/trastorns-afectius\/\",\"url\":\"https:\/\/psicoclinicabarcelona.com\/ca\/trastorns-afectius\/\",\"name\":\"Psicolegs trastorns afectius Barcelona\",\"isPartOf\":{\"@id\":\"https:\/\/psicoclinicabarcelona.com\/#website\"},\"primaryImageOfPage\":{\"@id\":\"https:\/\/psicoclinicabarcelona.com\/ca\/trastorns-afectius\/#primaryimage\"},\"image\":{\"@id\":\"https:\/\/psicoclinicabarcelona.com\/ca\/trastorns-afectius\/#primaryimage\"},\"thumbnailUrl\":\"https:\/\/psicoclinicabarcelona.com\/wp-content\/uploads\/2015\/08\/tree-530324_1280.jpg\",\"datePublished\":\"2015-08-30T13:40:11+00:00\",\"dateModified\":\"2023-04-27T10:33:55+00:00\",\"description\":\"PSICOCL\u00cdNICA BARCELONA. Tractament psicol\u00f2gic de trastorns afectius: depressi\u00f3, trastorn bipolar, dist\u00edmia ...\",\"breadcrumb\":{\"@id\":\"https:\/\/psicoclinicabarcelona.com\/ca\/trastorns-afectius\/#breadcrumb\"},\"inLanguage\":\"ca\",\"potentialAction\":[{\"@type\":\"ReadAction\",\"target\":[\"https:\/\/psicoclinicabarcelona.com\/ca\/trastorns-afectius\/\"]}]},{\"@type\":\"ImageObject\",\"inLanguage\":\"ca\",\"@id\":\"https:\/\/psicoclinicabarcelona.com\/ca\/trastorns-afectius\/#primaryimage\",\"url\":\"https:\/\/psicoclinicabarcelona.com\/wp-content\/uploads\/2015\/08\/tree-530324_1280.jpg\",\"contentUrl\":\"https:\/\/psicoclinicabarcelona.com\/wp-content\/uploads\/2015\/08\/tree-530324_1280.jpg\",\"width\":1280,\"height\":919,\"caption\":\"tratamiento trastorno afectivo\"},{\"@type\":\"BreadcrumbList\",\"@id\":\"https:\/\/psicoclinicabarcelona.com\/ca\/trastorns-afectius\/#breadcrumb\",\"itemListElement\":[{\"@type\":\"ListItem\",\"position\":1,\"name\":\"Portada\",\"item\":\"https:\/\/psicoclinicabarcelona.com\/ca\/\"},{\"@type\":\"ListItem\",\"position\":2,\"name\":\"Trastorns afectius\"}]},{\"@type\":\"WebSite\",\"@id\":\"https:\/\/psicoclinicabarcelona.com\/#website\",\"url\":\"https:\/\/psicoclinicabarcelona.com\/\",\"name\":\"Psicocl\u00ednica Barcelona\",\"description\":\"Posiblemente el mejor psic\u00f3logo en Barcelona o la mejor psic\u00f3loga de Barcelona. Ll\u00e1manos sin compromiso al 935 414 478\",\"publisher\":{\"@id\":\"https:\/\/psicoclinicabarcelona.com\/#organization\"},\"alternateName\":\"Psicocl\u00ednica Barcelona\",\"potentialAction\":[{\"@type\":\"SearchAction\",\"target\":{\"@type\":\"EntryPoint\",\"urlTemplate\":\"https:\/\/psicoclinicabarcelona.com\/?s={search_term_string}\"},\"query-input\":{\"@type\":\"PropertyValueSpecification\",\"valueRequired\":true,\"valueName\":\"search_term_string\"}}],\"inLanguage\":\"ca\"},{\"@type\":\"Organization\",\"@id\":\"https:\/\/psicoclinicabarcelona.com\/#organization\",\"name\":\"Psicocl\u00ednica Barcelona\",\"alternateName\":\"Psicocl\u00ednica Barcelona\",\"url\":\"https:\/\/psicoclinicabarcelona.com\/\",\"logo\":{\"@type\":\"ImageObject\",\"inLanguage\":\"ca\",\"@id\":\"https:\/\/psicoclinicabarcelona.com\/#\/schema\/logo\/image\/\",\"url\":\"https:\/\/psicoclinicabarcelona.com\/wp-content\/uploads\/2015\/04\/psicologos-barcelona.png\",\"contentUrl\":\"https:\/\/psicoclinicabarcelona.com\/wp-content\/uploads\/2015\/04\/psicologos-barcelona.png\",\"width\":178,\"height\":62,\"caption\":\"Psicocl\u00ednica Barcelona\"},\"image\":{\"@id\":\"https:\/\/psicoclinicabarcelona.com\/#\/schema\/logo\/image\/\"},\"sameAs\":[\"https:\/\/www.facebook.com\/PsicoclinicaBarcelona\/\",\"https:\/\/x.com\/psicoclinicabcn\",\"https:\/\/www.linkedin.com\/company\/psicocl\u00ednica-barcelona\/\",\"https:\/\/www.instagram.com\/psicoclinicabarcelona\/\",\"https:\/\/www.youtube.com\/channel\/UCcc-5_wC56giASuT0XDr87Q\"]}]}<\/script>\n<!-- \/ Yoast SEO plugin. -->","yoast_head_json":{"title":"Psicolegs trastorns afectius Barcelona","description":"PSICOCL\u00cdNICA BARCELONA. Tractament psicol\u00f2gic de trastorns afectius: depressi\u00f3, trastorn bipolar, dist\u00edmia ...","robots":{"index":"index","follow":"follow","max-snippet":"max-snippet:-1","max-image-preview":"max-image-preview:large","max-video-preview":"max-video-preview:-1"},"canonical":"https:\/\/psicoclinicabarcelona.com\/ca\/trastorns-afectius\/","og_locale":"ca_ES","og_type":"article","og_title":"Psicolegs trastorns afectius Barcelona","og_description":"PSICOCL\u00cdNICA BARCELONA. Tractament psicol\u00f2gic de trastorns afectius: depressi\u00f3, trastorn bipolar, dist\u00edmia ...","og_url":"https:\/\/psicoclinicabarcelona.com\/ca\/trastorns-afectius\/","og_site_name":"Psicocl\u00ednica Barcelona","article_publisher":"https:\/\/www.facebook.com\/PsicoclinicaBarcelona\/","article_modified_time":"2023-04-27T10:33:55+00:00","og_image":[{"width":1280,"height":919,"url":"https:\/\/psicoclinicabarcelona.com\/wp-content\/uploads\/2015\/08\/tree-530324_1280.jpg","type":"image\/jpeg"}],"twitter_misc":{"Temps estimat de lectura":"4 minuts"},"schema":{"@context":"https:\/\/schema.org","@graph":[{"@type":"WebPage","@id":"https:\/\/psicoclinicabarcelona.com\/ca\/trastorns-afectius\/","url":"https:\/\/psicoclinicabarcelona.com\/ca\/trastorns-afectius\/","name":"Psicolegs trastorns afectius Barcelona","isPartOf":{"@id":"https:\/\/psicoclinicabarcelona.com\/#website"},"primaryImageOfPage":{"@id":"https:\/\/psicoclinicabarcelona.com\/ca\/trastorns-afectius\/#primaryimage"},"image":{"@id":"https:\/\/psicoclinicabarcelona.com\/ca\/trastorns-afectius\/#primaryimage"},"thumbnailUrl":"https:\/\/psicoclinicabarcelona.com\/wp-content\/uploads\/2015\/08\/tree-530324_1280.jpg","datePublished":"2015-08-30T13:40:11+00:00","dateModified":"2023-04-27T10:33:55+00:00","description":"PSICOCL\u00cdNICA BARCELONA. Tractament psicol\u00f2gic de trastorns afectius: depressi\u00f3, trastorn bipolar, dist\u00edmia ...","breadcrumb":{"@id":"https:\/\/psicoclinicabarcelona.com\/ca\/trastorns-afectius\/#breadcrumb"},"inLanguage":"ca","potentialAction":[{"@type":"ReadAction","target":["https:\/\/psicoclinicabarcelona.com\/ca\/trastorns-afectius\/"]}]},{"@type":"ImageObject","inLanguage":"ca","@id":"https:\/\/psicoclinicabarcelona.com\/ca\/trastorns-afectius\/#primaryimage","url":"https:\/\/psicoclinicabarcelona.com\/wp-content\/uploads\/2015\/08\/tree-530324_1280.jpg","contentUrl":"https:\/\/psicoclinicabarcelona.com\/wp-content\/uploads\/2015\/08\/tree-530324_1280.jpg","width":1280,"height":919,"caption":"tratamiento trastorno afectivo"},{"@type":"BreadcrumbList","@id":"https:\/\/psicoclinicabarcelona.com\/ca\/trastorns-afectius\/#breadcrumb","itemListElement":[{"@type":"ListItem","position":1,"name":"Portada","item":"https:\/\/psicoclinicabarcelona.com\/ca\/"},{"@type":"ListItem","position":2,"name":"Trastorns afectius"}]},{"@type":"WebSite","@id":"https:\/\/psicoclinicabarcelona.com\/#website","url":"https:\/\/psicoclinicabarcelona.com\/","name":"Psicocl\u00ednica Barcelona","description":"Posiblemente el mejor psic\u00f3logo en Barcelona o la mejor psic\u00f3loga de Barcelona. Ll\u00e1manos sin compromiso al 935 414 478","publisher":{"@id":"https:\/\/psicoclinicabarcelona.com\/#organization"},"alternateName":"Psicocl\u00ednica Barcelona","potentialAction":[{"@type":"SearchAction","target":{"@type":"EntryPoint","urlTemplate":"https:\/\/psicoclinicabarcelona.com\/?s={search_term_string}"},"query-input":{"@type":"PropertyValueSpecification","valueRequired":true,"valueName":"search_term_string"}}],"inLanguage":"ca"},{"@type":"Organization","@id":"https:\/\/psicoclinicabarcelona.com\/#organization","name":"Psicocl\u00ednica Barcelona","alternateName":"Psicocl\u00ednica Barcelona","url":"https:\/\/psicoclinicabarcelona.com\/","logo":{"@type":"ImageObject","inLanguage":"ca","@id":"https:\/\/psicoclinicabarcelona.com\/#\/schema\/logo\/image\/","url":"https:\/\/psicoclinicabarcelona.com\/wp-content\/uploads\/2015\/04\/psicologos-barcelona.png","contentUrl":"https:\/\/psicoclinicabarcelona.com\/wp-content\/uploads\/2015\/04\/psicologos-barcelona.png","width":178,"height":62,"caption":"Psicocl\u00ednica Barcelona"},"image":{"@id":"https:\/\/psicoclinicabarcelona.com\/#\/schema\/logo\/image\/"},"sameAs":["https:\/\/www.facebook.com\/PsicoclinicaBarcelona\/","https:\/\/x.com\/psicoclinicabcn","https:\/\/www.linkedin.com\/company\/psicocl\u00ednica-barcelona\/","https:\/\/www.instagram.com\/psicoclinicabarcelona\/","https:\/\/www.youtube.com\/channel\/UCcc-5_wC56giASuT0XDr87Q"]}]}},"_links":{"self":[{"href":"https:\/\/psicoclinicabarcelona.com\/ca\/wp-json\/wp\/v2\/pages\/1444"}],"collection":[{"href":"https:\/\/psicoclinicabarcelona.com\/ca\/wp-json\/wp\/v2\/pages"}],"about":[{"href":"https:\/\/psicoclinicabarcelona.com\/ca\/wp-json\/wp\/v2\/types\/page"}],"author":[{"embeddable":true,"href":"https:\/\/psicoclinicabarcelona.com\/ca\/wp-json\/wp\/v2\/users\/2"}],"replies":[{"embeddable":true,"href":"https:\/\/psicoclinicabarcelona.com\/ca\/wp-json\/wp\/v2\/comments?post=1444"}],"version-history":[{"count":16,"href":"https:\/\/psicoclinicabarcelona.com\/ca\/wp-json\/wp\/v2\/pages\/1444\/revisions"}],"predecessor-version":[{"id":6434,"href":"https:\/\/psicoclinicabarcelona.com\/ca\/wp-json\/wp\/v2\/pages\/1444\/revisions\/6434"}],"wp:featuredmedia":[{"embeddable":true,"href":"https:\/\/psicoclinicabarcelona.com\/ca\/wp-json\/wp\/v2\/media\/1442"}],"wp:attachment":[{"href":"https:\/\/psicoclinicabarcelona.com\/ca\/wp-json\/wp\/v2\/media?parent=1444"}],"curies":[{"name":"wp","href":"https:\/\/api.w.org\/{rel}","templated":true}]}}