{"id":6086,"date":"2022-11-10T15:59:50","date_gmt":"2022-11-10T14:59:50","guid":{"rendered":"https:\/\/psicoclinicabarcelona.com\/quienes-somos\/"},"modified":"2024-05-16T09:14:03","modified_gmt":"2024-05-16T07:14:03","slug":"qui-som","status":"publish","type":"page","link":"https:\/\/psicoclinicabarcelona.com\/ca\/qui-som\/","title":{"rendered":"Qui Som"},"content":{"rendered":"[vc_row][vc_column][vc_column_text]\n<h2 style=\"text-align: left;\">MILA HERRERA<\/h2>\n[\/vc_column_text][\/vc_column][vc_column width=&#8221;1\/2&#8243;][vc_column_text]<img decoding=\"async\" class=\"aligncenter wp-image-5716 size-full\" style=\"border-radius: 50px;\" src=\"https:\/\/psicoclinicabarcelona.com\/wp-content\/uploads\/2022\/08\/DSC_3787.webp\" alt=\"Mila Herrera\" width=\"1024\" height=\"731\" \/>[\/vc_column_text][\/vc_column][vc_column width=&#8221;1\/2&#8243;][vc_column_text]Fundadora i directora de\u00a0<b>Psicocl\u00ednica Barcelona<\/b>. Llicenciada en psicologia el 2003 per la <a href=\"https:\/\/www.uab.cat\/\">Universitat Aut\u00f2noma de Barcelona<\/a>. Accedeix a l&#8217;especialitzaci\u00f3 cl\u00ednica a trav\u00e9s de la via PIR, realitzant la resid\u00e8ncia a diferents institucions de la xarxa catalana de salut mental, aix\u00ed com per hospitals de refer\u00e8ncia cl\u00ednica a nivell nacional i internacional. Durant anys, va desenvolupar el seu cam\u00ed cl\u00ednic per diferents centres sanitaris del sistema p\u00fablic de salut de Catalunya, especialitzant-se en l&#8217;atenci\u00f3 cl\u00ednica infantojuvenil.<\/p>\n<p>Durant anys, va pert\u00e0nyer al S.E.E.T.D.I.C. (<i>Servei Educatiu Espec\u00edfic pel Trastorn del Desenvolupament i de la Conducta<\/i>), del\u00a0<a href=\"https:\/\/www.edubcn.cat\/ca\/\"><i>Consorci d&#8217;Educaci\u00f3 de Barcelona<\/i><\/a>,\u00a0equip d&#8217;experts que s&#8217;encarrega de l&#8217;assessorament i la formaci\u00f3 a professionals de l&#8217;educaci\u00f3, de tots els centres escolars p\u00fablics i concertats de la ciutat de Barcelona.<\/p>\n<p>Durant el seu recorregut i experi\u00e8ncia cl\u00ednica ha col\u00b7laborat en diversos treballs de recerca, alguns premiats i ha assistit a m\u00faltiples jornades i congressos cl\u00ednics de m\u00e0xima rellev\u00e0ncia.[\/vc_column_text][\/vc_column][\/vc_row][vc_row][vc_column][vc_column_text]\n<h2 style=\"text-align: left;\">SERGI VILARDELL<\/h2>\n[\/vc_column_text][\/vc_column][vc_column width=&#8221;1\/2&#8243;][vc_column_text]<img decoding=\"async\" class=\"aligncenter wp-image-5716 size-full\" style=\"border-radius: 50px;\" src=\"https:\/\/psicoclinicabarcelona.com\/wp-content\/uploads\/2022\/08\/DSC_3538-1.webp\" alt=\"Sergi Vilardell\" width=\"1024\" height=\"731\" \/>[\/vc_column_text][\/vc_column][vc_column width=&#8221;1\/2&#8243;][vc_column_text]<strong>Col\u00b7legiat al COPC n\u00famero 18455<\/strong> (Col\u00b7legi Oficial de Psicologia de Catalunya).<\/p>\n<p>Fundador de <strong>Psicocl\u00ednica Barcelona<\/strong>. Ubicat a la ciutat de Barcelona i dedicat al tractament psicol\u00f2gic de nens, adolescents i adults.<\/p>\n<p><strong>Fundador de Cl\u00ednica Viher<\/strong>. Un gabinet d\u00b4atenci\u00f3 psicol\u00f2gica situat a la ciutat de Barcelona<\/p>\n<p>Director terap\u00e8utic de la cl\u00ednica CITA (<em>Centre d&#8217;investigaci\u00f3 i Tractament de les Addiccions<\/em>) des de fa m\u00e9s de 15 anys.<\/p>\n<p><strong>Membre de la FEAP<\/strong> (<a href=\"https:\/\/www.feap.es\/\" target=\"_blank\" rel=\"noopener\">Federaci\u00f3 Espanyola d&#8217;Associacions de Psicoterapeutes<\/a>).<\/p>\n<p><strong>Docent d&#8217;ACCEP<\/strong> (<a href=\"https:\/\/accep.org\/\" target=\"_blank\" rel=\"noopener\">Associaci\u00f3 Catalana per a la Cl\u00ednica i l&#8217;Ensenyament de la Psicoan\u00e0lisi<\/a>).<\/p>\n<p>Docent del m\u00e0ster: Teoria i pr\u00e0ctica Psicoanal\u00edtica a ACCEP.[\/vc_column_text][vc_column_text]Membre de l&#8217;FPB (F\u00f2rum Psicoanal\u00edtic Barcelona).<\/p>\n<p>He participat en m\u00faltiples <strong>congressos cient\u00edfics d&#8217;\u00e0mbit nacional i internacional<\/strong> i he escrit una gran quantitat d&#8217;articles de recerca.[\/vc_column_text][\/vc_column][\/vc_row]\n","protected":false},"excerpt":{"rendered":"<p>[vc_row][vc_column][vc_column_text] MILA HERRERA [\/vc_column_text][\/vc_column][vc_column width=&#8221;1\/2&#8243;][vc_column_text][\/vc_column_text][\/vc_column][vc_column width=&#8221;1\/2&#8243;][vc_column_text]Fundadora i directora de\u00a0Psicocl\u00ednica Barcelona. Llicenciada en psicologia el 2003 per la Universitat Aut\u00f2noma de Barcelona. Accedeix a l&#8217;especialitzaci\u00f3 cl\u00ednica a trav\u00e9s de la via PIR, realitzant la resid\u00e8ncia a diferents institucions de la xarxa catalana de salut mental, aix\u00ed com per hospitals de refer\u00e8ncia cl\u00ednica a nivell nacional i&hellip;<\/p>\n","protected":false},"author":5,"featured_media":0,"parent":0,"menu_order":0,"comment_status":"closed","ping_status":"closed","template":"","meta":{"footnotes":""},"class_list":["post-6086","page","type-page","status-publish","hentry","entry","no-media"],"yoast_head":"<!-- This site is optimized with the Yoast SEO plugin v24.6 - https:\/\/yoast.com\/wordpress\/plugins\/seo\/ -->\n<title>Qui Som<\/title>\n<meta name=\"description\" content=\"Psicocl\u00ednica Barcelona. Qui som\" \/>\n<meta name=\"robots\" content=\"index, follow, max-snippet:-1, max-image-preview:large, max-video-preview:-1\" \/>\n<link rel=\"canonical\" href=\"https:\/\/psicoclinicabarcelona.com\/ca\/qui-som\/\" \/>\n<meta property=\"og:locale\" content=\"ca_ES\" \/>\n<meta property=\"og:type\" content=\"article\" \/>\n<meta property=\"og:title\" content=\"Qui Som\" \/>\n<meta property=\"og:description\" content=\"Psicocl\u00ednica Barcelona. Qui som\" \/>\n<meta property=\"og:url\" content=\"https:\/\/psicoclinicabarcelona.com\/ca\/qui-som\/\" \/>\n<meta property=\"og:site_name\" content=\"Psicocl\u00ednica Barcelona\" \/>\n<meta property=\"article:publisher\" content=\"https:\/\/www.facebook.com\/PsicoclinicaBarcelona\/\" \/>\n<meta property=\"article:modified_time\" content=\"2024-05-16T07:14:03+00:00\" \/>\n<meta property=\"og:image\" content=\"https:\/\/psicoclinicabarcelona.com\/wp-content\/uploads\/2022\/08\/DSC_3787.webp\" \/>\n<meta name=\"twitter:label1\" content=\"Temps estimat de lectura\" \/>\n\t<meta name=\"twitter:data1\" content=\"2 minuts\" \/>\n<script type=\"application\/ld+json\" class=\"yoast-schema-graph\">{\"@context\":\"https:\/\/schema.org\",\"@graph\":[{\"@type\":\"WebPage\",\"@id\":\"https:\/\/psicoclinicabarcelona.com\/ca\/qui-som\/\",\"url\":\"https:\/\/psicoclinicabarcelona.com\/ca\/qui-som\/\",\"name\":\"Qui Som\",\"isPartOf\":{\"@id\":\"https:\/\/psicoclinicabarcelona.com\/#website\"},\"primaryImageOfPage\":{\"@id\":\"https:\/\/psicoclinicabarcelona.com\/ca\/qui-som\/#primaryimage\"},\"image\":{\"@id\":\"https:\/\/psicoclinicabarcelona.com\/ca\/qui-som\/#primaryimage\"},\"thumbnailUrl\":\"https:\/\/psicoclinicabarcelona.com\/wp-content\/uploads\/2022\/08\/DSC_3787.webp\",\"datePublished\":\"2022-11-10T14:59:50+00:00\",\"dateModified\":\"2024-05-16T07:14:03+00:00\",\"description\":\"Psicocl\u00ednica Barcelona. Qui som\",\"breadcrumb\":{\"@id\":\"https:\/\/psicoclinicabarcelona.com\/ca\/qui-som\/#breadcrumb\"},\"inLanguage\":\"ca\",\"potentialAction\":[{\"@type\":\"ReadAction\",\"target\":[\"https:\/\/psicoclinicabarcelona.com\/ca\/qui-som\/\"]}]},{\"@type\":\"ImageObject\",\"inLanguage\":\"ca\",\"@id\":\"https:\/\/psicoclinicabarcelona.com\/ca\/qui-som\/#primaryimage\",\"url\":\"https:\/\/psicoclinicabarcelona.com\/wp-content\/uploads\/2022\/08\/DSC_3787.webp\",\"contentUrl\":\"https:\/\/psicoclinicabarcelona.com\/wp-content\/uploads\/2022\/08\/DSC_3787.webp\"},{\"@type\":\"BreadcrumbList\",\"@id\":\"https:\/\/psicoclinicabarcelona.com\/ca\/qui-som\/#breadcrumb\",\"itemListElement\":[{\"@type\":\"ListItem\",\"position\":1,\"name\":\"Portada\",\"item\":\"https:\/\/psicoclinicabarcelona.com\/ca\/\"},{\"@type\":\"ListItem\",\"position\":2,\"name\":\"Qui Som\"}]},{\"@type\":\"WebSite\",\"@id\":\"https:\/\/psicoclinicabarcelona.com\/#website\",\"url\":\"https:\/\/psicoclinicabarcelona.com\/\",\"name\":\"Psicocl\u00ednica Barcelona\",\"description\":\"Posiblemente el mejor psic\u00f3logo en Barcelona o la mejor psic\u00f3loga de Barcelona. Ll\u00e1manos sin compromiso al 935 414 478\",\"publisher\":{\"@id\":\"https:\/\/psicoclinicabarcelona.com\/#organization\"},\"alternateName\":\"Psicocl\u00ednica Barcelona\",\"potentialAction\":[{\"@type\":\"SearchAction\",\"target\":{\"@type\":\"EntryPoint\",\"urlTemplate\":\"https:\/\/psicoclinicabarcelona.com\/?s={search_term_string}\"},\"query-input\":{\"@type\":\"PropertyValueSpecification\",\"valueRequired\":true,\"valueName\":\"search_term_string\"}}],\"inLanguage\":\"ca\"},{\"@type\":\"Organization\",\"@id\":\"https:\/\/psicoclinicabarcelona.com\/#organization\",\"name\":\"Psicocl\u00ednica Barcelona\",\"alternateName\":\"Psicocl\u00ednica Barcelona\",\"url\":\"https:\/\/psicoclinicabarcelona.com\/\",\"logo\":{\"@type\":\"ImageObject\",\"inLanguage\":\"ca\",\"@id\":\"https:\/\/psicoclinicabarcelona.com\/#\/schema\/logo\/image\/\",\"url\":\"https:\/\/psicoclinicabarcelona.com\/wp-content\/uploads\/2015\/04\/psicologos-barcelona.png\",\"contentUrl\":\"https:\/\/psicoclinicabarcelona.com\/wp-content\/uploads\/2015\/04\/psicologos-barcelona.png\",\"width\":178,\"height\":62,\"caption\":\"Psicocl\u00ednica Barcelona\"},\"image\":{\"@id\":\"https:\/\/psicoclinicabarcelona.com\/#\/schema\/logo\/image\/\"},\"sameAs\":[\"https:\/\/www.facebook.com\/PsicoclinicaBarcelona\/\",\"https:\/\/x.com\/psicoclinicabcn\",\"https:\/\/www.linkedin.com\/company\/psicocl\u00ednica-barcelona\/\",\"https:\/\/www.instagram.com\/psicoclinicabarcelona\/\",\"https:\/\/www.youtube.com\/channel\/UCcc-5_wC56giASuT0XDr87Q\"]}]}<\/script>\n<!-- \/ Yoast SEO plugin. -->","yoast_head_json":{"title":"Qui Som","description":"Psicocl\u00ednica Barcelona. Qui som","robots":{"index":"index","follow":"follow","max-snippet":"max-snippet:-1","max-image-preview":"max-image-preview:large","max-video-preview":"max-video-preview:-1"},"canonical":"https:\/\/psicoclinicabarcelona.com\/ca\/qui-som\/","og_locale":"ca_ES","og_type":"article","og_title":"Qui Som","og_description":"Psicocl\u00ednica Barcelona. Qui som","og_url":"https:\/\/psicoclinicabarcelona.com\/ca\/qui-som\/","og_site_name":"Psicocl\u00ednica Barcelona","article_publisher":"https:\/\/www.facebook.com\/PsicoclinicaBarcelona\/","article_modified_time":"2024-05-16T07:14:03+00:00","og_image":[{"url":"https:\/\/psicoclinicabarcelona.com\/wp-content\/uploads\/2022\/08\/DSC_3787.webp","type":"","width":"","height":""}],"twitter_misc":{"Temps estimat de lectura":"2 minuts"},"schema":{"@context":"https:\/\/schema.org","@graph":[{"@type":"WebPage","@id":"https:\/\/psicoclinicabarcelona.com\/ca\/qui-som\/","url":"https:\/\/psicoclinicabarcelona.com\/ca\/qui-som\/","name":"Qui Som","isPartOf":{"@id":"https:\/\/psicoclinicabarcelona.com\/#website"},"primaryImageOfPage":{"@id":"https:\/\/psicoclinicabarcelona.com\/ca\/qui-som\/#primaryimage"},"image":{"@id":"https:\/\/psicoclinicabarcelona.com\/ca\/qui-som\/#primaryimage"},"thumbnailUrl":"https:\/\/psicoclinicabarcelona.com\/wp-content\/uploads\/2022\/08\/DSC_3787.webp","datePublished":"2022-11-10T14:59:50+00:00","dateModified":"2024-05-16T07:14:03+00:00","description":"Psicocl\u00ednica Barcelona. Qui som","breadcrumb":{"@id":"https:\/\/psicoclinicabarcelona.com\/ca\/qui-som\/#breadcrumb"},"inLanguage":"ca","potentialAction":[{"@type":"ReadAction","target":["https:\/\/psicoclinicabarcelona.com\/ca\/qui-som\/"]}]},{"@type":"ImageObject","inLanguage":"ca","@id":"https:\/\/psicoclinicabarcelona.com\/ca\/qui-som\/#primaryimage","url":"https:\/\/psicoclinicabarcelona.com\/wp-content\/uploads\/2022\/08\/DSC_3787.webp","contentUrl":"https:\/\/psicoclinicabarcelona.com\/wp-content\/uploads\/2022\/08\/DSC_3787.webp"},{"@type":"BreadcrumbList","@id":"https:\/\/psicoclinicabarcelona.com\/ca\/qui-som\/#breadcrumb","itemListElement":[{"@type":"ListItem","position":1,"name":"Portada","item":"https:\/\/psicoclinicabarcelona.com\/ca\/"},{"@type":"ListItem","position":2,"name":"Qui Som"}]},{"@type":"WebSite","@id":"https:\/\/psicoclinicabarcelona.com\/#website","url":"https:\/\/psicoclinicabarcelona.com\/","name":"Psicocl\u00ednica Barcelona","description":"Posiblemente el mejor psic\u00f3logo en Barcelona o la mejor psic\u00f3loga de Barcelona. Ll\u00e1manos sin compromiso al 935 414 478","publisher":{"@id":"https:\/\/psicoclinicabarcelona.com\/#organization"},"alternateName":"Psicocl\u00ednica Barcelona","potentialAction":[{"@type":"SearchAction","target":{"@type":"EntryPoint","urlTemplate":"https:\/\/psicoclinicabarcelona.com\/?s={search_term_string}"},"query-input":{"@type":"PropertyValueSpecification","valueRequired":true,"valueName":"search_term_string"}}],"inLanguage":"ca"},{"@type":"Organization","@id":"https:\/\/psicoclinicabarcelona.com\/#organization","name":"Psicocl\u00ednica Barcelona","alternateName":"Psicocl\u00ednica Barcelona","url":"https:\/\/psicoclinicabarcelona.com\/","logo":{"@type":"ImageObject","inLanguage":"ca","@id":"https:\/\/psicoclinicabarcelona.com\/#\/schema\/logo\/image\/","url":"https:\/\/psicoclinicabarcelona.com\/wp-content\/uploads\/2015\/04\/psicologos-barcelona.png","contentUrl":"https:\/\/psicoclinicabarcelona.com\/wp-content\/uploads\/2015\/04\/psicologos-barcelona.png","width":178,"height":62,"caption":"Psicocl\u00ednica Barcelona"},"image":{"@id":"https:\/\/psicoclinicabarcelona.com\/#\/schema\/logo\/image\/"},"sameAs":["https:\/\/www.facebook.com\/PsicoclinicaBarcelona\/","https:\/\/x.com\/psicoclinicabcn","https:\/\/www.linkedin.com\/company\/psicocl\u00ednica-barcelona\/","https:\/\/www.instagram.com\/psicoclinicabarcelona\/","https:\/\/www.youtube.com\/channel\/UCcc-5_wC56giASuT0XDr87Q"]}]}},"_links":{"self":[{"href":"https:\/\/psicoclinicabarcelona.com\/ca\/wp-json\/wp\/v2\/pages\/6086"}],"collection":[{"href":"https:\/\/psicoclinicabarcelona.com\/ca\/wp-json\/wp\/v2\/pages"}],"about":[{"href":"https:\/\/psicoclinicabarcelona.com\/ca\/wp-json\/wp\/v2\/types\/page"}],"author":[{"embeddable":true,"href":"https:\/\/psicoclinicabarcelona.com\/ca\/wp-json\/wp\/v2\/users\/5"}],"replies":[{"embeddable":true,"href":"https:\/\/psicoclinicabarcelona.com\/ca\/wp-json\/wp\/v2\/comments?post=6086"}],"version-history":[{"count":6,"href":"https:\/\/psicoclinicabarcelona.com\/ca\/wp-json\/wp\/v2\/pages\/6086\/revisions"}],"predecessor-version":[{"id":6923,"href":"https:\/\/psicoclinicabarcelona.com\/ca\/wp-json\/wp\/v2\/pages\/6086\/revisions\/6923"}],"wp:attachment":[{"href":"https:\/\/psicoclinicabarcelona.com\/ca\/wp-json\/wp\/v2\/media?parent=6086"}],"curies":[{"name":"wp","href":"https:\/\/api.w.org\/{rel}","templated":true}]}}