{"id":6128,"date":"2015-11-19T12:36:34","date_gmt":"2015-11-19T12:36:34","guid":{"rendered":"https:\/\/psicoclinicabarcelona.com\/sindrome-de-asperger\/"},"modified":"2023-05-02T13:13:17","modified_gmt":"2023-05-02T11:13:17","slug":"sindrome-de-asperger","status":"publish","type":"page","link":"https:\/\/psicoclinicabarcelona.com\/ca\/sindrome-de-asperger\/","title":{"rendered":"S\u00edndrome d&#8217;Asperger"},"content":{"rendered":"[vc_row][vc_column width=&#8221;1\/2&#8243;][vc_column_text]La S\u00edndrome d&#8217;Asperger va ser descrita per primera vegada el 1944 pel pediatre austr\u00edac Hans Asperger i, ja a la d\u00e8cada dels 80, per la psiquiatre brit\u00e0nica Lorna Wing, que va revisar el treball d&#8217;H. Asperger.<\/p>\n<p><strong>Segons l&#8217;OMS, es tracta d&#8217;un trastorn sever del desenvolupament infantil<\/strong>, estretament relacionat amb <a href=\"https:\/\/psicoclinicabarcelona.com\/ca\/psicoleg-tea-barcelona\/\">l&#8217;autisme<\/a>. Juntament amb el trastorn autista, la S\u00edndrome de Rett i la S\u00edndrome desintegrativa de la inf\u00e0ncia, forma part de l&#8217;entitat diagn\u00f2stica recollida al DSM-IV com a <strong>Trastorn Generalitzat del Desenvolupament<\/strong> (TGD). Alguns autors consideren m\u00e9s adequat situar-lo a la franja superior de l&#8217;espectre autista (autisme d&#8217;alt funcionament).<\/p>\n<p>Hi ha diferents graus de severitat i molta variabilitat quant a l&#8217;expressi\u00f3 simptom\u00e0tica i conductual, aspecte que en dificulta el diagn\u00f2stic (en aquest sentit afecten moltes variables: edat cronol\u00f2gica, etapa del desenvolupament, CI, personalitat, educaci\u00f3 rebuda\u2026). Sovint el diagn\u00f2stic es fa de forma tardana i s\u00f3n freq\u00fcents els errors diagn\u00f2stics per l&#8217;encavalcament amb altres trastorns cl\u00ednics (superdotaci\u00f3, TDA i\/o trastorn hipercin\u00e8tic, trastorn de la personalitat esquizoide, trastorn sem\u00e0ntico-pragm\u00e0tic del llenguatge, trastorn de l&#8217;aprenentatge no verbal o de l&#8217;hemisferi cerebral dret.[\/vc_column_text][\/vc_column][vc_column width=&#8221;1\/2&#8243;][vc_column_text]<iframe title=\"YouTube video player\" src=\"https:\/\/www.youtube.com\/embed\/i6-9-lO4sYc\" width=\"560\" height=\"315\" frameborder=\"0\" allowfullscreen=\"allowfullscreen\"><\/iframe>[\/vc_column_text][\/vc_column][vc_column][vc_column_text]Trastorn de la Tourette,\u00a0<a href=\"https:\/\/psicoclinicabarcelona.com\/ca\/psicolegs-tractament-depressio-barcelona\/\">trastorn depressiu<\/a>\u00a0i d&#8217;ansietat social,\u00a0<a href=\"https:\/\/psicoclinicabarcelona.com\/ca\/trastorn-obsessiu-compulsiu\/\">TOC<\/a>, esquizofr\u00e8nia). El fet que en la majoria dels casos la seva intel\u00b7lig\u00e8ncia sigui normal o superior fa que, malgrat les seves rareses, puguin passar desapercebuts i fins i tot ser considerats nens massa llestos. <strong>Entre les seves capacitats d&#8217;estaquen l&#8217;inter\u00e8s i el coneixement per alguns temes, la facilitat per als aprenentatges i la flu\u00efdesa del seu llenguatge<\/strong>.<\/p>\n<p>En aquest punt, els nens\u00a0<strong>amb S\u00edndrome d&#8217;Asperger i els superdotats tenen una s\u00e8rie de semblances<\/strong>: gran flu\u00efdesa verbal des d&#8217;edats primerenques, molt inter\u00e8s pels n\u00fameros, gran mem\u00f2ria, inter\u00e8s per un tema concret, en fan moltes preguntes, molt sensibles a est\u00edmuls sensorials i extraordin\u00e0ria habilitat en \u00e0rees espec\u00edfiques. De la mateixa manera, <strong>els nens superdotats es diferencien dels que tenen s\u00edndrome d&#8217;Asperger<\/strong> en qu\u00e8 el llenguatge del primer \u00e9s ric per\u00f2 normal, s&#8217;adapten als canvis, entenen les ironies i tenen respostes emocionals, mentre que el del segon pot resultar pedant, tenen baixa toler\u00e0ncia als canvis, es prenen les ironies en sentit literal i semblen sense emocions.<\/p>\n<p>Hi ha una prevalen\u00e7a de + -36 per 10.000. La proporci\u00f3 d&#8217;homes-dones sembla que oscil\u00b7la entre 2-4 nens per una nena (quan es defineixin m\u00e9s les caracter\u00edstiques que presenten les dones, potser canviar\u00e0 aquesta proporci\u00f3).<\/p>\n<p>Algunes de les dificultats que pateixen les persones amb una S\u00edndrome d&#8217;Asperger s\u00f3n les seg\u00fcents:<\/p>\n<p><strong>D\u00e8ficit en la comunicaci\u00f3 no verbal:<\/strong> Esc\u00e0s contacte visual; Poc respecte de l&#8217;espai interpersonal; Dificultat per al reconeixement de cares i en el reconeixement de les expressions facials relacionades amb emocions complexes. D\u00e8ficit en la formaci\u00f3 d&#8217;amistats i d\u00e8ficit socioemocional. Alteracions de les conductes de compartir i trastorn de la reciprocitat social o emocional.<\/p>\n<p><strong>Rigidesa en el compliment de normes expl\u00edcites<\/strong>\u00a0(ex. Sem\u00e0for vermell, o b\u00e9 delatar un company encara que socialment no sigui correcte) i dificultats per comprendre i utilitzar normes socials impl\u00edcites (ex. Que no es pot interrompre quan alg\u00fa parla); Manca d&#8217;empatia (dificultats per interpretar l&#8217;estat d&#8217;\u00e0nim o les intencions de les persones que l&#8217;envolten no diferencien una empenta provocada per la r\u00e0bia d&#8217;un fet sense voler); T\u00e9 sentiments i pot ser afectu\u00f3s, per\u00f2 la forma amb qu\u00e8 els expressa o interpreta s\u00f3n diferents (sent i expressa emocions b\u00e0siques -Alegria si les seves necessitats i desitjos s\u00f3n satisfets, anir\u00e0 si s\u00f3n frustrats, per si sent amena\u00e7ada, per\u00f2 presenta greus dificultats de comprensi\u00f3 davant les emocions socials complexes (enveja, culpa, vergonya); Dificultats per mentir i\/o comprendre un engany (apr\u00e8n a dir mentides no \u00e9s correcte, per\u00f2 no pot entendre una \u201cmentida pietosa\u201d); Pres\u00e8ncia de rebequeries (com a resposta a ansietat, rigidesa o incomprensi\u00f3 de la situaci\u00f3); Tend\u00e8ncia a monopolitzar converses (li costa establir di\u00e0leg, escoltar i entendre que pot avorrir el seu interlocutor); Desitjo tenir amics, per\u00f2 incapacitat per modificar sense ajuda les caracter\u00edstiques i actituds que li impedeixen aconseguir-ho.<\/p>\n<p><strong>A tenir en compte:<\/strong> Es pot convertir en una v\u00edctima f\u00e0cil d&#8217;enganys, bromes i burles dels altres companys (cal estar atents i, si escau, d&#8217;acord amb ell i amb els seus pares, parlar-ho amb companys, ja que la seva col\u00b7laboraci\u00f3 pot ser \u00fatil, tamb\u00e9 ajudar el noi a comunicar possibles incid\u00e8ncies). A m\u00e9s, si el diagn\u00f2stic \u00e9s clar, cal ensenyar al jove a prendre consci\u00e8ncia de les seves difer\u00e8ncies respecte a altres joves de la seva edat i del rebuig social que hi pot haver per part del seu grup social (alguns desenvolupen estats depressius i d&#8217;ansietat cr\u00f2nica, i aquests poden millorar despr\u00e9s de con\u00e8ixer el diagn\u00f2stic). Cal ensenyar-li les normes b\u00e0siques de relaci\u00f3 (explicar-lo i exercitar, per exemple, a partir de jocs de canvi de rol, etc.). Si es parla de pel\u00b7l\u00edcules o hist\u00f2ries, introduir sensacions i sentiments. Cal anticipar i advertir sobre canvis (ex. D&#8217;ubicaci\u00f3 de materials). Davant disruptives i rebequeries, cal intentar analitzar la situaci\u00f3 i saber-ne la causa abans d&#8217;esbroncar-lo (podria ser la resposta a una situaci\u00f3 que no compr\u00e8n); en aquest sentit, conv\u00e9 analitzar conjuntament les causes i oferir estrat\u00e8gies (ex. demanar ajuda). Cal donar-li informaci\u00f3 expl\u00edcita sobre comportaments adequats i incorrectes en relaci\u00f3 amb el context (\u00fas de llistes de regles i convencions socials, per escrit, i seguiment per avaluar-ne el compliment).<\/p>\n<p>&nbsp;<\/p>\n<h2>Psic\u00f2leg Asperger Barcelona<\/h2>\n<p>A Psicocl\u00ednica Barcelona portem <strong>m\u00e9s de 10 anys de treball de recerca<\/strong> en diferents camps de la psicologia i la psicoter\u00e0pia amb l&#8217;objectiu de millorar la qualitat de vida de milers de persones. I \u00e9s que el nostre comprom\u00eds i dedicaci\u00f3 amb les persones que pateixen aquest tipus de trastorns \u00e9s total, fent-los arribar tota la informaci\u00f3 sobre <strong>com tractar la S\u00edndrome d&#8217;Asperger<\/strong>. Per aix\u00f2, comptem amb els millors\u00a0<strong>psic\u00f2legs a Barcelona<\/strong>\u00a0treballant amb nosaltres, i que al llarg de tot aquest temps han aconseguit desenvolupar i implementar tota mena de tractaments amb alt percentatge d&#8217;\u00e8xit.<\/p>\n<p>Afortunadament, actualment podem dir que existeix <strong>tractament psicol\u00f2gic per a la s\u00edndrome d&#8217;Asperger<\/strong>. No obstant aix\u00f2, \u00e9s fonamental realitzar una an\u00e0lisi pr\u00e8via de la situaci\u00f3 en qu\u00e8 es troba el pacient, de cara a aportar una <strong>ter\u00e0pia correcta per a la S\u00edndrome d&#8217;Asperger<\/strong>. \u00c9s per aix\u00f2 que, a Psicocl\u00ednica Barcelona, us donarem una\u00a0<strong>atenci\u00f3 totalment individualitzada<\/strong>, ja que aix\u00f2 \u00e9s un punt clau de cara a triar el cam\u00ed a prosseguir en el futur amb el pacient.<\/p>\n<p>En el cas que voleu obtenir m\u00e9s informaci\u00f3 sobre la S\u00edndrome d&#8217;Asperger, no dubteu a contactar amb nosaltres. Dipositeu la vostra confian\u00e7a en les mans expertes de la millor cl\u00ednica de <strong>\u00a0psicoter\u00e0pia a Barcelona<\/strong>.<\/p>\n<p>&nbsp;<\/p>\n<h3>Caracter\u00edstiques del llenguatge:<\/h3>\n<ul>\n<li>Alteracions de les habilitats pragm\u00e0tiques i la comunicaci\u00f3 social.<\/li>\n<li>Abs\u00e8ncia \u00e9s un retard general del llenguatge durant els tres primers anys de vida.<\/li>\n<li>R\u00e0pida evoluci\u00f3 del llenguatge i del vocabulari ja des de petits (comprenen b\u00e9 les paraules per\u00f2 els pot costar comprendre algunes frases); S\u00f3n aclaparadors en els temes del seu inter\u00e8s (no tenen mesura); Llenguatge sofisticat, per sobre de l&#8217;edat i una mica pedant; a m\u00e9s utilitza un to inadequat (de molt alt a molt baix) i una melodia inadequada, uniforme, sense inflexions de veu -a menys que imiti altres persones-; Tendeixen a la interpretaci\u00f3 literal (no entenen met\u00e0fores, bromes, expressions \u2013 \u201cestic mort\u201d, \u201ctorno en 5 minuts\u201d); Els costa escoltar i respectar els torns de paraula i acci\u00f3; Poden tendir l&#8217;ecol\u00e0lia en moments d&#8217;estr\u00e8s, en espais de temps no estructurats o sobrecarregats d&#8217;est\u00edmuls (llums, sorolls); Tenen una interpretaci\u00f3 escassa i utilitzaci\u00f3 del llenguatge no verbal (cara o cos inexpressius, dificultat per interpretar gestos i expressions dels altres i atorgar-los el sentit o l&#8217;estat d&#8217;\u00e0nim que representen) i aix\u00f2 pot dificultar la comprensi\u00f3 global d&#8217;una conversa; poden utilitzar neologismes (paraules inventades) o incorporar al seu discurs la verbalitzaci\u00f3 del que estan pensant.<\/li>\n<\/ul>\n<p>&nbsp;<\/p>\n<h3>Trastorn de la flexibilitat comportamental i mental:<\/h3>\n<ul>\n<li>Preocupaci\u00f3 absorbent per un focus d&#8217;inter\u00e8s o nombre restringit d&#8217;activitats: Inter\u00e8s per acumular dades informatives sobre temes espec\u00edfics; Imposici\u00f3 dels seus interessos als altres a trav\u00e9s de la interacci\u00f3 social. S&#8217;han donat casos de conductes delectives (ex. Voler llegir un llibre d&#8217;hist\u00f2ria valu\u00f3s que \u00e9s a la vitrina d&#8217;un museu, robar un m\u00f2bil per afegir-lo a la seva col\u00b7lecci\u00f3\u2026).<\/li>\n<li>Adhesi\u00f3 inflexible a rutines i rituals.<\/li>\n<li>Estereot\u00edpies motores repetitives. Poc freq\u00fcents. Es poden donar en situacions de nerviosisme o estr\u00e8s (moviments d&#8217;ulls o mans, ganyotes, salts).<\/li>\n<li>Preocupaci\u00f3 per parts dels objectes. Menys freq\u00fcent.<\/li>\n<li>Baixa toler\u00e0ncia a la frustraci\u00f3 (accepten mal fracassos i cr\u00edtiques).<\/li>\n<li>Resist\u00e8ncia als canvis (ex. d&#8217;una activitat que els agrada a una altra que haurien d&#8217;estar fent); acceptaran millor un canvi explicat i raonat que no pas imposat.<\/li>\n<\/ul>\n<p>&nbsp;<\/p>\n<h3>Perfil cognitiu:<\/h3>\n<ul>\n<li>C.I. normal o superior, en pocs casos inferior (generalment el verbal \u00e9s superior al manipulatiu); Dificultats a la percepci\u00f3 global a favor de la percepci\u00f3 de detalls; Mem\u00f2ria mec\u00e0nica i fotogr\u00e0fica molt desenvolupada (poden tendir a la repetici\u00f3 literal de fragments de pel\u00b7l\u00edcules, frases d&#8217;adults, aprendre p\u00e0gines senceres de llibres\u2026, per\u00f2 els costa donar sentit al memoritzat); Pensament visual (en forma d&#8217;imatges); Dificultats per sintetitzar continguts (els costa explicar un contingut amb altres paraules o descobrir els aspectes nuclears o la globalitat de la hist\u00f2ria, i es poden quedar en detalls o aspectes secundaris); Dificultats per comprendre aspectes senzills i quotidians; Dificultats per generalitzar normes i aprenentatges en altres situacions, encara que amb la pr\u00e0ctica milloren; Funcions executives disminu\u00efdes (dificultats per planificar, organitzar, representar-se mentalment tasques i objectius, ser flexible, autorregular-se, inhibir-se); Dificultats per a l&#8217;abstracci\u00f3; tamb\u00e9 per a l&#8217;aritm\u00e8tica (reconeixen b\u00e9 els n\u00fameros i aprenen operacions senzilles amb suport visual, per\u00f2 tenen dificultats quan intervenen conceptes abstractes); Dificultats amb els aspectes espacials i perceptius, tamb\u00e9 de construcci\u00f3; Diferents capacitats per a la lectura, encara que \u00e9s com\u00fa que aquesta es converteixi en una obsessi\u00f3; Manca de motivaci\u00f3 i d&#8217;atenci\u00f3, excepte per a temes del vostre inter\u00e8s (atenci\u00f3 selectiva); un soroll o un canvi de rutina o la incomprensi\u00f3 del que est\u00e0 passant els pot generar ansietat i distracci\u00f3; Tend\u00e8ncia a l&#8217;autosufici\u00e8ncia (no pregunten, encara que no entenguin, ni demanen ajuda en cas de necessitat).<\/li>\n<li><strong>A tenir en compte:<\/strong> \u00c9s possible una aparent manca d&#8217;atenci\u00f3 per no mirar el mestre per\u00f2 en canvi s\u00ed estar escoltant l&#8217;explicaci\u00f3 (\u00e9s recomanable dirigir-lo de tant en tant alguna pregunta directa per comprovar si escolta ). Cal assegurar-se que heu compr\u00e8s les instruccions o les tasques de la classe que us han estat encomanades. Cal ajudar-lo a interpretar all\u00f2 que ha memoritzat. Si presenteu d\u00e8ficit d&#8217;atenci\u00f3, conv\u00e9 donar-vos les tasques fraccionades i no totes alhora, animar-vos, no imposar-vos temps de treball massa llargs, situeu-lo a prop del mestre.<\/li>\n<li>Necessitareu ajuda per organitzar-se i planificar-se (acumula coses que ha de fer per\u00f2 no sap establir prioritats, ni ordenar adequadament); \u00e9s convenient donar-li el m\u00e0xim nombre de recordatoris o instruccions escrites i verbals. Podeu passar d&#8217;un tema a un altre i els pensaments tamb\u00e9 estan desordenats; pot ser \u00fatil l\u00fas de llapis i paper per ajudar a reubicar i posar ordre en el seu relat. Cal ajudar-lo a organitzar el seu temps lliure i activitats. Es necessiten estrat\u00e8gies per ajudar-vos a recordar (si heu de fer deures, portar un material, tornar un llibre) com l&#8217;\u00fas d&#8217;anotacions a l&#8217;agenda escolar i treballar l&#8217;h\u00e0bit de mirar-la, aprofitant la seva rigidesa \u2013 si agafa la rutina quedar\u00e0 totalment instaurada- . Altres estrat\u00e8gies s\u00f3n incrementar el grau destructura de lambient extern i establir rutines constructives. En situacions d&#8217;estr\u00e8s es pot rec\u00f3rrer a fer servir una activitat que els agrada per calmar-los; tamb\u00e9 com a est\u00edmul davant de situacions o activitats que els costen. En cas que la lectura es converteixi en una obsessi\u00f3, no \u00e9s recomanable animar-lo a llegir tot el que veu, i s\u00ed anar introduint sentit al que llegeix; en moments d&#8217;ansietat, la passi\u00f3 per la lectura es pot utilitzar com a element tranquil\u00b7litzador; tamb\u00e9 ho pot ajudar a omplir el buit per no tenir amics. Si us costa la lectura, es poden utilitzar lectures relacionades amb els vostres interessos (per incrementar-ne la motivaci\u00f3). En aquest sentit, cal con\u00e8ixer situacions i actituds que puguin afavorir-ne la motivaci\u00f3. Quan sigui necessari, conv\u00e9 desglossar un concepte global en petites seq\u00fc\u00e8ncies per afavorir-ne la comprensi\u00f3. Li \u00e9s de suport el fet de materialitzar amb suport visual els conceptes abstractes. Quan s&#8217;hagin de fer correccions, cal explicitar el perqu\u00e8 per evitar l&#8217;ansietat.<\/li>\n<\/ul>\n<p>&nbsp;<\/p>\n<h3>Caracter\u00edstiques f\u00edsiques i desenvolupament motor:<\/h3>\n<ul>\n<li>Aparen\u00e7a f\u00edsica normal; Generalment retard a les adquisicions motrius i de la marxa aut\u00f2noma; Motriument pesat (despesa en l&#8217;execuci\u00f3 de moviments -pat\u00f3s en c\u00f3rrer i saltar-se, dificultats de coordinaci\u00f3); Poden tenir dificultats dequilibri i de propicepci\u00f3; La manipulaci\u00f3 fina tamb\u00e9 pot estar afectada i poden tenir poca for\u00e7a a les mans; Poden tenir problemes d&#8217;escriptura (implica habilitats ling\u00fc\u00edstiques, perceptives i motores); Resist\u00e8ncia a participar en jocs que impliquen activitat f\u00edsica; Persist\u00e8ncia dels problemes psicomotors a l&#8217;adolesc\u00e8ncia; En alguns casos es fatigabilitat.<\/li>\n<li><strong>A tenir en compte<\/strong>: No solen tenir gaires estereot\u00edpies i, si n&#8217;hi ha, no sempre \u00e9s efectiu ni recomanable intentar suprimir-les (cal veure causes \u2013 us pot ajudar a calmar l&#8217;ansietat, pot ser una resposta a situacions estimulants i divertides o b\u00e9 a l&#8217;avorriment; Si el perjudiquen social i acad\u00e8mica, introduir-hi un element de distracci\u00f3 atractiu, intentar espaiar-les o eliminar-les; De vegades hi ha alguna substituci\u00f3 de moviments repetitius. Si el problema d&#8217;escriptura \u00e9s sever i es resisteix a la intervenci\u00f3 tradicional, es recomana utilitzar ordinadors personals.<\/li>\n<li>La fatigabilitat pot ser deguda a l&#8217;exposici\u00f3 a est\u00edmuls desproporcionats per ells o al fet d&#8217;estar immersos durant massa temps en situacions de relaci\u00f3 social. En aquests casos, si s&#8217;observa massa ansietat o cansament, hauria de respectar uns moments d&#8217;a\u00efllament o estar sols amb el professor per evitar que aquest malestar intern desemboqui en conductes disruptives.<\/li>\n<li>Les dificultats motores i el possible rebuig al contacte f\u00edsic poden convertir la gimn\u00e0stica i l&#8217;esport en situacions estressants i caldria valorar el nivell d&#8217;exig\u00e8ncia en aquestes classes o intentar que les facin en petits grups (quan sigui el moment, aconsellar-los esports individuals).<\/li>\n<\/ul>\n<p>&nbsp;<\/p>\n<h3>Caracter\u00edstiques del joc:<\/h3>\n<ul>\n<li>Prefereixen el joc concret, solitari i repetitiu; Els costa acceptar el joc imposat, per\u00f2 tenen capacitat per jugar si ells imposen el tipus de joc i les regles; Tenen dificultats per participar en jocs d&#8217;equip (els costa entendre les normes no escrites i els objectius del joc -futbol-, ia m\u00e9s els costa \u201cllegir\u201d les intencions dels altres, observar el llenguatge corporal; els costa respectar torns, negociar; Tenen dificultats per al joc simb\u00f2lic a causa de la incapacitat per atribuir sentiments, desitjos i intencions als altres; Poden ser h\u00e0bils en jocs inform\u00e0tics; Els costa molt organitzar-se en espais de temps no estructurats (esbarjo, temps lliure).<\/li>\n<\/ul>\n<p>&nbsp;<\/p>\n<h3>Caracter\u00edstiques sensorials:<\/h3>\n<ul>\n<li>Hipersensibilitat i agudesa auditiva (poca toler\u00e0ncia a sorolls inesperats o sostinguts o m\u00faltiples, ja que s\u00f3n font d&#8217;ansietat que poden portar-lo a desconnectar distraient amb una altra cosa o b\u00e9 a un canvi d&#8217;humor o una rebequeria); Sensibilitat t\u00e0ctil (pot mostrar rebuig a tocar o que li toquin certes parts del cos, a fer o que li facin petons o abra\u00e7ades, a acceptar textures); Sensibilitat olfactiva, tamb\u00e9 gustativa; Poden tenir poca resposta al dolor i excessiva sensibilitat a determinats nivells de llum o color.<\/li>\n<li>A tenir en compte: En situacions especials (celebracions, festes\u2026) cal anticipar-vos que hi haur\u00e0 soroll, desordre\u2026, i pot ser \u00fatil mostrar-vos fotos o v\u00eddeos i donar-vos l&#8217;opci\u00f3 a retirar-vos si la situaci\u00f3 us resulta insuportable. Si reacciona amb ansietat en alguns materials, cal intentar que es familiaritzi gradualment, encara que potser algun haur\u00e0 de suprimir. Compte amb cops o caigudes, ja que podria no queixar-se i tenir alguna lesi\u00f3. Solen ser molt selectius amb el menjar (gustos, textures, colors). Si el repertori \u00e9s massa redu\u00eft, aix\u00f2 es pot limitar a la seva vida social.<\/li>\n<\/ul>\n<p>&nbsp;<\/p>\n<h3>Adolesc\u00e8ncia:<\/h3>\n<ul>\n<li>Desig creixent per incrementar la seva independ\u00e8ncia i autonomia. Caldria treballar regles de comportament adaptades a l&#8217;edat, habilitats d&#8217;autonomia i estrat\u00e8gies de recerca o demanda d&#8217;ajuda.<\/li>\n<li>Inter\u00e8s per les relacions \u00edntimes i sexuals. Necessitat introduir l&#8217;educaci\u00f3 sexoafectiva.<\/li>\n<li>Establiment de l&#8217;autoconcepte o desenvolupament de la identitat. En funci\u00f3 del grau de consci\u00e8ncia de la seva difer\u00e8ncia i de les seves dificultats, cal abordar el tema d&#8217;una manera o d&#8217;una altra (acompanyament referent al diagn\u00f2stic ia les implicacions derivades, diferenciaci\u00f3 fantasia-realitat, IVA\u2026)<\/li>\n<\/ul>\n<p>&nbsp;<\/p>\n<h3>Tractament farmacol\u00f2gic:<\/h3>\n<p>No \u00e9s espec\u00edfic per a la SA, s\u00ed per als s\u00edmptomes associats (depressi\u00f3, ansietat generalitzada, TOC, alteracions greus de conducta)[\/vc_column_text][\/vc_column][\/vc_row][vc_row css=&#8221;.vc_custom_1658071592160{margin-top: 30px !important;}&#8221;][vc_column][vc_column_text]\n<h2 style=\"color: #008aad;\">Vol demanar cita?<\/h2>\n<p>Us informem que tamb\u00e9 podeu fer consultes des del nostre lloc web. Si ho desitja, tamb\u00e9 pot sol\u00b7licitar una consulta online. Podeu sol\u00b7licitar la vostra cita ara, ser\u00e0 at\u00e8s personalment per un psic\u00f2leg o psic\u00f2loga Barcelona des de la primera trucada. En aquesta primera trucada us informarem del que necessiteu saber i si ho desitgeu us oferirem una cita el m\u00e9s aviat possible.[\/vc_column_text][\/vc_column][\/vc_row][vc_row css=&#8221;.vc_custom_1658069749947{margin-top: 40px !important;margin-bottom: 30px !important;}&#8221;][vc_column width=&#8221;1\/2&#8243;][vc_column_text el_class=&#8221;sombra&#8221;]<a href=\"\/mila-herrera\/\"><img decoding=\"async\" class=\"aligncenter wp-image-5589 size-full\" src=\"https:\/\/psicoclinicabarcelona.com\/wp-content\/uploads\/2022\/07\/mila-ficha.webp\" alt=\"fiche mila\" width=\"1400\" height=\"500\" srcset=\"https:\/\/psicoclinicabarcelona.com\/wp-content\/uploads\/2022\/07\/mila-ficha.webp 1400w, https:\/\/psicoclinicabarcelona.com\/wp-content\/uploads\/2022\/07\/mila-ficha-300x107.webp 300w, https:\/\/psicoclinicabarcelona.com\/wp-content\/uploads\/2022\/07\/mila-ficha-1024x366.webp 1024w, https:\/\/psicoclinicabarcelona.com\/wp-content\/uploads\/2022\/07\/mila-ficha-768x274.webp 768w, https:\/\/psicoclinicabarcelona.com\/wp-content\/uploads\/2022\/07\/mila-ficha-600x214.webp 600w\" sizes=\"(max-width: 1400px) 100vw, 1400px\" \/><\/a>[\/vc_column_text][\/vc_column][vc_column width=&#8221;1\/2&#8243;][vc_column_text el_class=&#8221;sombra&#8221;]<a href=\"\/sergi-vilardell\/\"><img decoding=\"async\" class=\"aligncenter wp-image-5592 size-full\" src=\"https:\/\/psicoclinicabarcelona.com\/wp-content\/uploads\/2022\/07\/ficha-Sergi.webp\" alt=\"ficha Sergi\" width=\"1400\" height=\"500\" srcset=\"https:\/\/psicoclinicabarcelona.com\/wp-content\/uploads\/2022\/07\/ficha-Sergi.webp 1400w, https:\/\/psicoclinicabarcelona.com\/wp-content\/uploads\/2022\/07\/ficha-Sergi-300x107.webp 300w, https:\/\/psicoclinicabarcelona.com\/wp-content\/uploads\/2022\/07\/ficha-Sergi-1024x366.webp 1024w, https:\/\/psicoclinicabarcelona.com\/wp-content\/uploads\/2022\/07\/ficha-Sergi-768x274.webp 768w, https:\/\/psicoclinicabarcelona.com\/wp-content\/uploads\/2022\/07\/ficha-Sergi-600x214.webp 600w\" sizes=\"(max-width: 1400px) 100vw, 1400px\" \/><\/a>[\/vc_column_text][\/vc_column][\/vc_row]\n","protected":false},"excerpt":{"rendered":"<p>[vc_row][vc_column width=&#8221;1\/2&#8243;][vc_column_text]La S\u00edndrome d&#8217;Asperger va ser descrita per primera vegada el 1944 pel pediatre austr\u00edac Hans Asperger i, ja a la d\u00e8cada dels 80, per la psiquiatre brit\u00e0nica Lorna Wing, que va revisar el treball d&#8217;H. Asperger. Segons l&#8217;OMS, es tracta d&#8217;un trastorn sever del desenvolupament infantil, estretament relacionat amb l&#8217;autisme. Juntament amb el trastorn&hellip;<\/p>\n","protected":false},"author":2,"featured_media":1838,"parent":0,"menu_order":0,"comment_status":"closed","ping_status":"closed","template":"","meta":{"footnotes":""},"class_list":["post-6128","page","type-page","status-publish","has-post-thumbnail","hentry","entry","has-media"],"yoast_head":"<!-- This site is optimized with the Yoast SEO plugin v24.6 - https:\/\/yoast.com\/wordpress\/plugins\/seo\/ -->\n<title>Psicolegs Sindrome d&#039;Asperger Barcelona<\/title>\n<meta name=\"description\" content=\"PSICOCL\u00cdNICA BARCELONA. Psic\u00f2legs infantils. Ter\u00e0pia i tractament psicol\u00f2gic de la S\u00edndrome d&#039;Asperger a Barcelona.\" \/>\n<meta name=\"robots\" content=\"index, follow, max-snippet:-1, max-image-preview:large, max-video-preview:-1\" \/>\n<link rel=\"canonical\" href=\"https:\/\/psicoclinicabarcelona.com\/ca\/sindrome-de-asperger\/\" \/>\n<meta property=\"og:locale\" content=\"ca_ES\" \/>\n<meta property=\"og:type\" content=\"article\" \/>\n<meta property=\"og:title\" content=\"Psicolegs Sindrome d&#039;Asperger Barcelona\" \/>\n<meta property=\"og:description\" content=\"PSICOCL\u00cdNICA BARCELONA. Psic\u00f2legs infantils. Ter\u00e0pia i tractament psicol\u00f2gic de la S\u00edndrome d&#039;Asperger a Barcelona.\" \/>\n<meta property=\"og:url\" content=\"https:\/\/psicoclinicabarcelona.com\/ca\/sindrome-de-asperger\/\" \/>\n<meta property=\"og:site_name\" content=\"Psicocl\u00ednica Barcelona\" \/>\n<meta property=\"article:publisher\" content=\"https:\/\/www.facebook.com\/PsicoclinicaBarcelona\/\" \/>\n<meta property=\"article:modified_time\" content=\"2023-05-02T11:13:17+00:00\" \/>\n<meta property=\"og:image\" content=\"https:\/\/psicoclinicabarcelona.com\/wp-content\/uploads\/2022\/07\/mila-ficha.webp\" \/>\n<meta name=\"twitter:label1\" content=\"Temps estimat de lectura\" \/>\n\t<meta name=\"twitter:data1\" content=\"14 minuts\" \/>\n<script type=\"application\/ld+json\" class=\"yoast-schema-graph\">{\"@context\":\"https:\/\/schema.org\",\"@graph\":[{\"@type\":\"WebPage\",\"@id\":\"https:\/\/psicoclinicabarcelona.com\/ca\/sindrome-de-asperger\/\",\"url\":\"https:\/\/psicoclinicabarcelona.com\/ca\/sindrome-de-asperger\/\",\"name\":\"Psicolegs Sindrome d'Asperger Barcelona\",\"isPartOf\":{\"@id\":\"https:\/\/psicoclinicabarcelona.com\/#website\"},\"primaryImageOfPage\":{\"@id\":\"https:\/\/psicoclinicabarcelona.com\/ca\/sindrome-de-asperger\/#primaryimage\"},\"image\":{\"@id\":\"https:\/\/psicoclinicabarcelona.com\/ca\/sindrome-de-asperger\/#primaryimage\"},\"thumbnailUrl\":\"https:\/\/psicoclinicabarcelona.com\/wp-content\/uploads\/2015\/11\/baby-17366_1920.jpg\",\"datePublished\":\"2015-11-19T12:36:34+00:00\",\"dateModified\":\"2023-05-02T11:13:17+00:00\",\"description\":\"PSICOCL\u00cdNICA BARCELONA. Psic\u00f2legs infantils. Ter\u00e0pia i tractament psicol\u00f2gic de la S\u00edndrome d'Asperger a Barcelona.\",\"breadcrumb\":{\"@id\":\"https:\/\/psicoclinicabarcelona.com\/ca\/sindrome-de-asperger\/#breadcrumb\"},\"inLanguage\":\"ca\",\"potentialAction\":[{\"@type\":\"ReadAction\",\"target\":[\"https:\/\/psicoclinicabarcelona.com\/ca\/sindrome-de-asperger\/\"]}]},{\"@type\":\"ImageObject\",\"inLanguage\":\"ca\",\"@id\":\"https:\/\/psicoclinicabarcelona.com\/ca\/sindrome-de-asperger\/#primaryimage\",\"url\":\"https:\/\/psicoclinicabarcelona.com\/wp-content\/uploads\/2015\/11\/baby-17366_1920.jpg\",\"contentUrl\":\"https:\/\/psicoclinicabarcelona.com\/wp-content\/uploads\/2015\/11\/baby-17366_1920.jpg\",\"width\":1920,\"height\":1280,\"caption\":\"Psicocl\u00ednica Barcelona\"},{\"@type\":\"BreadcrumbList\",\"@id\":\"https:\/\/psicoclinicabarcelona.com\/ca\/sindrome-de-asperger\/#breadcrumb\",\"itemListElement\":[{\"@type\":\"ListItem\",\"position\":1,\"name\":\"Portada\",\"item\":\"https:\/\/psicoclinicabarcelona.com\/ca\/\"},{\"@type\":\"ListItem\",\"position\":2,\"name\":\"S\u00edndrome d&#8217;Asperger\"}]},{\"@type\":\"WebSite\",\"@id\":\"https:\/\/psicoclinicabarcelona.com\/#website\",\"url\":\"https:\/\/psicoclinicabarcelona.com\/\",\"name\":\"Psicocl\u00ednica Barcelona\",\"description\":\"Posiblemente el mejor psic\u00f3logo en Barcelona o la mejor psic\u00f3loga de Barcelona. Ll\u00e1manos sin compromiso al 935 414 478\",\"publisher\":{\"@id\":\"https:\/\/psicoclinicabarcelona.com\/#organization\"},\"alternateName\":\"Psicocl\u00ednica Barcelona\",\"potentialAction\":[{\"@type\":\"SearchAction\",\"target\":{\"@type\":\"EntryPoint\",\"urlTemplate\":\"https:\/\/psicoclinicabarcelona.com\/?s={search_term_string}\"},\"query-input\":{\"@type\":\"PropertyValueSpecification\",\"valueRequired\":true,\"valueName\":\"search_term_string\"}}],\"inLanguage\":\"ca\"},{\"@type\":\"Organization\",\"@id\":\"https:\/\/psicoclinicabarcelona.com\/#organization\",\"name\":\"Psicocl\u00ednica Barcelona\",\"alternateName\":\"Psicocl\u00ednica Barcelona\",\"url\":\"https:\/\/psicoclinicabarcelona.com\/\",\"logo\":{\"@type\":\"ImageObject\",\"inLanguage\":\"ca\",\"@id\":\"https:\/\/psicoclinicabarcelona.com\/#\/schema\/logo\/image\/\",\"url\":\"https:\/\/psicoclinicabarcelona.com\/wp-content\/uploads\/2015\/04\/psicologos-barcelona.png\",\"contentUrl\":\"https:\/\/psicoclinicabarcelona.com\/wp-content\/uploads\/2015\/04\/psicologos-barcelona.png\",\"width\":178,\"height\":62,\"caption\":\"Psicocl\u00ednica Barcelona\"},\"image\":{\"@id\":\"https:\/\/psicoclinicabarcelona.com\/#\/schema\/logo\/image\/\"},\"sameAs\":[\"https:\/\/www.facebook.com\/PsicoclinicaBarcelona\/\",\"https:\/\/x.com\/psicoclinicabcn\",\"https:\/\/www.linkedin.com\/company\/psicocl\u00ednica-barcelona\/\",\"https:\/\/www.instagram.com\/psicoclinicabarcelona\/\",\"https:\/\/www.youtube.com\/channel\/UCcc-5_wC56giASuT0XDr87Q\"]}]}<\/script>\n<!-- \/ Yoast SEO plugin. -->","yoast_head_json":{"title":"Psicolegs Sindrome d'Asperger Barcelona","description":"PSICOCL\u00cdNICA BARCELONA. Psic\u00f2legs infantils. Ter\u00e0pia i tractament psicol\u00f2gic de la S\u00edndrome d'Asperger a Barcelona.","robots":{"index":"index","follow":"follow","max-snippet":"max-snippet:-1","max-image-preview":"max-image-preview:large","max-video-preview":"max-video-preview:-1"},"canonical":"https:\/\/psicoclinicabarcelona.com\/ca\/sindrome-de-asperger\/","og_locale":"ca_ES","og_type":"article","og_title":"Psicolegs Sindrome d'Asperger Barcelona","og_description":"PSICOCL\u00cdNICA BARCELONA. Psic\u00f2legs infantils. Ter\u00e0pia i tractament psicol\u00f2gic de la S\u00edndrome d'Asperger a Barcelona.","og_url":"https:\/\/psicoclinicabarcelona.com\/ca\/sindrome-de-asperger\/","og_site_name":"Psicocl\u00ednica Barcelona","article_publisher":"https:\/\/www.facebook.com\/PsicoclinicaBarcelona\/","article_modified_time":"2023-05-02T11:13:17+00:00","og_image":[{"url":"https:\/\/psicoclinicabarcelona.com\/wp-content\/uploads\/2022\/07\/mila-ficha.webp","type":"","width":"","height":""}],"twitter_misc":{"Temps estimat de lectura":"14 minuts"},"schema":{"@context":"https:\/\/schema.org","@graph":[{"@type":"WebPage","@id":"https:\/\/psicoclinicabarcelona.com\/ca\/sindrome-de-asperger\/","url":"https:\/\/psicoclinicabarcelona.com\/ca\/sindrome-de-asperger\/","name":"Psicolegs Sindrome d'Asperger Barcelona","isPartOf":{"@id":"https:\/\/psicoclinicabarcelona.com\/#website"},"primaryImageOfPage":{"@id":"https:\/\/psicoclinicabarcelona.com\/ca\/sindrome-de-asperger\/#primaryimage"},"image":{"@id":"https:\/\/psicoclinicabarcelona.com\/ca\/sindrome-de-asperger\/#primaryimage"},"thumbnailUrl":"https:\/\/psicoclinicabarcelona.com\/wp-content\/uploads\/2015\/11\/baby-17366_1920.jpg","datePublished":"2015-11-19T12:36:34+00:00","dateModified":"2023-05-02T11:13:17+00:00","description":"PSICOCL\u00cdNICA BARCELONA. Psic\u00f2legs infantils. Ter\u00e0pia i tractament psicol\u00f2gic de la S\u00edndrome d'Asperger a Barcelona.","breadcrumb":{"@id":"https:\/\/psicoclinicabarcelona.com\/ca\/sindrome-de-asperger\/#breadcrumb"},"inLanguage":"ca","potentialAction":[{"@type":"ReadAction","target":["https:\/\/psicoclinicabarcelona.com\/ca\/sindrome-de-asperger\/"]}]},{"@type":"ImageObject","inLanguage":"ca","@id":"https:\/\/psicoclinicabarcelona.com\/ca\/sindrome-de-asperger\/#primaryimage","url":"https:\/\/psicoclinicabarcelona.com\/wp-content\/uploads\/2015\/11\/baby-17366_1920.jpg","contentUrl":"https:\/\/psicoclinicabarcelona.com\/wp-content\/uploads\/2015\/11\/baby-17366_1920.jpg","width":1920,"height":1280,"caption":"Psicocl\u00ednica Barcelona"},{"@type":"BreadcrumbList","@id":"https:\/\/psicoclinicabarcelona.com\/ca\/sindrome-de-asperger\/#breadcrumb","itemListElement":[{"@type":"ListItem","position":1,"name":"Portada","item":"https:\/\/psicoclinicabarcelona.com\/ca\/"},{"@type":"ListItem","position":2,"name":"S\u00edndrome d&#8217;Asperger"}]},{"@type":"WebSite","@id":"https:\/\/psicoclinicabarcelona.com\/#website","url":"https:\/\/psicoclinicabarcelona.com\/","name":"Psicocl\u00ednica Barcelona","description":"Posiblemente el mejor psic\u00f3logo en Barcelona o la mejor psic\u00f3loga de Barcelona. Ll\u00e1manos sin compromiso al 935 414 478","publisher":{"@id":"https:\/\/psicoclinicabarcelona.com\/#organization"},"alternateName":"Psicocl\u00ednica Barcelona","potentialAction":[{"@type":"SearchAction","target":{"@type":"EntryPoint","urlTemplate":"https:\/\/psicoclinicabarcelona.com\/?s={search_term_string}"},"query-input":{"@type":"PropertyValueSpecification","valueRequired":true,"valueName":"search_term_string"}}],"inLanguage":"ca"},{"@type":"Organization","@id":"https:\/\/psicoclinicabarcelona.com\/#organization","name":"Psicocl\u00ednica Barcelona","alternateName":"Psicocl\u00ednica Barcelona","url":"https:\/\/psicoclinicabarcelona.com\/","logo":{"@type":"ImageObject","inLanguage":"ca","@id":"https:\/\/psicoclinicabarcelona.com\/#\/schema\/logo\/image\/","url":"https:\/\/psicoclinicabarcelona.com\/wp-content\/uploads\/2015\/04\/psicologos-barcelona.png","contentUrl":"https:\/\/psicoclinicabarcelona.com\/wp-content\/uploads\/2015\/04\/psicologos-barcelona.png","width":178,"height":62,"caption":"Psicocl\u00ednica Barcelona"},"image":{"@id":"https:\/\/psicoclinicabarcelona.com\/#\/schema\/logo\/image\/"},"sameAs":["https:\/\/www.facebook.com\/PsicoclinicaBarcelona\/","https:\/\/x.com\/psicoclinicabcn","https:\/\/www.linkedin.com\/company\/psicocl\u00ednica-barcelona\/","https:\/\/www.instagram.com\/psicoclinicabarcelona\/","https:\/\/www.youtube.com\/channel\/UCcc-5_wC56giASuT0XDr87Q"]}]}},"_links":{"self":[{"href":"https:\/\/psicoclinicabarcelona.com\/ca\/wp-json\/wp\/v2\/pages\/6128"}],"collection":[{"href":"https:\/\/psicoclinicabarcelona.com\/ca\/wp-json\/wp\/v2\/pages"}],"about":[{"href":"https:\/\/psicoclinicabarcelona.com\/ca\/wp-json\/wp\/v2\/types\/page"}],"author":[{"embeddable":true,"href":"https:\/\/psicoclinicabarcelona.com\/ca\/wp-json\/wp\/v2\/users\/2"}],"replies":[{"embeddable":true,"href":"https:\/\/psicoclinicabarcelona.com\/ca\/wp-json\/wp\/v2\/comments?post=6128"}],"version-history":[{"count":5,"href":"https:\/\/psicoclinicabarcelona.com\/ca\/wp-json\/wp\/v2\/pages\/6128\/revisions"}],"predecessor-version":[{"id":6473,"href":"https:\/\/psicoclinicabarcelona.com\/ca\/wp-json\/wp\/v2\/pages\/6128\/revisions\/6473"}],"wp:featuredmedia":[{"embeddable":true,"href":"https:\/\/psicoclinicabarcelona.com\/ca\/wp-json\/wp\/v2\/media\/1838"}],"wp:attachment":[{"href":"https:\/\/psicoclinicabarcelona.com\/ca\/wp-json\/wp\/v2\/media?parent=6128"}],"curies":[{"name":"wp","href":"https:\/\/api.w.org\/{rel}","templated":true}]}}