{"id":6196,"date":"2015-08-30T14:50:30","date_gmt":"2015-08-30T14:50:30","guid":{"rendered":"https:\/\/psicoclinicabarcelona.com\/trastornos-ansiosos\/"},"modified":"2023-04-27T12:24:33","modified_gmt":"2023-04-27T10:24:33","slug":"trastorns-ansiosos","status":"publish","type":"page","link":"https:\/\/psicoclinicabarcelona.com\/ca\/trastorns-ansiosos\/","title":{"rendered":"Trastorns ansiosos"},"content":{"rendered":"[vc_row][vc_column width=&#8221;1\/2&#8243;][vc_column_text]\n<div class=\"fusion-one-half one_half fusion-layout-column fusion-column spacing-yes\">\n<div class=\"fusion-column-wrapper\">\n<p><strong>L&#8217;ansietat \u00e9s una de les grans malalties del nostre temps<\/strong>. Una Societat que empeny els seus individus a la perfecci\u00f3, \u00e9s una societat que els condemna a all\u00f2 impossible i per tant a l&#8217;angoixa. L&#8217;<strong>ansietat no \u00e9s l&#8217;angoixa<\/strong>, per\u00f2 totes dues es noten al cos quan un subjecte topa amb l&#8217;impossible del seu \u00e9sser, amb aix\u00f2 que s&#8217;escapa a la possibilitat de control i que la temptativa de control no fa m\u00e9s que potenciar-ho. La lluita interior que mantenen els subjectes avui dia per aconseguir els objectius que suposadament desitgen, els porta a un\u00a0<em>aband\u00f3 de si mateixos i a una p\u00e8rdua de la identitat<\/em>.<\/p>\n<p>Portats per l&#8217;ideal i sense escoltar el propi desig, es veuen immersos en una batalla contra all\u00f2 real de la seva condici\u00f3, exposats a la insatisfacci\u00f3 que suposa la inexist\u00e8ncia d&#8217;un objecte que compleixi la seva falta.<\/p>\n<\/div>\n<\/div>\n[\/vc_column_text][\/vc_column][vc_column width=&#8221;1\/2&#8243;][vc_column_text]<iframe title=\"YouTube video player\" src=\"https:\/\/www.youtube.com\/embed\/NopeJKjy8Qo\" width=\"560\" height=\"315\" frameborder=\"0\" allowfullscreen=\"allowfullscreen\"><\/iframe>[\/vc_column_text][\/vc_column][\/vc_row][vc_row][vc_column][vc_column_text]L&#8217;ansietat\u00a0<strong>no cal prendre-la com una patologia pr\u00f2piament<\/strong>, ni tan sols com una conseq\u00fc\u00e8ncia exclusiva de la societat capitalista, sin\u00f3 que m\u00e9s aviat cal pensar-la com un signe que alguna cosa no va b\u00e9. Aquesta \u201c<em>cosa que no va b\u00e9<\/em>\u201d conv\u00e9 posar-ho a treballar a les sessions de psicoter\u00e0pia per a il\u00b7luminar el que d&#8217;entrada es presenta com a opac, per\u00f2 que <strong>pot anar agafant sentit a mesura que la ter\u00e0pia avan\u00e7a <\/strong>. No es tracta \u00fanicament d&#8217;un proc\u00e9s d&#8217;atorgar sentit al patiment, sin\u00f3 m\u00e9s aviat de trobar-hi una sortida, de poder fer-ho d&#8217;una altra manera.[\/vc_column_text][\/vc_column][\/vc_row][vc_row][vc_column width=&#8221;1\/2&#8243;][vc_column_text]\n<h2>La psicoter\u00e0pia com a alternativa<\/h2>\n<p>Moltes persones que pateixen ansietat prefereixen no prendre medicaci\u00f3 ansiol\u00edtica i <strong>opten per la psicoter\u00e0pia<\/strong> perqu\u00e8 suposa un <strong>tractament m\u00e9s real<\/strong> en la mesura que apunta a l&#8217;origen del malestar. Per tant, escullen acudir a un <a href=\"https:\/\/psicoclinicabarcelona.com\/ca\/psicoleg-ansietat-barcelona\/\">psic\u00f2leg amb ter\u00e0pia per a l&#8217;ansietat<\/a>.<\/p>\n<p>La <strong>psiquiatria<\/strong> actual maneja diversos diagn\u00f2stics per fer refer\u00e8ncia als s\u00edmptomes ansiosos. S\u00f3n els seg\u00fcents:<\/p>\n<ul>\n<li>Trastorn de p\u00e0nic amb o sense agoraf\u00f2bia.<\/li>\n<li>Trastorn d&#8217;ansietat generalitzada.<\/li>\n<li>Trastorn d&#8217;ansietat social o f\u00f2bia social.<\/li>\n<li>Trastorn obsessiu compulsiu.<\/li>\n<li>Trastorn per estr\u00e8s agut.<\/li>\n<li>Trastorn per estr\u00e8s posttraum\u00e0tic.<\/li>\n<li>Trastorn f\u00f2bic<\/li>\n<li>Altres trastorns no especificats o indu\u00efts pel consum de subst\u00e0ncies.<\/li>\n<\/ul>\n[\/vc_column_text][\/vc_column][vc_column width=&#8221;1\/2&#8243;][vc_column_text]<img decoding=\"async\" class=\"aligncenter wp-image-5655 size-full\" src=\"https:\/\/psicoclinicabarcelona.com\/wp-content\/uploads\/2022\/07\/ansiedad-1.webp\" alt=\"c\u00f3mo tratar trastornos ansiosos\" width=\"900\" height=\"600\" srcset=\"https:\/\/psicoclinicabarcelona.com\/wp-content\/uploads\/2022\/07\/ansiedad-1.webp 900w, https:\/\/psicoclinicabarcelona.com\/wp-content\/uploads\/2022\/07\/ansiedad-1-300x200.webp 300w, https:\/\/psicoclinicabarcelona.com\/wp-content\/uploads\/2022\/07\/ansiedad-1-768x512.webp 768w, https:\/\/psicoclinicabarcelona.com\/wp-content\/uploads\/2022\/07\/ansiedad-1-600x400.webp 600w\" sizes=\"(max-width: 900px) 100vw, 900px\" \/>[\/vc_column_text][\/vc_column][\/vc_row][vc_row][vc_column][vc_column_text]*Recorda que comptem amb\u00a0<a href=\"https:\/\/psicoclinicabarcelona.com\/ca\/psicolegs-estres\/\">psic\u00f2legs especialitzats en estr\u00e8s a Barcelona<\/a>.<\/p>\n<p>De tota manera, cal tenir en compte que <strong>l&#8217;ansietat es pot presentar en qualsevol persona<\/strong> i no nom\u00e9s en aquelles que han estat diagnosticades d&#8217;algun trastorn.[\/vc_column_text][\/vc_column][\/vc_row]\n","protected":false},"excerpt":{"rendered":"<p>[vc_row][vc_column width=&#8221;1\/2&#8243;][vc_column_text] L&#8217;ansietat \u00e9s una de les grans malalties del nostre temps. Una Societat que empeny els seus individus a la perfecci\u00f3, \u00e9s una societat que els condemna a all\u00f2 impossible i per tant a l&#8217;angoixa. L&#8217;ansietat no \u00e9s l&#8217;angoixa, per\u00f2 totes dues es noten al cos quan un subjecte topa amb l&#8217;impossible del seu&hellip;<\/p>\n","protected":false},"author":2,"featured_media":0,"parent":0,"menu_order":0,"comment_status":"open","ping_status":"open","template":"","meta":{"footnotes":""},"class_list":["post-6196","page","type-page","status-publish","hentry","entry","no-media"],"yoast_head":"<!-- This site is optimized with the Yoast SEO plugin v24.6 - https:\/\/yoast.com\/wordpress\/plugins\/seo\/ -->\n<title>Trastorns ansiosos<\/title>\n<meta name=\"description\" content=\"PSICOCL\u00cdNICA BARCELONA. Tractament efica\u00e7 per a l&#039;ansietat que ja \u00e9s una de les grans malalties del nostre temps\" \/>\n<meta name=\"robots\" content=\"index, follow, max-snippet:-1, max-image-preview:large, max-video-preview:-1\" \/>\n<link rel=\"canonical\" href=\"https:\/\/psicoclinicabarcelona.com\/ca\/trastorns-ansiosos\/\" \/>\n<meta property=\"og:locale\" content=\"ca_ES\" \/>\n<meta property=\"og:type\" content=\"article\" \/>\n<meta property=\"og:title\" content=\"Trastorns ansiosos\" \/>\n<meta property=\"og:description\" content=\"PSICOCL\u00cdNICA BARCELONA. Tractament efica\u00e7 per a l&#039;ansietat que ja \u00e9s una de les grans malalties del nostre temps\" \/>\n<meta property=\"og:url\" content=\"https:\/\/psicoclinicabarcelona.com\/ca\/trastorns-ansiosos\/\" \/>\n<meta property=\"og:site_name\" content=\"Psicocl\u00ednica Barcelona\" \/>\n<meta property=\"article:publisher\" content=\"https:\/\/www.facebook.com\/PsicoclinicaBarcelona\/\" \/>\n<meta property=\"article:modified_time\" content=\"2023-04-27T10:24:33+00:00\" \/>\n<meta property=\"og:image\" content=\"https:\/\/psicoclinicabarcelona.com\/wp-content\/uploads\/2022\/07\/ansiedad-1.webp\" \/>\n<meta name=\"twitter:label1\" content=\"Temps estimat de lectura\" \/>\n\t<meta name=\"twitter:data1\" content=\"2 minuts\" \/>\n<script type=\"application\/ld+json\" class=\"yoast-schema-graph\">{\"@context\":\"https:\/\/schema.org\",\"@graph\":[{\"@type\":\"WebPage\",\"@id\":\"https:\/\/psicoclinicabarcelona.com\/ca\/trastorns-ansiosos\/\",\"url\":\"https:\/\/psicoclinicabarcelona.com\/ca\/trastorns-ansiosos\/\",\"name\":\"Trastorns ansiosos\",\"isPartOf\":{\"@id\":\"https:\/\/psicoclinicabarcelona.com\/#website\"},\"primaryImageOfPage\":{\"@id\":\"https:\/\/psicoclinicabarcelona.com\/ca\/trastorns-ansiosos\/#primaryimage\"},\"image\":{\"@id\":\"https:\/\/psicoclinicabarcelona.com\/ca\/trastorns-ansiosos\/#primaryimage\"},\"thumbnailUrl\":\"https:\/\/psicoclinicabarcelona.com\/wp-content\/uploads\/2022\/07\/ansiedad-1.webp\",\"datePublished\":\"2015-08-30T14:50:30+00:00\",\"dateModified\":\"2023-04-27T10:24:33+00:00\",\"description\":\"PSICOCL\u00cdNICA BARCELONA. Tractament efica\u00e7 per a l'ansietat que ja \u00e9s una de les grans malalties del nostre temps\",\"breadcrumb\":{\"@id\":\"https:\/\/psicoclinicabarcelona.com\/ca\/trastorns-ansiosos\/#breadcrumb\"},\"inLanguage\":\"ca\",\"potentialAction\":[{\"@type\":\"ReadAction\",\"target\":[\"https:\/\/psicoclinicabarcelona.com\/ca\/trastorns-ansiosos\/\"]}]},{\"@type\":\"ImageObject\",\"inLanguage\":\"ca\",\"@id\":\"https:\/\/psicoclinicabarcelona.com\/ca\/trastorns-ansiosos\/#primaryimage\",\"url\":\"https:\/\/psicoclinicabarcelona.com\/wp-content\/uploads\/2022\/07\/ansiedad-1.webp\",\"contentUrl\":\"https:\/\/psicoclinicabarcelona.com\/wp-content\/uploads\/2022\/07\/ansiedad-1.webp\"},{\"@type\":\"BreadcrumbList\",\"@id\":\"https:\/\/psicoclinicabarcelona.com\/ca\/trastorns-ansiosos\/#breadcrumb\",\"itemListElement\":[{\"@type\":\"ListItem\",\"position\":1,\"name\":\"Portada\",\"item\":\"https:\/\/psicoclinicabarcelona.com\/ca\/\"},{\"@type\":\"ListItem\",\"position\":2,\"name\":\"Trastorns ansiosos\"}]},{\"@type\":\"WebSite\",\"@id\":\"https:\/\/psicoclinicabarcelona.com\/#website\",\"url\":\"https:\/\/psicoclinicabarcelona.com\/\",\"name\":\"Psicocl\u00ednica Barcelona\",\"description\":\"Posiblemente el mejor psic\u00f3logo en Barcelona o la mejor psic\u00f3loga de Barcelona. Ll\u00e1manos sin compromiso al 935 414 478\",\"publisher\":{\"@id\":\"https:\/\/psicoclinicabarcelona.com\/#organization\"},\"alternateName\":\"Psicocl\u00ednica Barcelona\",\"potentialAction\":[{\"@type\":\"SearchAction\",\"target\":{\"@type\":\"EntryPoint\",\"urlTemplate\":\"https:\/\/psicoclinicabarcelona.com\/?s={search_term_string}\"},\"query-input\":{\"@type\":\"PropertyValueSpecification\",\"valueRequired\":true,\"valueName\":\"search_term_string\"}}],\"inLanguage\":\"ca\"},{\"@type\":\"Organization\",\"@id\":\"https:\/\/psicoclinicabarcelona.com\/#organization\",\"name\":\"Psicocl\u00ednica Barcelona\",\"alternateName\":\"Psicocl\u00ednica Barcelona\",\"url\":\"https:\/\/psicoclinicabarcelona.com\/\",\"logo\":{\"@type\":\"ImageObject\",\"inLanguage\":\"ca\",\"@id\":\"https:\/\/psicoclinicabarcelona.com\/#\/schema\/logo\/image\/\",\"url\":\"https:\/\/psicoclinicabarcelona.com\/wp-content\/uploads\/2015\/04\/psicologos-barcelona.png\",\"contentUrl\":\"https:\/\/psicoclinicabarcelona.com\/wp-content\/uploads\/2015\/04\/psicologos-barcelona.png\",\"width\":178,\"height\":62,\"caption\":\"Psicocl\u00ednica Barcelona\"},\"image\":{\"@id\":\"https:\/\/psicoclinicabarcelona.com\/#\/schema\/logo\/image\/\"},\"sameAs\":[\"https:\/\/www.facebook.com\/PsicoclinicaBarcelona\/\",\"https:\/\/x.com\/psicoclinicabcn\",\"https:\/\/www.linkedin.com\/company\/psicocl\u00ednica-barcelona\/\",\"https:\/\/www.instagram.com\/psicoclinicabarcelona\/\",\"https:\/\/www.youtube.com\/channel\/UCcc-5_wC56giASuT0XDr87Q\"]}]}<\/script>\n<!-- \/ Yoast SEO plugin. -->","yoast_head_json":{"title":"Trastorns ansiosos","description":"PSICOCL\u00cdNICA BARCELONA. Tractament efica\u00e7 per a l'ansietat que ja \u00e9s una de les grans malalties del nostre temps","robots":{"index":"index","follow":"follow","max-snippet":"max-snippet:-1","max-image-preview":"max-image-preview:large","max-video-preview":"max-video-preview:-1"},"canonical":"https:\/\/psicoclinicabarcelona.com\/ca\/trastorns-ansiosos\/","og_locale":"ca_ES","og_type":"article","og_title":"Trastorns ansiosos","og_description":"PSICOCL\u00cdNICA BARCELONA. Tractament efica\u00e7 per a l'ansietat que ja \u00e9s una de les grans malalties del nostre temps","og_url":"https:\/\/psicoclinicabarcelona.com\/ca\/trastorns-ansiosos\/","og_site_name":"Psicocl\u00ednica Barcelona","article_publisher":"https:\/\/www.facebook.com\/PsicoclinicaBarcelona\/","article_modified_time":"2023-04-27T10:24:33+00:00","og_image":[{"url":"https:\/\/psicoclinicabarcelona.com\/wp-content\/uploads\/2022\/07\/ansiedad-1.webp","type":"","width":"","height":""}],"twitter_misc":{"Temps estimat de lectura":"2 minuts"},"schema":{"@context":"https:\/\/schema.org","@graph":[{"@type":"WebPage","@id":"https:\/\/psicoclinicabarcelona.com\/ca\/trastorns-ansiosos\/","url":"https:\/\/psicoclinicabarcelona.com\/ca\/trastorns-ansiosos\/","name":"Trastorns ansiosos","isPartOf":{"@id":"https:\/\/psicoclinicabarcelona.com\/#website"},"primaryImageOfPage":{"@id":"https:\/\/psicoclinicabarcelona.com\/ca\/trastorns-ansiosos\/#primaryimage"},"image":{"@id":"https:\/\/psicoclinicabarcelona.com\/ca\/trastorns-ansiosos\/#primaryimage"},"thumbnailUrl":"https:\/\/psicoclinicabarcelona.com\/wp-content\/uploads\/2022\/07\/ansiedad-1.webp","datePublished":"2015-08-30T14:50:30+00:00","dateModified":"2023-04-27T10:24:33+00:00","description":"PSICOCL\u00cdNICA BARCELONA. Tractament efica\u00e7 per a l'ansietat que ja \u00e9s una de les grans malalties del nostre temps","breadcrumb":{"@id":"https:\/\/psicoclinicabarcelona.com\/ca\/trastorns-ansiosos\/#breadcrumb"},"inLanguage":"ca","potentialAction":[{"@type":"ReadAction","target":["https:\/\/psicoclinicabarcelona.com\/ca\/trastorns-ansiosos\/"]}]},{"@type":"ImageObject","inLanguage":"ca","@id":"https:\/\/psicoclinicabarcelona.com\/ca\/trastorns-ansiosos\/#primaryimage","url":"https:\/\/psicoclinicabarcelona.com\/wp-content\/uploads\/2022\/07\/ansiedad-1.webp","contentUrl":"https:\/\/psicoclinicabarcelona.com\/wp-content\/uploads\/2022\/07\/ansiedad-1.webp"},{"@type":"BreadcrumbList","@id":"https:\/\/psicoclinicabarcelona.com\/ca\/trastorns-ansiosos\/#breadcrumb","itemListElement":[{"@type":"ListItem","position":1,"name":"Portada","item":"https:\/\/psicoclinicabarcelona.com\/ca\/"},{"@type":"ListItem","position":2,"name":"Trastorns ansiosos"}]},{"@type":"WebSite","@id":"https:\/\/psicoclinicabarcelona.com\/#website","url":"https:\/\/psicoclinicabarcelona.com\/","name":"Psicocl\u00ednica Barcelona","description":"Posiblemente el mejor psic\u00f3logo en Barcelona o la mejor psic\u00f3loga de Barcelona. Ll\u00e1manos sin compromiso al 935 414 478","publisher":{"@id":"https:\/\/psicoclinicabarcelona.com\/#organization"},"alternateName":"Psicocl\u00ednica Barcelona","potentialAction":[{"@type":"SearchAction","target":{"@type":"EntryPoint","urlTemplate":"https:\/\/psicoclinicabarcelona.com\/?s={search_term_string}"},"query-input":{"@type":"PropertyValueSpecification","valueRequired":true,"valueName":"search_term_string"}}],"inLanguage":"ca"},{"@type":"Organization","@id":"https:\/\/psicoclinicabarcelona.com\/#organization","name":"Psicocl\u00ednica Barcelona","alternateName":"Psicocl\u00ednica Barcelona","url":"https:\/\/psicoclinicabarcelona.com\/","logo":{"@type":"ImageObject","inLanguage":"ca","@id":"https:\/\/psicoclinicabarcelona.com\/#\/schema\/logo\/image\/","url":"https:\/\/psicoclinicabarcelona.com\/wp-content\/uploads\/2015\/04\/psicologos-barcelona.png","contentUrl":"https:\/\/psicoclinicabarcelona.com\/wp-content\/uploads\/2015\/04\/psicologos-barcelona.png","width":178,"height":62,"caption":"Psicocl\u00ednica Barcelona"},"image":{"@id":"https:\/\/psicoclinicabarcelona.com\/#\/schema\/logo\/image\/"},"sameAs":["https:\/\/www.facebook.com\/PsicoclinicaBarcelona\/","https:\/\/x.com\/psicoclinicabcn","https:\/\/www.linkedin.com\/company\/psicocl\u00ednica-barcelona\/","https:\/\/www.instagram.com\/psicoclinicabarcelona\/","https:\/\/www.youtube.com\/channel\/UCcc-5_wC56giASuT0XDr87Q"]}]}},"_links":{"self":[{"href":"https:\/\/psicoclinicabarcelona.com\/ca\/wp-json\/wp\/v2\/pages\/6196"}],"collection":[{"href":"https:\/\/psicoclinicabarcelona.com\/ca\/wp-json\/wp\/v2\/pages"}],"about":[{"href":"https:\/\/psicoclinicabarcelona.com\/ca\/wp-json\/wp\/v2\/types\/page"}],"author":[{"embeddable":true,"href":"https:\/\/psicoclinicabarcelona.com\/ca\/wp-json\/wp\/v2\/users\/2"}],"replies":[{"embeddable":true,"href":"https:\/\/psicoclinicabarcelona.com\/ca\/wp-json\/wp\/v2\/comments?post=6196"}],"version-history":[{"count":4,"href":"https:\/\/psicoclinicabarcelona.com\/ca\/wp-json\/wp\/v2\/pages\/6196\/revisions"}],"predecessor-version":[{"id":6426,"href":"https:\/\/psicoclinicabarcelona.com\/ca\/wp-json\/wp\/v2\/pages\/6196\/revisions\/6426"}],"wp:attachment":[{"href":"https:\/\/psicoclinicabarcelona.com\/ca\/wp-json\/wp\/v2\/media?parent=6196"}],"curies":[{"name":"wp","href":"https:\/\/api.w.org\/{rel}","templated":true}]}}