{"id":6199,"date":"2015-08-30T14:51:10","date_gmt":"2015-08-30T14:51:10","guid":{"rendered":"https:\/\/psicoclinicabarcelona.com\/trastornos-de-la-personalidad\/"},"modified":"2024-01-05T14:24:51","modified_gmt":"2024-01-05T13:24:51","slug":"trastorns-de-la-personalitat","status":"publish","type":"page","link":"https:\/\/psicoclinicabarcelona.com\/ca\/trastorns-de-la-personalitat\/","title":{"rendered":"Trastorns de la personalitat"},"content":{"rendered":"[vc_row][vc_column][vc_row_inner content_placement=&#8221;middle&#8221; gap=&#8221;20&#8243;][vc_column_inner width=&#8221;1\/2&#8243;][vc_column_text]A Psicoclinica Barcelona comptem amb\u00a0<a href=\"https:\/\/psicoclinicabarcelona.com\/ca\/psicolegs-barcelona\/\">professionals experimentats<\/a>\u00a0en diversitat de camps de la psicologia i la psicoter\u00e0pia. I \u00e9s que despr\u00e9s de deu anys de m\u00e0xima dedicaci\u00f3 envers els nostres pacients, <strong>ens hem convertit en la cl\u00ednica refer\u00e8ncia del sector<\/strong>. A les nostres esquenes deixem important empremta a la societat, gr\u00e0cies al nostre continu i incansable esfor\u00e7 per millorar la qualitat de vida de persones amb s\u00edndromes i trastorns de tota mena. Per aix\u00f2 ens hem valgut de la formaci\u00f3 m\u00e9s completa, aix\u00ed com del desenvolupament i aplicaci\u00f3 de tractaments amb alt percentatge d&#8217;\u00e8xit, fins i tot en aquells casos m\u00e9s dif\u00edcils. A m\u00e9s, la nostra especialitzaci\u00f3 inclou diferents camps d&#8217;estudi psicol\u00f2gics presents durant la inf\u00e0ncia, l&#8217;adolesc\u00e8ncia o la vida adulta.<\/p>\n<p>Per aconseguir orientar els nostres pacients pel cam\u00ed adequat, ens valem d&#8217;un\u00a0<strong>tracte totalment individualitzat<\/strong> amb la persona, ja que identificar els punts claus del seu trastorn ens ajudar\u00e0 a elaborar un complet diagn\u00f2stic de cara a elaborar els passos a seguir. Per aquest motiu, us recomanem que acudiu a nosaltres en cas que estigueu buscant el millor <strong>tractament de trastorns de la personalitat a Barcelona<\/strong>.[\/vc_column_text][\/vc_column_inner][vc_column_inner width=&#8221;1\/2&#8243;][vc_single_image image=&#8221;6561&#8243;][\/vc_column_inner][\/vc_row_inner][\/vc_column][\/vc_row][vc_row][vc_column][vc_column_text]En aquest apartat, us intentarem assessorar en la mesura del possible sobre el <strong>Trastorn L\u00edmit de la Personalitat<\/strong>, per la qual cosa en cas que us quedaran alguns dubtes sense resoldre, no dubteu a posar-vos en contacte amb nosaltres per sol\u00b7licitar m\u00e9s informaci\u00f3. A Psicocl\u00ednica Barcelona estarem encantats de poder atendre el vostre cas i oferir-vos una resposta que solucioni els vostres problemes.<\/p>\n<h2>Qu\u00e8 \u00e9s el TLP?<\/h2>\n<p>El Trastorn de la personalitat es tradueix en la realitzaci\u00f3 duna s\u00e8rie d&#8217;actuacions o comportaments diferents dins del que seria la norma habitual del subjecte. Actualment, s&#8217;estima que entre l&#8217;1% i el 2% de la poblaci\u00f3 presenta aquest trastorn, convertint-lo en una <strong>s\u00edndrome poc comuna a la nostra societat<\/strong>. Per contra, les \u00e0rees a qu\u00e8 pot arribar a afectar el TLP en una persona s\u00f3n moltes, limitant la manera com veuen el m\u00f3n, dificultant l&#8217;establiment de relacions socials i condicionant en gran manera la presa de decisions de l&#8217;individu. La simptomatologia del TLP pot ser variada i acompanyada de trastorns secundaris que poden empitjorar encara m\u00e9s la situaci\u00f3 de la persona que el pateix. Per aquest motiu, es recomana acudir a centres especialitzats on siguin capa\u00e7os de <strong>tractar adequadament un trastorn de la personalitat<\/strong>, aix\u00ed com pert\u00e0nyer a associacions de persones que tinguin aquest trastorn i que puguin servir de suport. Des de Psicocl\u00ednica Barcelona volem oferir-vos l&#8217;atenci\u00f3 que necessiteu, transmetent-vos tota l&#8217;experi\u00e8ncia dels nostres <strong>psic\u00f2legs experts en trastorns de la personalitat<\/strong>, per la qual cosa des de la nostra cl\u00ednica us recomanem que us poseu en contacte amb nosaltres perqu\u00e8 us puguem ajudar.<\/p>\n<h2>Ter\u00e0pia per a un trastorn de la personalitat<\/h2>\n<p>El trastorn de la personalitat \u00e9s un trastorn que <a href=\"https:\/\/psicoclinicabarcelona.com\/ca\/psicoleg-adolescents-barcelona\/\">pot apar\u00e8ixer durant l&#8217;adolesc\u00e8ncia<\/a> o el comen\u00e7ament de la vida adulta, encara que no hi ha m\u00e8todes que ens ajudin a prevenir la seva aparici\u00f3. Malauradament, aquesta malaltia acompanyar\u00e0 la persona que el pateix durant la resta de la seva vida. No obstant aix\u00f2, actualment hi ha multitud de tractaments i formes de <strong>ter\u00e0pia per a TLP<\/strong>. La seva aplicaci\u00f3 no elimina la pres\u00e8ncia completament el trastorn, per\u00f2 ajuda a limitar-ne l&#8217;efecte en l&#8217;individu mitjan\u00e7ant la disminuci\u00f3 en la intensitat dels s\u00edmptomes. Com a conseq\u00fc\u00e8ncia,\u00a0<strong>el pacient pot augmentar la seva autonomia i recuperar part de l&#8217;estabilitat perduda<\/strong>\u00a0per culpa del TLP, cosa que es tradueix en un augment de la qualitat de vida de la persona.<\/p>\n<p>A Psicocl\u00ednica Barcelona sempre hem estat al costat de les persones que pateixen tota mena de trastorns com el TLP. Per aquesta ra\u00f3, ens agradaria fer-li saber que podeu comptar amb el nostre centre i l&#8217;ajuda dels nostres professionals perqu\u00e8 puguem millorar la vostra situaci\u00f3. Dipositant la seva confian\u00e7a en nosaltres comptar\u00e0 amb la m\u00e9s \u00e0mplia experi\u00e8ncia i una relaci\u00f3 m\u00e8dica pacient totalment personal. Perqu\u00e8\u00a0<strong>per a nosaltres la seva salut \u00e9s el nostre objectiu primordial<\/strong>.[\/vc_column_text][\/vc_column][\/vc_row]\n","protected":false},"excerpt":{"rendered":"<p>[vc_row][vc_column][vc_row_inner content_placement=&#8221;middle&#8221; gap=&#8221;20&#8243;][vc_column_inner width=&#8221;1\/2&#8243;][vc_column_text]A Psicoclinica Barcelona comptem amb\u00a0professionals experimentats\u00a0en diversitat de camps de la psicologia i la psicoter\u00e0pia. I \u00e9s que despr\u00e9s de deu anys de m\u00e0xima dedicaci\u00f3 envers els nostres pacients, ens hem convertit en la cl\u00ednica refer\u00e8ncia del sector. A les nostres esquenes deixem important empremta a la societat, gr\u00e0cies al nostre continu&hellip;<\/p>\n","protected":false},"author":2,"featured_media":6561,"parent":0,"menu_order":0,"comment_status":"open","ping_status":"open","template":"","meta":{"footnotes":""},"class_list":["post-6199","page","type-page","status-publish","has-post-thumbnail","hentry","entry","has-media"],"yoast_head":"<!-- This site is optimized with the Yoast SEO plugin v24.6 - https:\/\/yoast.com\/wordpress\/plugins\/seo\/ -->\n<title>Tractament trastorn personalitat Barcelona<\/title>\n<meta name=\"description\" content=\"PSICOCL\u00cdNICA BARCELONA. Tractament psicol\u00f2gic a Barcelona per a trastorn de la personalitat com el TLP.\" \/>\n<meta name=\"robots\" content=\"index, follow, max-snippet:-1, max-image-preview:large, max-video-preview:-1\" \/>\n<link rel=\"canonical\" href=\"https:\/\/psicoclinicabarcelona.com\/ca\/trastorns-de-la-personalitat\/\" \/>\n<meta property=\"og:locale\" content=\"ca_ES\" \/>\n<meta property=\"og:type\" content=\"article\" \/>\n<meta property=\"og:title\" content=\"Tractament trastorn personalitat Barcelona\" \/>\n<meta property=\"og:description\" content=\"PSICOCL\u00cdNICA BARCELONA. Tractament psicol\u00f2gic a Barcelona per a trastorn de la personalitat com el TLP.\" \/>\n<meta property=\"og:url\" content=\"https:\/\/psicoclinicabarcelona.com\/ca\/trastorns-de-la-personalitat\/\" \/>\n<meta property=\"og:site_name\" content=\"Psicocl\u00ednica Barcelona\" \/>\n<meta property=\"article:publisher\" content=\"https:\/\/www.facebook.com\/PsicoclinicaBarcelona\/\" \/>\n<meta property=\"article:modified_time\" content=\"2024-01-05T13:24:51+00:00\" \/>\n<meta property=\"og:image\" content=\"https:\/\/psicoclinicabarcelona.com\/wp-content\/uploads\/2024\/01\/trastorno_personalidad_bipolar.jpg\" \/>\n\t<meta property=\"og:image:width\" content=\"800\" \/>\n\t<meta property=\"og:image:height\" content=\"533\" \/>\n\t<meta property=\"og:image:type\" content=\"image\/jpeg\" \/>\n<meta name=\"twitter:label1\" content=\"Temps estimat de lectura\" \/>\n\t<meta name=\"twitter:data1\" content=\"4 minuts\" \/>\n<script type=\"application\/ld+json\" class=\"yoast-schema-graph\">{\"@context\":\"https:\/\/schema.org\",\"@graph\":[{\"@type\":\"WebPage\",\"@id\":\"https:\/\/psicoclinicabarcelona.com\/ca\/trastorns-de-la-personalitat\/\",\"url\":\"https:\/\/psicoclinicabarcelona.com\/ca\/trastorns-de-la-personalitat\/\",\"name\":\"Tractament trastorn personalitat Barcelona\",\"isPartOf\":{\"@id\":\"https:\/\/psicoclinicabarcelona.com\/#website\"},\"primaryImageOfPage\":{\"@id\":\"https:\/\/psicoclinicabarcelona.com\/ca\/trastorns-de-la-personalitat\/#primaryimage\"},\"image\":{\"@id\":\"https:\/\/psicoclinicabarcelona.com\/ca\/trastorns-de-la-personalitat\/#primaryimage\"},\"thumbnailUrl\":\"https:\/\/psicoclinicabarcelona.com\/wp-content\/uploads\/2024\/01\/trastorno_personalidad_bipolar.jpg\",\"datePublished\":\"2015-08-30T14:51:10+00:00\",\"dateModified\":\"2024-01-05T13:24:51+00:00\",\"description\":\"PSICOCL\u00cdNICA BARCELONA. Tractament psicol\u00f2gic a Barcelona per a trastorn de la personalitat com el TLP.\",\"breadcrumb\":{\"@id\":\"https:\/\/psicoclinicabarcelona.com\/ca\/trastorns-de-la-personalitat\/#breadcrumb\"},\"inLanguage\":\"ca\",\"potentialAction\":[{\"@type\":\"ReadAction\",\"target\":[\"https:\/\/psicoclinicabarcelona.com\/ca\/trastorns-de-la-personalitat\/\"]}]},{\"@type\":\"ImageObject\",\"inLanguage\":\"ca\",\"@id\":\"https:\/\/psicoclinicabarcelona.com\/ca\/trastorns-de-la-personalitat\/#primaryimage\",\"url\":\"https:\/\/psicoclinicabarcelona.com\/wp-content\/uploads\/2024\/01\/trastorno_personalidad_bipolar.jpg\",\"contentUrl\":\"https:\/\/psicoclinicabarcelona.com\/wp-content\/uploads\/2024\/01\/trastorno_personalidad_bipolar.jpg\",\"width\":800,\"height\":533,\"caption\":\"Trastorno bipolar\"},{\"@type\":\"BreadcrumbList\",\"@id\":\"https:\/\/psicoclinicabarcelona.com\/ca\/trastorns-de-la-personalitat\/#breadcrumb\",\"itemListElement\":[{\"@type\":\"ListItem\",\"position\":1,\"name\":\"Portada\",\"item\":\"https:\/\/psicoclinicabarcelona.com\/ca\/\"},{\"@type\":\"ListItem\",\"position\":2,\"name\":\"Trastorns de la personalitat\"}]},{\"@type\":\"WebSite\",\"@id\":\"https:\/\/psicoclinicabarcelona.com\/#website\",\"url\":\"https:\/\/psicoclinicabarcelona.com\/\",\"name\":\"Psicocl\u00ednica Barcelona\",\"description\":\"Posiblemente el mejor psic\u00f3logo en Barcelona o la mejor psic\u00f3loga de Barcelona. Ll\u00e1manos sin compromiso al 935 414 478\",\"publisher\":{\"@id\":\"https:\/\/psicoclinicabarcelona.com\/#organization\"},\"alternateName\":\"Psicocl\u00ednica Barcelona\",\"potentialAction\":[{\"@type\":\"SearchAction\",\"target\":{\"@type\":\"EntryPoint\",\"urlTemplate\":\"https:\/\/psicoclinicabarcelona.com\/?s={search_term_string}\"},\"query-input\":{\"@type\":\"PropertyValueSpecification\",\"valueRequired\":true,\"valueName\":\"search_term_string\"}}],\"inLanguage\":\"ca\"},{\"@type\":\"Organization\",\"@id\":\"https:\/\/psicoclinicabarcelona.com\/#organization\",\"name\":\"Psicocl\u00ednica Barcelona\",\"alternateName\":\"Psicocl\u00ednica Barcelona\",\"url\":\"https:\/\/psicoclinicabarcelona.com\/\",\"logo\":{\"@type\":\"ImageObject\",\"inLanguage\":\"ca\",\"@id\":\"https:\/\/psicoclinicabarcelona.com\/#\/schema\/logo\/image\/\",\"url\":\"https:\/\/psicoclinicabarcelona.com\/wp-content\/uploads\/2015\/04\/psicologos-barcelona.png\",\"contentUrl\":\"https:\/\/psicoclinicabarcelona.com\/wp-content\/uploads\/2015\/04\/psicologos-barcelona.png\",\"width\":178,\"height\":62,\"caption\":\"Psicocl\u00ednica Barcelona\"},\"image\":{\"@id\":\"https:\/\/psicoclinicabarcelona.com\/#\/schema\/logo\/image\/\"},\"sameAs\":[\"https:\/\/www.facebook.com\/PsicoclinicaBarcelona\/\",\"https:\/\/x.com\/psicoclinicabcn\",\"https:\/\/www.linkedin.com\/company\/psicocl\u00ednica-barcelona\/\",\"https:\/\/www.instagram.com\/psicoclinicabarcelona\/\",\"https:\/\/www.youtube.com\/channel\/UCcc-5_wC56giASuT0XDr87Q\"]}]}<\/script>\n<!-- \/ Yoast SEO plugin. -->","yoast_head_json":{"title":"Tractament trastorn personalitat Barcelona","description":"PSICOCL\u00cdNICA BARCELONA. Tractament psicol\u00f2gic a Barcelona per a trastorn de la personalitat com el TLP.","robots":{"index":"index","follow":"follow","max-snippet":"max-snippet:-1","max-image-preview":"max-image-preview:large","max-video-preview":"max-video-preview:-1"},"canonical":"https:\/\/psicoclinicabarcelona.com\/ca\/trastorns-de-la-personalitat\/","og_locale":"ca_ES","og_type":"article","og_title":"Tractament trastorn personalitat Barcelona","og_description":"PSICOCL\u00cdNICA BARCELONA. Tractament psicol\u00f2gic a Barcelona per a trastorn de la personalitat com el TLP.","og_url":"https:\/\/psicoclinicabarcelona.com\/ca\/trastorns-de-la-personalitat\/","og_site_name":"Psicocl\u00ednica Barcelona","article_publisher":"https:\/\/www.facebook.com\/PsicoclinicaBarcelona\/","article_modified_time":"2024-01-05T13:24:51+00:00","og_image":[{"width":800,"height":533,"url":"https:\/\/psicoclinicabarcelona.com\/wp-content\/uploads\/2024\/01\/trastorno_personalidad_bipolar.jpg","type":"image\/jpeg"}],"twitter_misc":{"Temps estimat de lectura":"4 minuts"},"schema":{"@context":"https:\/\/schema.org","@graph":[{"@type":"WebPage","@id":"https:\/\/psicoclinicabarcelona.com\/ca\/trastorns-de-la-personalitat\/","url":"https:\/\/psicoclinicabarcelona.com\/ca\/trastorns-de-la-personalitat\/","name":"Tractament trastorn personalitat Barcelona","isPartOf":{"@id":"https:\/\/psicoclinicabarcelona.com\/#website"},"primaryImageOfPage":{"@id":"https:\/\/psicoclinicabarcelona.com\/ca\/trastorns-de-la-personalitat\/#primaryimage"},"image":{"@id":"https:\/\/psicoclinicabarcelona.com\/ca\/trastorns-de-la-personalitat\/#primaryimage"},"thumbnailUrl":"https:\/\/psicoclinicabarcelona.com\/wp-content\/uploads\/2024\/01\/trastorno_personalidad_bipolar.jpg","datePublished":"2015-08-30T14:51:10+00:00","dateModified":"2024-01-05T13:24:51+00:00","description":"PSICOCL\u00cdNICA BARCELONA. Tractament psicol\u00f2gic a Barcelona per a trastorn de la personalitat com el TLP.","breadcrumb":{"@id":"https:\/\/psicoclinicabarcelona.com\/ca\/trastorns-de-la-personalitat\/#breadcrumb"},"inLanguage":"ca","potentialAction":[{"@type":"ReadAction","target":["https:\/\/psicoclinicabarcelona.com\/ca\/trastorns-de-la-personalitat\/"]}]},{"@type":"ImageObject","inLanguage":"ca","@id":"https:\/\/psicoclinicabarcelona.com\/ca\/trastorns-de-la-personalitat\/#primaryimage","url":"https:\/\/psicoclinicabarcelona.com\/wp-content\/uploads\/2024\/01\/trastorno_personalidad_bipolar.jpg","contentUrl":"https:\/\/psicoclinicabarcelona.com\/wp-content\/uploads\/2024\/01\/trastorno_personalidad_bipolar.jpg","width":800,"height":533,"caption":"Trastorno bipolar"},{"@type":"BreadcrumbList","@id":"https:\/\/psicoclinicabarcelona.com\/ca\/trastorns-de-la-personalitat\/#breadcrumb","itemListElement":[{"@type":"ListItem","position":1,"name":"Portada","item":"https:\/\/psicoclinicabarcelona.com\/ca\/"},{"@type":"ListItem","position":2,"name":"Trastorns de la personalitat"}]},{"@type":"WebSite","@id":"https:\/\/psicoclinicabarcelona.com\/#website","url":"https:\/\/psicoclinicabarcelona.com\/","name":"Psicocl\u00ednica Barcelona","description":"Posiblemente el mejor psic\u00f3logo en Barcelona o la mejor psic\u00f3loga de Barcelona. Ll\u00e1manos sin compromiso al 935 414 478","publisher":{"@id":"https:\/\/psicoclinicabarcelona.com\/#organization"},"alternateName":"Psicocl\u00ednica Barcelona","potentialAction":[{"@type":"SearchAction","target":{"@type":"EntryPoint","urlTemplate":"https:\/\/psicoclinicabarcelona.com\/?s={search_term_string}"},"query-input":{"@type":"PropertyValueSpecification","valueRequired":true,"valueName":"search_term_string"}}],"inLanguage":"ca"},{"@type":"Organization","@id":"https:\/\/psicoclinicabarcelona.com\/#organization","name":"Psicocl\u00ednica Barcelona","alternateName":"Psicocl\u00ednica Barcelona","url":"https:\/\/psicoclinicabarcelona.com\/","logo":{"@type":"ImageObject","inLanguage":"ca","@id":"https:\/\/psicoclinicabarcelona.com\/#\/schema\/logo\/image\/","url":"https:\/\/psicoclinicabarcelona.com\/wp-content\/uploads\/2015\/04\/psicologos-barcelona.png","contentUrl":"https:\/\/psicoclinicabarcelona.com\/wp-content\/uploads\/2015\/04\/psicologos-barcelona.png","width":178,"height":62,"caption":"Psicocl\u00ednica Barcelona"},"image":{"@id":"https:\/\/psicoclinicabarcelona.com\/#\/schema\/logo\/image\/"},"sameAs":["https:\/\/www.facebook.com\/PsicoclinicaBarcelona\/","https:\/\/x.com\/psicoclinicabcn","https:\/\/www.linkedin.com\/company\/psicocl\u00ednica-barcelona\/","https:\/\/www.instagram.com\/psicoclinicabarcelona\/","https:\/\/www.youtube.com\/channel\/UCcc-5_wC56giASuT0XDr87Q"]}]}},"_links":{"self":[{"href":"https:\/\/psicoclinicabarcelona.com\/ca\/wp-json\/wp\/v2\/pages\/6199"}],"collection":[{"href":"https:\/\/psicoclinicabarcelona.com\/ca\/wp-json\/wp\/v2\/pages"}],"about":[{"href":"https:\/\/psicoclinicabarcelona.com\/ca\/wp-json\/wp\/v2\/types\/page"}],"author":[{"embeddable":true,"href":"https:\/\/psicoclinicabarcelona.com\/ca\/wp-json\/wp\/v2\/users\/2"}],"replies":[{"embeddable":true,"href":"https:\/\/psicoclinicabarcelona.com\/ca\/wp-json\/wp\/v2\/comments?post=6199"}],"version-history":[{"count":4,"href":"https:\/\/psicoclinicabarcelona.com\/ca\/wp-json\/wp\/v2\/pages\/6199\/revisions"}],"predecessor-version":[{"id":6563,"href":"https:\/\/psicoclinicabarcelona.com\/ca\/wp-json\/wp\/v2\/pages\/6199\/revisions\/6563"}],"wp:featuredmedia":[{"embeddable":true,"href":"https:\/\/psicoclinicabarcelona.com\/ca\/wp-json\/wp\/v2\/media\/6561"}],"wp:attachment":[{"href":"https:\/\/psicoclinicabarcelona.com\/ca\/wp-json\/wp\/v2\/media?parent=6199"}],"curies":[{"name":"wp","href":"https:\/\/api.w.org\/{rel}","templated":true}]}}