{"id":6240,"date":"2017-02-10T08:06:02","date_gmt":"2017-02-10T08:06:02","guid":{"rendered":"https:\/\/psicoclinicabarcelona.com\/psicologos-tratamiento-depresion-barcelona\/"},"modified":"2023-04-21T14:08:05","modified_gmt":"2023-04-21T12:08:05","slug":"psicolegs-tractament-depressio-barcelona","status":"publish","type":"page","link":"https:\/\/psicoclinicabarcelona.com\/ca\/psicolegs-tractament-depressio-barcelona\/","title":{"rendered":"Tractament psicol\u00f2gic depressi\u00f3"},"content":{"rendered":"<p><span style=\"font-weight: 400;\">D&#8217;acord amb els estudis realitzats per l&#8217;OMS (Organitzaci\u00f3 Mundial de la Salut) la depressi\u00f3 \u00e9s una afectaci\u00f3 molt m\u00e9s comuna del que podr\u00edem arribar a creure en un primer moment. \u00c9s un dels trastorns m\u00e9s freq\u00fcents en salut mental. De fet, avui dia, <\/span><b>el 10% de la poblaci\u00f3 dels pa\u00efsos desenvolupats pateix depressi\u00f3<\/b><span style=\"font-weight: 400;\">, afectant en major mesura les dones amb un 7% i els homes en un 3%.<\/span><\/p>\n<p>&nbsp;<\/p>\n<h2>Consideracions sobre la depressi\u00f3<\/h2>\n<p><span style=\"font-weight: 400;\">No hi ha un <\/span><b>efica\u00e7 tractament per a la depressi\u00f3<\/b><span style=\"font-weight: 400;\"> que sigui igual per a tot el m\u00f3n, sin\u00f3 que cada persona necessitar\u00e0 el seu en funci\u00f3 de si escau en particular. I per aix\u00f2 primer ser\u00e0 indispensable una valoraci\u00f3 cl\u00ednica per part d&#8217;un professional degudament qualificat. Que el psic\u00f2leg especialista en depressi\u00f3 tingui prou experi\u00e8ncia en el tractament psicol\u00f2gic de l&#8217;addicci\u00f3, \u00e9s un element important a l&#8217;hora d&#8217;escollir un professional.<\/span><\/p>\n<p><span style=\"font-weight: 400;\">En alguns casos de depressi\u00f3, estar\u00e0 indicat el tractament combinat de psicoter\u00e0pia i farmacologia. La medicaci\u00f3 pot ser \u00fatil per ajudar a estabilitzar an\u00edmicament, sobretot en una fase inicial del tractament. En altres casos, en canvi, n&#8217;hi haur\u00e0 prou amb el tractament psicol\u00f2gic des de l&#8217;inici. La valoraci\u00f3 cl\u00ednica del professional ser\u00e0 fonamental en aquest sentit. La psicoter\u00e0pia ha demostrat que pot ser un <strong>tractament efectiu per a la depressi\u00f3<\/strong><span style=\"font-weight: 400;\">, ja que a m\u00e9s de disminuir l&#8217;angoixa i el malestar pot ajudar perqu\u00e8 el pacient identifiqui les possibles causes i pugui trobar les seves pr\u00f2pies solucions.<\/span><\/span><\/p>\n<p><span style=\"font-weight: 400;\">Si est\u00e0 interessat a rebre <\/span><b>ter\u00e0pia per a depressi\u00f3 a Barcelona<\/b><span style=\"font-weight: 400;\">, a Psicocl\u00ednica Barcelona podr\u00e0 concertar una cita amb els nostres psic\u00f2legs Barcelona, tant de manera f\u00edsica, personant-se al nostre centre i fent una entrevista personal amb el psic\u00f2leg que us assignarem, com sol\u00b7licitant una <\/span><a href=\"https:\/\/psicoclinicabarcelona.com\/ca\/psicoleg-online\/\"><span style=\"font-weight: 400;\">ter\u00e0pia on-line<\/span><\/a><span style=\"font-weight: 400;\">. Des de fa alguns anys, hem incorporat la possibilitat de fer ter\u00e0pia en l\u00ednia. Tot i aix\u00f2, pr\u00e8viament, un psic\u00f2leg especialista ha de valorar que hi hagi cap contraindicaci\u00f3 per dur a terme el tractament sota aquesta modalitat.<\/span><\/p>\n<p>&nbsp;<\/p>\n<h2>Psic\u00f2legs depressi\u00f3 Barcelona<\/h2>\n<p><span style=\"font-weight: 400;\">Qualsevol de nosaltres ha tingut \u00e8poques a la vida en qu\u00e8 s&#8217;ha sentit <\/span><a href=\"https:\/\/psicoclinicabarcelona.com\/ca\/psicoleg-ansietat-barcelona\/\"><span style=\"font -weight: 400;\">ansi\u00f3s o trist<\/span><\/a><span style=\"font-weight: 400;\">. Es tracta de sentiments totalment normals que poden venir com a conseq\u00fc\u00e8ncia d&#8217;experi\u00e8ncies com ara: la ruptura amb la parella, la p\u00e8rdua d&#8217;una feina, problemes a la feina, la mort d&#8217;un familiar o el diagn\u00f2stic d&#8217;una malaltia, etc. En general, aquests sentiments acaben desapareixent amb el temps. Algunes ferides poden trigar m\u00e9s temps a cicatritzar que altres i la majoria de vegades, no cal rec\u00f3rrer a la medicaci\u00f3 ni a la psicoter\u00e0pia per tractar aquests estats d&#8217;\u00e0nim. Consultar amb un <\/span><b>centre psicol\u00f2gic<\/b><span style=\"font-weight: 400;\"> \u00e9s una bona indicaci\u00f3 per a aquelles persones que travessen per un mal moment i no acaben de trobar una sortida a aquesta situaci\u00f3. Visitar-se amb un psic\u00f2leg Barcelona pot ser el primer pas per trobar solucions estables.<\/span><\/p>\n<p><span style=\"font-weight: 400;\">La depressi\u00f3 no \u00e9s simplement un altibaix emocional fruit de les circumst\u00e0ncies externes. El tractament de la depressi\u00f3 \u00e9s important que el portin <strong>psic\u00f2legs experts en depressi\u00f3<\/strong><span style=\"font-weight: 400;\">. <\/span><b>El millor tractament per a la depressi\u00f3<\/b><span style=\"font-weight: 400;\"> \u00e9s aquell que d\u00f3na un lloc \u00fanic a cada pacient, \u00e9s a dir, que contempla la seva singularitat. La depressi\u00f3 \u00e9s un trastorn important que pot condicionar totalment o parcialment la vida de qui la pateix. Cada vegada hi ha m\u00e9s consci\u00e8ncia social i menys estigmes al voltant d&#8217;aquest diagn\u00f2stic, cosa que afavoreix que cada cop m\u00e9s es consulti per aquest motiu.<\/span><\/span><\/p>\n<p><span style=\"font-weight: 400;\">El tractament per a la depressi\u00f3 requereix una valoraci\u00f3 inicial per part d&#8217;un psic\u00f2leg cl\u00ednic o un psiquiatre. Aquesta valoraci\u00f3 pot consistir en una o diverses entrevistes segons el cas. Despr\u00e9s d&#8217;aquesta valoraci\u00f3 es determinar\u00e0 si est\u00e0 indicat o no iniciar un tractament psicoterap\u00e8utic i si \u00e9s aix\u00ed, amb quina freq\u00fc\u00e8ncia.<\/span><\/p>\n<p><span style=\"font-weight: 400;\">Des de <\/span><b>Psicocl\u00ednica Barcelona<\/b><span style=\"font-weight: 400;\"> volem destacar dos fets que ens semblen importants \u00a0en relaci\u00f3 a sol\u00b7licitar una cita amb un psic\u00f2leg especialista en depressi\u00f3. El primer \u00e9s que <\/span><b>dif\u00edcilment, per molt fort que un sigui, es podr\u00e0 curar d&#8217;una depressi\u00f3 per si sol<\/b><span style=\"font-weight: 400;\">. El segon \u00e9s que sol\u00b7licitar ajuda mai no ha estat un signe de debilitat, sin\u00f3 de seny i saviesa. Con\u00e8ixer els nostres propis l\u00edmits i ampliar-los amb l&#8217;ajuda dels que ens envolten \u00e9s precisament all\u00f2 que ens fa realment forts.<\/span><\/p>\n<p>&nbsp;<\/p>\n<h2>Ter\u00e0pia efica\u00e7 contra la depressi\u00f3<\/h2>\n<p><span style=\"font-weight: 400;\">L&#8217;insomni, la manca de gana, la manca de desig sexual, <\/span><b>l&#8217;esgotament constant, l&#8217;apatia, l&#8217;a\u00efllament de familiars i amics, el sentiment de culpa o els pensaments recurrents a la mort o el su\u00efcidi<\/b><span style=\"font-weight: 400;\"> s\u00f3n alguns dels s\u00edmptomes que poden donar-se en la depressi\u00f3. A Psicocl\u00ednica Barcelona oferim <\/span><b>ter\u00e0pia per a la depressi\u00f3 a Barcelona<\/b><span style=\"font-weight: 400;\">. El tractament ser\u00e0 sempre individualitzat, i anir\u00e0 en funci\u00f3 de la situaci\u00f3 de cadascun dels nostres pacients. Alguns dels nostres pacients sol\u00b7liciten ser atesos per un <\/span><b>psic\u00f2leg online<\/b><span style=\"font-weight: 400;\"> i dur a terme la <\/span><b>ter\u00e0pia per Skype <\/b><span style=\"font-weight: 400;\">. La nostra manera d&#8217;atendre aquest tipus de demandes \u00e9s primer duent a terme una valoraci\u00f3 del cas en particular, descartant qualsevol tipus de contraindicaci\u00f3 per dur a terme una <\/span><b>ter\u00e0pia psicol\u00f2gica online<\/b><span style=\"font-weight: 400;\">.<\/span><\/p>\n<p><span style=\"font-weight: 400;\">Com ja esmentem, els nivells i tipus de depressi\u00f3 poden variar molt d&#8217;un cas a un altre. Potser tenen un origen similar, per\u00f2 la c\u00e0rrega emocional o les circumst\u00e0ncies que la generen no seran mai iguals. <\/span><\/p>\n<p><span style=\"font-weight: 400;\">Per\u00f2, per qu\u00e8 cercar un tractament en lloc de nom\u00e9s utilitzar f\u00e0rmacs? No totes les persones amb depressi\u00f3 volen rec\u00f3rrer a la medicaci\u00f3 per tractar-se&#8217;n. La nostra posici\u00f3 en aquest sentit \u00e9s que conv\u00e9 no desestimar el recurs farmacol\u00f2gic de manera general (en alguns casos resulta de gran ajuda per estabilitzar el pacient, sobretot en una fase inicial del tractament). Tot i aix\u00f2, sabem que el tractament de la depressi\u00f3 ha d&#8217;apuntar m\u00e9s enll\u00e0 de l&#8217;alleujament simptom\u00e0tic del malestar, \u00e9s a dir, s&#8217;ha d&#8217;adre\u00e7ar als desencadenants perqu\u00e8 el pacient pugui trobar solucions reals a aquest nivell. Per aix\u00f2 cal con\u00e8ixer primer els detalls que poden haver influ\u00eft en l&#8217;aparici\u00f3 del quadre depressiu per <strong>determinar la direcci\u00f3 del tractament<\/strong>.<\/span><\/p>\n<p><span style=\"font-weight: 400;\">La depressi\u00f3 \u00e9s, juntament amb l&#8217;ansietat, un dels principals motius de demanda terap\u00e8utica en un centre de psicologia cl\u00ednica. \u00c9s molt freq\u00fcent que la depressi\u00f3 vagi acompanyada de s\u00edmptomes ansiosos, cosa que fa incrementar el malestar del pacient. La psicoter\u00e0pia pot ser molt efectiva per a la depressi\u00f3 i ansietat. Cal que la persona amb depressi\u00f3 i ansietat estigui disposada a fer un tractament. Trobar una eixida dep\u00e8n, en bona mesura, d&#8217;aquest desig per trobar una eixida al problema. Aquest punt \u00e9s tan important com el tipus de tractament que es dugui a terme.<\/span><\/p>\n<p>&nbsp;<\/p>\n<h2>Casos de depressi\u00f3<\/h2>\n<h3>Trastorn depressiu m\u00e9s gran<\/h3>\n<p><span style=\"font-weight: 400;\">El m\u00e9s habitual i sol concentrar molts dels s\u00edmptomes. El pacient amb aquest tipus de depressi\u00f3 manifesta apatia, malenconia, inhibici\u00f3 psicomotriu&#8230; <\/span><\/p>\n<h3>Trastorn depressiu permanent<\/h3>\n<p><span style=\"font-weight: 400;\">Els casos m\u00e9s greus poden conduir a una depressi\u00f3 permanent o un estupor depressiu, arribant fins i tot a no voler moure&#8217;s, menjar o beure. \u00c9s un cas greu, per\u00f2 tamb\u00e9 \u00e9s possible tenir aven\u00e7os gr\u00e0cies a t\u00e8cniques cognitives enfocades a aquests casos. <\/span><\/p>\n<h3>Altres formes de depressi\u00f3<\/h3>\n<p><span style=\"font-weight: 400;\">Existeixen altres formes de depressi\u00f3 o trastorns molt relacionats amb la depressi\u00f3 que solen anar de la m\u00e0, en paral\u00b7lel. Depressi\u00f3 postpart, depressi\u00f3 at\u00edpica, trastorn ansi\u00f3s-depressiu, trastorn bipolar (en les fases depressives), ciclot\u00edmia, dist\u00edmia, trastorn afectiu estacional i depressi\u00f3 major amb caracter\u00edstiques psic\u00f2tiques (psicosi).<\/span><\/p>\n<p>&nbsp;<\/p>\n<h2>S\u00edmptomes de la depressi\u00f3<\/h2>\n<p><span style=\"font-weight: 400;\">Els s\u00edmptomes d&#8217;un estat depressiu depenen de cada persona, del tipus de depressi\u00f3 que es manifesta i de com ho faci, si est\u00e0 vinculada amb altres trastorns&#8230; En general, solen apar\u00e8ixer en major o menor mesura molts dels que esmentem a continuaci\u00f3.<\/span><\/p>\n<ul>\n<li style=\"font-weight: 400;\"><span style=\"font-weight: 400;\">Baix estat d&#8217;\u00e0nim i\/o irritabilitat.<\/span><\/li>\n<li style=\"font-weight: 400;\"><span style=\"font-weight: 400;\">Fatiga<\/span><\/li>\n<li style=\"font-weight: 400;\"><span style=\"font-weight: 400;\">Dificultat per dormir (o dormir massa)<\/span><\/li>\n<li style=\"font-weight: 400;\"><span style=\"font-weight: 400;\">La gana canvia desmesuradament. Sol ser habitual no menjar, per\u00f2 tamb\u00e9 menjar de m\u00e9s.<\/span><\/li>\n<li style=\"font-weight: 400;\"><span style=\"font-weight: 400;\">Aband\u00f3 de les tasques, aficions o activitats que se solien realitzar.<\/span><\/li>\n<li style=\"font-weight: 400;\"><span style=\"font-weight: 400;\">Sentiments d&#8217;autoculpa, odi o rebuig a un mateix. <\/span><\/li>\n<li style=\"font-weight: 400;\"><span style=\"font-weight: 400;\">\u201cS\u00f3c un in\u00fatil o no valc per a res\u201d <\/span><\/li>\n<li style=\"font-weight: 400;\"><span style=\"font-weight: 400;\">Dificultat per atendre o concentrar-se.<\/span><\/li>\n<li style=\"font-weight: 400;\"><span style=\"font-weight: 400;\">Sensaci\u00f3 de desesperan\u00e7a, por de l&#8217;aband\u00f3, solitud.<\/span><\/li>\n<li style=\"font-weight: 400;\"><span style=\"font-weight: 400;\">Poden apar\u00e8ixer sentiments constants al su\u00efcidi o tend\u00e8ncies.<\/span><\/li>\n<li style=\"font-weight: 400;\"><span style=\"font-weight: 400;\">P\u00e8rdua de gana sexual.<\/span><\/li>\n<li style=\"font-weight: 400;\"><span style=\"font-weight: 400;\">Moviments lents o r\u00e0pids; o molt descoordinats; poca estabilitat. Sentir que caiem o que no caminem ferms, per exemple.<\/span><\/li>\n<\/ul>\n<p><span style=\"font-weight: 400;\">Quan la depressi\u00f3 arriba, cal actuar com m\u00e9s aviat millor. \u00c9s possible tractar la depressi\u00f3 amb efic\u00e0cia. De vegades, la psicoter\u00e0pia suposa un punt d&#8217;inflexi\u00f3 per a les persones deprimides. El tractament psicol\u00f2gic t\u00e9 diferents enfocaments en funci\u00f3 de l&#8217;orientaci\u00f3 cl\u00ednica.<\/span><\/p>\n<p><span style=\"font-weight: 400;\">La ter\u00e0pia cognitiu conductual per a la depressi\u00f3, basa la seva intervenci\u00f3 en la <\/span><b>activaci\u00f3 conductual, aprendre a avaluar situacions, eliminar pensaments negatius i distorsions cognitives<span style=\"font-weight: 400;\">\u00a0(o saber com anar desterrant-los de la nostra ment fins que desapareguin), <\/span><b>aprendre processos d&#8217;interacci\u00f3 amb altres persones, ser conscients de la realitat, reduir nivells d&#8217;estr\u00e8s i ansietat i altres t\u00e8cniques de ter\u00e0pia cognitiu conductual, prevenir recaigudes, ter\u00e0pia de parella&#8230;<\/b><span style=\"font-weight: 400;\"> En alguns casos, va acompanyada de tractament farmacol\u00f2gic. <\/span><\/b><\/p>\n<p><span style=\"font-weight: 400;\">La psicoan\u00e0lisi facilita que el pacient amb depressi\u00f3 pugui alleujar el seu malestar per l&#8217;efecte de la paraula. A m\u00e9s, permet que pugueu saber m\u00e9s sobre els desencadenants de la depressi\u00f3 i descobrir solucions eficaces per mantenir l&#8217;estabilitat i evitar recaigudes.<\/span><\/p>\n","protected":false},"excerpt":{"rendered":"<p>D&#8217;acord amb els estudis realitzats per l&#8217;OMS (Organitzaci\u00f3 Mundial de la Salut) la depressi\u00f3 \u00e9s una afectaci\u00f3 molt m\u00e9s comuna del que podr\u00edem arribar a creure en un primer moment. \u00c9s un dels trastorns m\u00e9s freq\u00fcents en salut mental. De fet, avui dia, el 10% de la poblaci\u00f3 dels pa\u00efsos desenvolupats pateix depressi\u00f3, afectant en&hellip;<\/p>\n","protected":false},"author":5,"featured_media":0,"parent":0,"menu_order":0,"comment_status":"closed","ping_status":"closed","template":"","meta":{"footnotes":""},"class_list":["post-6240","page","type-page","status-publish","hentry","entry","no-media"],"yoast_head":"<!-- This site is optimized with the Yoast SEO plugin v24.6 - https:\/\/yoast.com\/wordpress\/plugins\/seo\/ -->\n<title>Tractament depressio. Psicoleg depressio. Terapia depressio<\/title>\n<meta name=\"description\" content=\"PSICOCL\u00cdNICA BARCELONA. Psic\u00f2legs de Barcelona amb efica\u00e7 tractament mitjan\u00e7ant ter\u00e0pia contra la depressi\u00f3\" \/>\n<meta name=\"robots\" content=\"index, follow, max-snippet:-1, max-image-preview:large, max-video-preview:-1\" \/>\n<link rel=\"canonical\" href=\"https:\/\/psicoclinicabarcelona.com\/ca\/psicolegs-tractament-depressio-barcelona\/\" \/>\n<meta property=\"og:locale\" content=\"ca_ES\" \/>\n<meta property=\"og:type\" content=\"article\" \/>\n<meta property=\"og:title\" content=\"Tractament depressio. Psicoleg depressio. Terapia depressio\" \/>\n<meta property=\"og:description\" content=\"PSICOCL\u00cdNICA BARCELONA. Psic\u00f2legs de Barcelona amb efica\u00e7 tractament mitjan\u00e7ant ter\u00e0pia contra la depressi\u00f3\" \/>\n<meta property=\"og:url\" content=\"https:\/\/psicoclinicabarcelona.com\/ca\/psicolegs-tractament-depressio-barcelona\/\" \/>\n<meta property=\"og:site_name\" content=\"Psicocl\u00ednica Barcelona\" \/>\n<meta property=\"article:publisher\" content=\"https:\/\/www.facebook.com\/PsicoclinicaBarcelona\/\" \/>\n<meta property=\"article:modified_time\" content=\"2023-04-21T12:08:05+00:00\" \/>\n<meta property=\"og:image\" content=\"https:\/\/psicoclinicabarcelona.com\/wp-content\/uploads\/2015\/04\/psicologos-barcelona.png\" \/>\n\t<meta property=\"og:image:width\" content=\"178\" \/>\n\t<meta property=\"og:image:height\" content=\"62\" \/>\n\t<meta property=\"og:image:type\" content=\"image\/png\" \/>\n<meta name=\"twitter:label1\" content=\"Temps estimat de lectura\" \/>\n\t<meta name=\"twitter:data1\" content=\"7 minuts\" \/>\n<script type=\"application\/ld+json\" class=\"yoast-schema-graph\">{\"@context\":\"https:\/\/schema.org\",\"@graph\":[{\"@type\":\"WebPage\",\"@id\":\"https:\/\/psicoclinicabarcelona.com\/ca\/psicolegs-tractament-depressio-barcelona\/\",\"url\":\"https:\/\/psicoclinicabarcelona.com\/ca\/psicolegs-tractament-depressio-barcelona\/\",\"name\":\"Tractament depressio. Psicoleg depressio. Terapia depressio\",\"isPartOf\":{\"@id\":\"https:\/\/psicoclinicabarcelona.com\/#website\"},\"datePublished\":\"2017-02-10T08:06:02+00:00\",\"dateModified\":\"2023-04-21T12:08:05+00:00\",\"description\":\"PSICOCL\u00cdNICA BARCELONA. Psic\u00f2legs de Barcelona amb efica\u00e7 tractament mitjan\u00e7ant ter\u00e0pia contra la depressi\u00f3\",\"breadcrumb\":{\"@id\":\"https:\/\/psicoclinicabarcelona.com\/ca\/psicolegs-tractament-depressio-barcelona\/#breadcrumb\"},\"inLanguage\":\"ca\",\"potentialAction\":[{\"@type\":\"ReadAction\",\"target\":[\"https:\/\/psicoclinicabarcelona.com\/ca\/psicolegs-tractament-depressio-barcelona\/\"]}]},{\"@type\":\"BreadcrumbList\",\"@id\":\"https:\/\/psicoclinicabarcelona.com\/ca\/psicolegs-tractament-depressio-barcelona\/#breadcrumb\",\"itemListElement\":[{\"@type\":\"ListItem\",\"position\":1,\"name\":\"Portada\",\"item\":\"https:\/\/psicoclinicabarcelona.com\/ca\/\"},{\"@type\":\"ListItem\",\"position\":2,\"name\":\"Tractament psicol\u00f2gic depressi\u00f3\"}]},{\"@type\":\"WebSite\",\"@id\":\"https:\/\/psicoclinicabarcelona.com\/#website\",\"url\":\"https:\/\/psicoclinicabarcelona.com\/\",\"name\":\"Psicocl\u00ednica Barcelona\",\"description\":\"Posiblemente el mejor psic\u00f3logo en Barcelona o la mejor psic\u00f3loga de Barcelona. Ll\u00e1manos sin compromiso al 935 414 478\",\"publisher\":{\"@id\":\"https:\/\/psicoclinicabarcelona.com\/#organization\"},\"alternateName\":\"Psicocl\u00ednica Barcelona\",\"potentialAction\":[{\"@type\":\"SearchAction\",\"target\":{\"@type\":\"EntryPoint\",\"urlTemplate\":\"https:\/\/psicoclinicabarcelona.com\/?s={search_term_string}\"},\"query-input\":{\"@type\":\"PropertyValueSpecification\",\"valueRequired\":true,\"valueName\":\"search_term_string\"}}],\"inLanguage\":\"ca\"},{\"@type\":\"Organization\",\"@id\":\"https:\/\/psicoclinicabarcelona.com\/#organization\",\"name\":\"Psicocl\u00ednica Barcelona\",\"alternateName\":\"Psicocl\u00ednica Barcelona\",\"url\":\"https:\/\/psicoclinicabarcelona.com\/\",\"logo\":{\"@type\":\"ImageObject\",\"inLanguage\":\"ca\",\"@id\":\"https:\/\/psicoclinicabarcelona.com\/#\/schema\/logo\/image\/\",\"url\":\"https:\/\/psicoclinicabarcelona.com\/wp-content\/uploads\/2015\/04\/psicologos-barcelona.png\",\"contentUrl\":\"https:\/\/psicoclinicabarcelona.com\/wp-content\/uploads\/2015\/04\/psicologos-barcelona.png\",\"width\":178,\"height\":62,\"caption\":\"Psicocl\u00ednica Barcelona\"},\"image\":{\"@id\":\"https:\/\/psicoclinicabarcelona.com\/#\/schema\/logo\/image\/\"},\"sameAs\":[\"https:\/\/www.facebook.com\/PsicoclinicaBarcelona\/\",\"https:\/\/x.com\/psicoclinicabcn\",\"https:\/\/www.linkedin.com\/company\/psicocl\u00ednica-barcelona\/\",\"https:\/\/www.instagram.com\/psicoclinicabarcelona\/\",\"https:\/\/www.youtube.com\/channel\/UCcc-5_wC56giASuT0XDr87Q\"]}]}<\/script>\n<!-- \/ Yoast SEO plugin. -->","yoast_head_json":{"title":"Tractament depressio. Psicoleg depressio. Terapia depressio","description":"PSICOCL\u00cdNICA BARCELONA. Psic\u00f2legs de Barcelona amb efica\u00e7 tractament mitjan\u00e7ant ter\u00e0pia contra la depressi\u00f3","robots":{"index":"index","follow":"follow","max-snippet":"max-snippet:-1","max-image-preview":"max-image-preview:large","max-video-preview":"max-video-preview:-1"},"canonical":"https:\/\/psicoclinicabarcelona.com\/ca\/psicolegs-tractament-depressio-barcelona\/","og_locale":"ca_ES","og_type":"article","og_title":"Tractament depressio. Psicoleg depressio. Terapia depressio","og_description":"PSICOCL\u00cdNICA BARCELONA. Psic\u00f2legs de Barcelona amb efica\u00e7 tractament mitjan\u00e7ant ter\u00e0pia contra la depressi\u00f3","og_url":"https:\/\/psicoclinicabarcelona.com\/ca\/psicolegs-tractament-depressio-barcelona\/","og_site_name":"Psicocl\u00ednica Barcelona","article_publisher":"https:\/\/www.facebook.com\/PsicoclinicaBarcelona\/","article_modified_time":"2023-04-21T12:08:05+00:00","og_image":[{"width":178,"height":62,"url":"https:\/\/psicoclinicabarcelona.com\/wp-content\/uploads\/2015\/04\/psicologos-barcelona.png","type":"image\/png"}],"twitter_misc":{"Temps estimat de lectura":"7 minuts"},"schema":{"@context":"https:\/\/schema.org","@graph":[{"@type":"WebPage","@id":"https:\/\/psicoclinicabarcelona.com\/ca\/psicolegs-tractament-depressio-barcelona\/","url":"https:\/\/psicoclinicabarcelona.com\/ca\/psicolegs-tractament-depressio-barcelona\/","name":"Tractament depressio. Psicoleg depressio. Terapia depressio","isPartOf":{"@id":"https:\/\/psicoclinicabarcelona.com\/#website"},"datePublished":"2017-02-10T08:06:02+00:00","dateModified":"2023-04-21T12:08:05+00:00","description":"PSICOCL\u00cdNICA BARCELONA. Psic\u00f2legs de Barcelona amb efica\u00e7 tractament mitjan\u00e7ant ter\u00e0pia contra la depressi\u00f3","breadcrumb":{"@id":"https:\/\/psicoclinicabarcelona.com\/ca\/psicolegs-tractament-depressio-barcelona\/#breadcrumb"},"inLanguage":"ca","potentialAction":[{"@type":"ReadAction","target":["https:\/\/psicoclinicabarcelona.com\/ca\/psicolegs-tractament-depressio-barcelona\/"]}]},{"@type":"BreadcrumbList","@id":"https:\/\/psicoclinicabarcelona.com\/ca\/psicolegs-tractament-depressio-barcelona\/#breadcrumb","itemListElement":[{"@type":"ListItem","position":1,"name":"Portada","item":"https:\/\/psicoclinicabarcelona.com\/ca\/"},{"@type":"ListItem","position":2,"name":"Tractament psicol\u00f2gic depressi\u00f3"}]},{"@type":"WebSite","@id":"https:\/\/psicoclinicabarcelona.com\/#website","url":"https:\/\/psicoclinicabarcelona.com\/","name":"Psicocl\u00ednica Barcelona","description":"Posiblemente el mejor psic\u00f3logo en Barcelona o la mejor psic\u00f3loga de Barcelona. Ll\u00e1manos sin compromiso al 935 414 478","publisher":{"@id":"https:\/\/psicoclinicabarcelona.com\/#organization"},"alternateName":"Psicocl\u00ednica Barcelona","potentialAction":[{"@type":"SearchAction","target":{"@type":"EntryPoint","urlTemplate":"https:\/\/psicoclinicabarcelona.com\/?s={search_term_string}"},"query-input":{"@type":"PropertyValueSpecification","valueRequired":true,"valueName":"search_term_string"}}],"inLanguage":"ca"},{"@type":"Organization","@id":"https:\/\/psicoclinicabarcelona.com\/#organization","name":"Psicocl\u00ednica Barcelona","alternateName":"Psicocl\u00ednica Barcelona","url":"https:\/\/psicoclinicabarcelona.com\/","logo":{"@type":"ImageObject","inLanguage":"ca","@id":"https:\/\/psicoclinicabarcelona.com\/#\/schema\/logo\/image\/","url":"https:\/\/psicoclinicabarcelona.com\/wp-content\/uploads\/2015\/04\/psicologos-barcelona.png","contentUrl":"https:\/\/psicoclinicabarcelona.com\/wp-content\/uploads\/2015\/04\/psicologos-barcelona.png","width":178,"height":62,"caption":"Psicocl\u00ednica Barcelona"},"image":{"@id":"https:\/\/psicoclinicabarcelona.com\/#\/schema\/logo\/image\/"},"sameAs":["https:\/\/www.facebook.com\/PsicoclinicaBarcelona\/","https:\/\/x.com\/psicoclinicabcn","https:\/\/www.linkedin.com\/company\/psicocl\u00ednica-barcelona\/","https:\/\/www.instagram.com\/psicoclinicabarcelona\/","https:\/\/www.youtube.com\/channel\/UCcc-5_wC56giASuT0XDr87Q"]}]}},"_links":{"self":[{"href":"https:\/\/psicoclinicabarcelona.com\/ca\/wp-json\/wp\/v2\/pages\/6240"}],"collection":[{"href":"https:\/\/psicoclinicabarcelona.com\/ca\/wp-json\/wp\/v2\/pages"}],"about":[{"href":"https:\/\/psicoclinicabarcelona.com\/ca\/wp-json\/wp\/v2\/types\/page"}],"author":[{"embeddable":true,"href":"https:\/\/psicoclinicabarcelona.com\/ca\/wp-json\/wp\/v2\/users\/5"}],"replies":[{"embeddable":true,"href":"https:\/\/psicoclinicabarcelona.com\/ca\/wp-json\/wp\/v2\/comments?post=6240"}],"version-history":[{"count":2,"href":"https:\/\/psicoclinicabarcelona.com\/ca\/wp-json\/wp\/v2\/pages\/6240\/revisions"}],"predecessor-version":[{"id":6242,"href":"https:\/\/psicoclinicabarcelona.com\/ca\/wp-json\/wp\/v2\/pages\/6240\/revisions\/6242"}],"wp:attachment":[{"href":"https:\/\/psicoclinicabarcelona.com\/ca\/wp-json\/wp\/v2\/media?parent=6240"}],"curies":[{"name":"wp","href":"https:\/\/api.w.org\/{rel}","templated":true}]}}