{"id":905,"date":"2015-05-06T14:26:19","date_gmt":"2015-05-06T14:26:19","guid":{"rendered":"http:\/\/psicoclinicabarcelona.com\/?page_id=905"},"modified":"2023-04-27T12:16:23","modified_gmt":"2023-04-27T10:16:23","slug":"preguntes-frequents","status":"publish","type":"page","link":"https:\/\/psicoclinicabarcelona.com\/ca\/preguntes-frequents\/","title":{"rendered":"Preguntes freq\u00fcents"},"content":{"rendered":"[vc_row][vc_column][vc_tta_tabs][vc_tta_section title=&#8221;Infantil&#8221; tab_id=&#8221;1658225399346-50f6d35d-7783&#8243;][vc_column_text]<img decoding=\"async\" class=\"aligncenter wp-image-737 size-full\" src=\"https:\/\/psicoclinicabarcelona.com\/wp-content\/uploads\/2015\/04\/psicologo-infantil-barcelona1.jpg\" alt=\"psicologo infantil barcelona\" width=\"693\" height=\"176\" srcset=\"https:\/\/psicoclinicabarcelona.com\/wp-content\/uploads\/2015\/04\/psicologo-infantil-barcelona1.jpg 693w, https:\/\/psicoclinicabarcelona.com\/wp-content\/uploads\/2015\/04\/psicologo-infantil-barcelona1-300x76.jpg 300w\" sizes=\"(max-width: 693px) 100vw, 693px\" \/>[\/vc_column_text][vc_toggle title=&#8221;M&#8217;acabo de separar, he de portar el meu fill a un psic\u00f2leg?&#8221;]El fet de separar-se no \u00e9s \u201cmotiu suficient\u201d com per a acudir a un professional de la psicologia, per\u00f2 tampoc \u00e9s una cosa descartable, sobretot si queden aspectes no tractats, explicitats o parlats prou amb el vostre fill, o b\u00e9 perqu\u00e8 s\u00f3n dif\u00edcils d\u2019abordar o b\u00e9 perqu\u00e8 no es troba la manera de fer-ho. Creiem que pot ser convenient parlar amb un especialista dels esdeveniments vitals pels quals transiten els nens, sobretot, si els pares entenen que poden estar en una situaci\u00f3 de risc. Per a m\u00e9s informaci\u00f3, consulteu\u00a0<strong><a href=\"https:\/\/psicoclinicabarcelona.com\/ca\/psicoleg-infantil-barcelona\/\">Psic\u00f2leg infantil Barcelona<\/a><\/strong>[\/vc_toggle][vc_toggle title=&#8221;Som pares adoptius o d&#8217;acollida, i tenim algunes q\u00fcestions que no sabem com plantejar-nos. Ens podeu ajudar?&#8221;]Per descomptat, partint de que cada situaci\u00f3 \u00e9s diferent, hi ha molts factors importants a tenir en compte tant en fam\u00edlies d\u2019adopci\u00f3 com a les d\u2019acollida, i una orientaci\u00f3 en aquests casos pot ser \u00fatil per a tota la fam\u00edlia ja que pot desbloquejar problemes de dif\u00edcil soluci\u00f3. Per a m\u00e9s informaci\u00f3, consulteu\u00a0<strong><a href=\"https:\/\/psicoclinicabarcelona.com\/ca\/psicoleg-infantil-barcelona\/\">Psic\u00f2leg infantil Barcelona<\/a><\/strong>[\/vc_toggle][vc_toggle title=&#8221;La nostra fam\u00edlia \u00e9s reconstru\u00efda, i crec que el meu fill ho est\u00e0 passant malament, he de consultar?&#8221;]En el moment en qu\u00e8 notem, percebem o tenim clar que el nostre fill no est\u00e0 passant per un bon moment, hem de ser francs amb nosaltres mateixos i pensar seriosament la posibilitat de sol\u00b7licitar la valoraci\u00f3 d\u2019un especialista. Hi ha situacions en la vida que encara que semblin banals tenen un gran impacte per a subjectes en ple desenvolupament, que a m\u00e9s no tenen els mateixos recursos que nosaltres, els adults, per explicar certes coses. En definitiva \u00e9s preferible abordar a temps segons quines q\u00fcestions abans de passar a majors. Per a m\u00e9s informaci\u00f3, consulteu\u00a0<strong><a href=\"https:\/\/psicoclinicabarcelona.com\/ca\/psicoleg-infantil-barcelona\/\">Psic\u00f2leg infantil Barcelona<\/a><\/strong>[\/vc_toggle][vc_toggle title=&#8221;Som una fam\u00edlia monoparental, crec que el meu fill no ho porta b\u00e9 del tot. Com puc fer per ajudar?&#8221;]El primer felicitar-te perqu\u00e8 ja est\u00e0s en aix\u00f2, el fet de moure\u2019t, buscar alternatives i informar-te, t\u2019ajudar\u00e0 a no continuar a cegues amb una situaci\u00f3 que sospites que ell pot estar vivint de manera angoixant. No ho dubtis, i tant si ell accepta deixar-se ajudar, com si de primeres, el teu fill no \u00e9s conscient, us oferim orientaci\u00f3 sobre quins passos donar, tant de cara a poder tractar el seu malestar com tamb\u00e9 el vostre. Per a m\u00e9s informaci\u00f3, consulteu\u00a0<strong><a href=\"https:\/\/psicoclinicabarcelona.com\/ca\/psicoleg-infantil-barcelona\/\">Psic\u00f2leg infantil Barcelona<\/a><\/strong>[\/vc_toggle][vc_toggle title=&#8221;Som pares gais, hauria el nostre fill d\u2019anar a ter\u00e0pia?&#8221;]Doncs no hi ha perqu\u00e8 inquietar-se si el vostre fill no pateix s\u00edmptomes que li causin gran malestar. El fet que els seus pares siguin o no siguin gais no \u00e9s relaci\u00f3 causa-efecte de psicopatologia en els fills, per\u00f2 com que no hi ha subjecte lliure de s\u00edmptomes ni angoixa, sempre recomanem en qualsevol conjuntura familiar, consultar amb un especialista quan alguns s\u00edmptomes apareixen o es resisteixen i ens serveixen d\u2019alarma indicant que alguna cosa no va b\u00e9. Per a m\u00e9s informaci\u00f3, consulteu\u00a0<strong><a href=\"https:\/\/psicoclinicabarcelona.com\/ca\/psicoleg-infantil-barcelona\/\">Psic\u00f2leg infantil Barcelona<\/a><\/strong>[\/vc_toggle][vc_toggle title=&#8221;Nosaltres estem b\u00e9, per\u00f2 hi ha coses que no sabem com ni quan dir-les al nostre fill. Ens podeu aconsellar? Podeu parlar amb ell?&#8221;]Per descomptat que s\u00ed, un no ve al m\u00f3n, afortunadament, amb el llibre d\u2019instruccions per a pares, per tant, si davant qualsevol tema, pregunta o q\u00fcesti\u00f3 un es planteja com fer-ho i com enfocar de cara al seu fill, nosaltres estem disposats a oferir un lloc on poder conversar (tant amb vost\u00e8 com amb el seu fill) i poder acompanyar-vos a que el vostre fill pugui elaborar les seves pr\u00f2pies respostes davant les diferents situacions personals. Per a m\u00e9s informaci\u00f3, consulteu\u00a0<strong><a href=\"https:\/\/psicoclinicabarcelona.com\/ca\/psicoleg-infantil-barcelona\/\">Psic\u00f2leg infantil Barcelona<\/a><\/strong>[\/vc_toggle][vc_toggle title=&#8221;A casa estem passant per un mal moment, qu\u00e8 podem fer?&#8221;]Nosaltres sempre diem el mateix, no hi ha perqu\u00e8 aguantar, esperar o mirar a una altra banda, aix\u00f2 sempre complica encara m\u00e9s les coses i no es perd res per consultar i veure qu\u00e8 passa. Un despr\u00e9s sempre tria i decideix amb aix\u00f2, un pot decidir seguir endavant, fins on les seves forces li portin i altres en canvi, la seva decisi\u00f3 pot ser la de resoldre el malestar pel qual consulta i aturar-se aqu\u00ed. Per a m\u00e9s informaci\u00f3, consulteu\u00a0<strong><a href=\"https:\/\/psicoclinicabarcelona.com\/ca\/psicoleg-infantil-barcelona\/\">Psic\u00f2leg infantil Barcelona<\/a><\/strong>[\/vc_toggle][vc_toggle title=&#8221;Sospito que al meu fill li passa alguna cosa, per\u00f2 a mi no m&#8217;ho vol dir, amb mi no vol parlar, a mi no m&#8217;explica res&#8230; Podeu ajudar-lo vosaltres?&#8221;]Per descomptat, com \u00e9s comprensible segons quins temes de la vida o quines circumst\u00e0ncies en la vida dels nostres fills s\u00f3n complicades de parlar amb els seus propis pares. A Psicocl\u00ednica Barcelona sempre tendim cap a un clima relaxat on es puguin donar les condicions necess\u00e0ries perqu\u00e8 els nens\/es, nois\/es, puguin desenvolupar un treball psicoterap\u00e8utic que ajudi a tractar amb el seu malestar o amb les preocupacions de la seva vida di\u00e0ria. Per a m\u00e9s informaci\u00f3, consulteu\u00a0<strong><a href=\"https:\/\/psicoclinicabarcelona.com\/ca\/psicoleg-infantil-barcelona\/\">Psic\u00f2leg infantil Barcelona<\/a><\/strong>[\/vc_toggle][vc_toggle title=&#8221;No entenem algunes coses que fa o diu el nostre fill, podeu ajudar-nos i ajudar-lo en relaci\u00f3 a la seva orientaci\u00f3 i identitat sexual?&#8221;]\u00c9s clar que s\u00ed, no \u00e9s un tema f\u00e0cil ni senzill i hem d\u2019evitar caure en prejudicis, dogmes o filosofia barata. Aquests assumptes poden fer patir molt als nois i noies, fins i tot a nens petits, sobretot si els seus pares (i tampoc ells) no estan ben orientats i tranquils en aquest sentit. Es tracta de poder acompanyar-los de la bona manera en els moments claus de la seva vida, en les seves decisions i en el seu desig respecte al cam\u00ed a escollir. Per a m\u00e9s informaci\u00f3, consulteu\u00a0<strong><a href=\"https:\/\/psicoclinicabarcelona.com\/ca\/psicoleg-infantil-barcelona\/\">Psic\u00f2leg infantil Barcelona<\/a><\/strong>[\/vc_toggle][vc_toggle title=&#8221;Estem preocupats perqu\u00e8 el nostre fill no ens mira, sembla que no escolta i que est\u00e0 en el seu m\u00f3n constantment &#8230; he de consultar?&#8221;]Sense cap dubte han de consultar i posteriorment ja es veur\u00e0 a qu\u00e8 respon aquesta conducta, si es tracta d\u2019una resposta reactiva del seu fill a alguna situaci\u00f3 en particular o es tracta m\u00e9s aviat d\u2019una elecci\u00f3 for\u00e7osa i inconscient que marcaria de manera estructural una manera diferent i singular d\u2019estar al m\u00f3n. Per a m\u00e9s informaci\u00f3, consulteu\u00a0<strong><a href=\"https:\/\/psicoclinicabarcelona.com\/ca\/psicoleg-infantil-barcelona\/\">Psic\u00f2leg infantil Barcelona<\/a><\/strong>[\/vc_toggle][vc_toggle title=&#8221;El meu fill no \u00e9s normal si t\u00e9 alguna cosa d&#8217;aix\u00f2?&#8221;]No hi ha cap subjecte lliure de s\u00edmptoma. No existeix la suposada normalitat i la franja que divideix patologia de \u201cnormalitat\u201d \u00e9s de vegades molt difusa. Tot i aix\u00f2, si teniu dubtes, esteu angoixats o simplement preocupats per algun motiu, podeu realitzat una consulta. No ens cansem de repetir que tot \u00e9s molt m\u00e9s sa quan es pot dialogar, conversar i quan es d\u00f3na peu a obrir preguntes i q\u00fcestions sobre assumptes que potser mai hagu\u00e9ssim pensat que eren de major transcend\u00e8ncia. Per a m\u00e9s informaci\u00f3, consulteu\u00a0<strong><a href=\"https:\/\/psicoclinicabarcelona.com\/ca\/psicoleg-infantil-barcelona\/\">Psic\u00f2leg infantil Barcelona<\/a><\/strong>[\/vc_toggle][vc_toggle title=&#8221;El meu fill adolescent no m&#8217;escolta i no em far\u00e0 cas si li dic que vagi, puc anar jo per ell?&#8221;]S\u00ed. Hi ha situacions que no es desbloquegen fins que un no fa el pas, i pel simple ( i no tan simple) fet d\u2019acudir a un especialista i consultar suposa en molts casos la possibilitat de veure altres vies, altres opcions que en un primer moment ens havien passat totalment desapercebudes. Per a m\u00e9s informaci\u00f3, consulteu\u00a0<strong><a href=\"https:\/\/psicoclinicabarcelona.com\/ca\/psicoleg-infantil-barcelona\/\">Psic\u00f2leg infantil Barcelona<\/a><\/strong>[\/vc_toggle][vc_toggle title=&#8221;Treballeu nom\u00e9s amb el noi\/a o ens ajudeu tamb\u00e9 a nosaltres? Us coordineu tamb\u00e9 amb l&#8217;escola?&#8221;]Evidentment un nen\/a o un noi\/a no es pot pensar sense els seus pares i sense el seu entorn m\u00e9s directe. Per descomptat que ens asseurem amb vosaltres, per\u00f2 sense perdre de vista que el pes i la conducci\u00f3 del seu propi proc\u00e9s terap\u00e8utic, recau en el propi subjecte, en aquest cas, el vostre fill. En relaci\u00f3 a l\u2019escola, alguns casos ens demanen m\u00e0xima coordinaci\u00f3 i en altres, en canvi, m\u00e0xima discreci\u00f3. L\u2019escola i Psicocl\u00ednica Barcelona s\u00f3n \u00e0mbits totalment diferents i separats i cal mantenir les seves particularitats preservades. De qualsevol manera tot aix\u00f2 es valora cas per cas. Per a m\u00e9s informaci\u00f3, consulteu\u00a0<strong><a href=\"https:\/\/psicoclinicabarcelona.com\/ca\/psicoleg-infantil-barcelona\/\">Psic\u00f2leg infantil Barcelona<\/a><\/strong>[\/vc_toggle][\/vc_tta_section][vc_tta_section title=&#8221;Adolescents&#8221; tab_id=&#8221;1658225399357-4d7790d0-6a16&#8243;][vc_column_text]<img decoding=\"async\" class=\"aligncenter wp-image-735 size-full\" src=\"https:\/\/psicoclinicabarcelona.com\/wp-content\/uploads\/2015\/04\/psicologo-adolescentes-barcelona1.jpg\" alt=\"psicologo adolescentes barcelona\" width=\"693\" height=\"176\" srcset=\"https:\/\/psicoclinicabarcelona.com\/wp-content\/uploads\/2015\/04\/psicologo-adolescentes-barcelona1.jpg 693w, https:\/\/psicoclinicabarcelona.com\/wp-content\/uploads\/2015\/04\/psicologo-adolescentes-barcelona1-300x76.jpg 300w\" sizes=\"(max-width: 693px) 100vw, 693px\" \/>[\/vc_column_text][vc_toggle title=&#8221;No vull semblar un boig&#8221;]Aquestes coses que et dius a tu mateix no sabem si t\u2019ajuden massa. Tots patim per alguna cosa, i la paraula ens condiciona, sin\u00f3 vols que aquest patiment sigui insuportable podem donar-te un cop de m\u00e0.[\/vc_toggle][vc_toggle title=&#8221;No vull que els meus pares s&#8217;assabentin&#8221;]D\u2019acord. Has de tenir clar que el que tu expliquis aqu\u00ed \u00e9s absolutament confidencial, per\u00f2 sempre hem d\u2019establir unes bases de mutu acord. Haurem de pensar qu\u00e8 fer i com fer-ho.[\/vc_toggle][vc_toggle title=&#8221;No vull parlar amb loqueros&#8221;]Ni nosaltres tampoc, per aix\u00f2 aqu\u00ed no els trobar\u00e0s![\/vc_toggle][vc_toggle title=&#8221;Puc anar acompanyat de qui jo vulgui?&#8221;]Faltaria m\u00e9s que no poguessis decidir qui t\u2019acompanya i qui no. Sabem que venir acompanyat pot fer-te sentir m\u00e9s segur, per \u00e9s important que siguis tu, qui pugui decidir si vols venir acompanyat o no.[\/vc_toggle][vc_toggle title=&#8221;No crec molt en tot aix\u00f2, de veritat podeu ajudar-me?&#8221;]\n<div class=\"panel-heading\">\n<h4 class=\"panel-title toggle\"><a href=\"https:\/\/psicoclinicabarcelona.com\/ca\/preguntes-frequents\/#b28af26dbcf0c6a0a\" data-toggle=\"collapse\" data-parent=\"#accordion-2\" data-target=\"#b28af26dbcf0c6a0a\">No crec molt en tot aix\u00f2, de veritat podeu ajudar-me?<\/a><\/h4>\n<\/div>\n<div id=\"b28af26dbcf0c6a0a\" class=\"panel-collapse collapse \">\n<div class=\"panel-body toggle-content\">Doncs dep\u00e8n, i dep\u00e8n de molts factors, nosaltres posem tota la carn a la graella, per\u00f2 ets tu, en \u00faltima inst\u00e0ncia, que igual que decideixes venir tamb\u00e9 decideixes si ajudar-te i com ajudar-te. El que s\u00ed et podem dir ja des d\u2019aquest moment, \u00e9s que el fet de venir, de consultar, de parlar i de reflexionar, pot canviar les coses.<\/div>\n<\/div>\n[\/vc_toggle][vc_toggle title=&#8221;Jo no estic malament, per\u00f2 m&#8217;aniria b\u00e9 poder parlar algunes coses\u2026&#8221;]Respectem el ritme, els temps i la particularitat de cadasc\u00fa. Tu marques el pas, nosaltres t\u2019anirem acompanyant i oferint les condicions necess\u00e0ries perqu\u00e8 es pugui donar un treball psicoterap\u00e8utic que et permeti tractar el teu malestar.[\/vc_toggle][\/vc_tta_section][vc_tta_section title=&#8221;Adults&#8221; tab_id=&#8221;1658225422663-7c8fda76-ab83&#8243;][vc_column_text]<img decoding=\"async\" class=\"aligncenter wp-image-736 size-full\" src=\"https:\/\/psicoclinicabarcelona.com\/wp-content\/uploads\/2015\/04\/psicologo-adultos-barcelona1.jpg\" alt=\"psicologo adultos barcelona\" width=\"693\" height=\"176\" srcset=\"https:\/\/psicoclinicabarcelona.com\/wp-content\/uploads\/2015\/04\/psicologo-adultos-barcelona1.jpg 693w, https:\/\/psicoclinicabarcelona.com\/wp-content\/uploads\/2015\/04\/psicologo-adultos-barcelona1-300x76.jpg 300w\" sizes=\"(max-width: 693px) 100vw, 693px\" \/>[\/vc_column_text][vc_toggle title=&#8221;Puc consultar si ho estic passant malament, per\u00f2 en canvi no tinc cap diagn\u00f2stic?&#8221;]Evidentment que s\u00ed. Les classificacions (i diagn\u00f2stics cl\u00ednics) son eines per tal de que els professionals poguem entendre\u2019ns entre nosaltres, per\u00f2 no ens diuen res del que li passa subjectivament a una persona, aix\u00f2 nom\u00e9s ho pot saber un mateix.[\/vc_toggle][vc_toggle title=&#8221;\u00c9s ara el moment de consultar o podria esperar m\u00e9s encara?&#8221;]L\u2019espera es pot eternitzar i sempre trobarem excuses per no afrontar la veritat cara a cara. En aquests casos, els problemes nom\u00e9s poden que agreujar-se. La ing\u00e8nua idea de que deixant passar el temps es resoldran les coses, nom\u00e9s ens porta a camins sense sortida. No hi ha per qu\u00e8 aguantar, un pot estar en aquesta vida de moltes maneres possibles i es pot aspirar a ser m\u00e9s lliure en les eleccions que fa cadasc\u00fa.[\/vc_toggle][vc_toggle title=&#8221;\u00c9s estrictament confidencial?&#8221;]\u00d2bviament S\u00ed. Tenim una clara posici\u00f3 \u00e8tica al respecte. \u00c9s un principi fonamental de la nostra pr\u00e0ctica cl\u00ednica.[\/vc_toggle][vc_toggle title=&#8221;Em compromet a alguna cosa?&#8221;]\n<div class=\"fusion-panel panel-default\">\n<div id=\"f3e75258fd8bb77c4\" class=\"panel-collapse collapse \">\n<div class=\"panel-body toggle-content\">Et compromets tu amb tu mateix, amb la teva paraula i amb la teva veritat. La teva vida \u00e9s responsabilitat teva, aix\u00ed com les eleccions i decisions que en ella prenguis. Et podem ajudar a triar amb m\u00e9s llibertat i no dependre tant dels altres, ni dels teus propis s\u00edmptomes.<\/div>\n<\/div>\n<\/div>\n[\/vc_toggle][vc_toggle title=&#8221;Deixar\u00e9 de patir per sempre?&#8221;]\n<div class=\"fusion-panel panel-default\">\n<div id=\"294c1885b63fdecb6\" class=\"panel-collapse collapse \">\n<div class=\"panel-body toggle-content\">Els ideals moltes vegades ens ajuden com a motor per aconseguir i per aspirar a moltes coses a la vida. Per\u00f2 altres vegades ens asfixien, ens aixafen i no ens deixen progressar d\u2019una manera sana i conforme a la nostra realitat. Pretendre impossibles \u00e9s font i causa de profund malestar i de cont\u00ednues frustracions.<\/div>\n<\/div>\n<\/div>\n[\/vc_toggle][vc_toggle title=&#8221;Ser\u00e9 feli\u00e7 d&#8217;una vegada per totes?&#8221;]Dep\u00e8n del que per a tu sigui ser feli\u00e7. Si b\u00e9 no hi ha un estat de plenitud i de benestar total, un pot sentir-se millor amb si mateix i amb els altres, aix\u00ed com portar una vida m\u00e9s aut\u00e8ntica i orientada per un desig propi.[\/vc_toggle][vc_toggle title=&#8221;Aconseguir\u00e9 tot el que vull?&#8221;]Ens regim pel principi del No tot. Mai ning\u00fa t\u00e9 tot el que vol i sobretot. Obrirem una pregunta: vols realment tot el que desitges? Avisem ja, que no \u00e9s de f\u00e0cil resposta.[\/vc_toggle][vc_toggle title=&#8221;Entendr\u00e9 una mica el que em passa realment?&#8221;]Cadasc\u00fa, a trav\u00e9s del seu recorregut, pot trobar el sentit de la seva traject\u00f2ria particular, amb les seves anades i vingudes. Respondre a les seves pr\u00f2pies preguntes i pot discernir al final d\u2019un proc\u00e9s terap\u00e8utic, all\u00f2 que fa refer\u00e8ncia al seu propi desig. Es tracta de con\u00e8ixer m\u00e9s sobre un mateix i aix\u00ed poder triar els camins de la vida, d\u2019una manera m\u00e9s lliure i no tan condicionada pels propis s\u00edmptomes.[\/vc_toggle][\/vc_tta_section][\/vc_tta_tabs][\/vc_column][\/vc_row]\n","protected":false},"excerpt":{"rendered":"<p>[vc_row][vc_column][vc_tta_tabs][vc_tta_section title=&#8221;Infantil&#8221; tab_id=&#8221;1658225399346-50f6d35d-7783&#8243;][vc_column_text][\/vc_column_text][vc_toggle title=&#8221;M&#8217;acabo de separar, he de portar el meu fill a un psic\u00f2leg?&#8221;]El fet de separar-se no \u00e9s \u201cmotiu suficient\u201d com per a acudir a un professional de la psicologia, per\u00f2 tampoc \u00e9s una cosa descartable, sobretot si queden aspectes no tractats, explicitats o parlats prou amb el vostre fill, o b\u00e9 perqu\u00e8&hellip;<\/p>\n","protected":false},"author":5,"featured_media":0,"parent":0,"menu_order":0,"comment_status":"open","ping_status":"open","template":"","meta":{"footnotes":""},"class_list":["post-905","page","type-page","status-publish","hentry","entry","no-media"],"yoast_head":"<!-- This site is optimized with the Yoast SEO plugin v24.6 - https:\/\/yoast.com\/wordpress\/plugins\/seo\/ -->\n<title>Preguntes freq\u00fcents<\/title>\n<meta name=\"description\" content=\"Psic\u00f2legs Barcelona, psic\u00f2leg infantil Barcelona, psic\u00f2leg adolescents Barcelona, psic\u00f2leg adults Barcelona, cridi 640 067 146.\" \/>\n<meta name=\"robots\" content=\"index, follow, max-snippet:-1, max-image-preview:large, max-video-preview:-1\" \/>\n<link rel=\"canonical\" href=\"https:\/\/psicoclinicabarcelona.com\/ca\/preguntes-frequents\/\" \/>\n<meta property=\"og:locale\" content=\"ca_ES\" \/>\n<meta property=\"og:type\" content=\"article\" \/>\n<meta property=\"og:title\" content=\"Preguntes freq\u00fcents\" \/>\n<meta property=\"og:description\" content=\"Psic\u00f2legs Barcelona, psic\u00f2leg infantil Barcelona, psic\u00f2leg adolescents Barcelona, psic\u00f2leg adults Barcelona, cridi 640 067 146.\" \/>\n<meta property=\"og:url\" content=\"https:\/\/psicoclinicabarcelona.com\/ca\/preguntes-frequents\/\" \/>\n<meta property=\"og:site_name\" content=\"Psicocl\u00ednica Barcelona\" \/>\n<meta property=\"article:publisher\" content=\"https:\/\/www.facebook.com\/PsicoclinicaBarcelona\/\" \/>\n<meta property=\"article:modified_time\" content=\"2023-04-27T10:16:23+00:00\" \/>\n<meta property=\"og:image\" content=\"https:\/\/psicoclinicabarcelona.com\/wp-content\/uploads\/2015\/04\/psicologo-infantil-barcelona1.jpg\" \/>\n<meta name=\"twitter:label1\" content=\"Temps estimat de lectura\" \/>\n\t<meta name=\"twitter:data1\" content=\"10 minuts\" \/>\n<script type=\"application\/ld+json\" class=\"yoast-schema-graph\">{\"@context\":\"https:\/\/schema.org\",\"@graph\":[{\"@type\":\"WebPage\",\"@id\":\"https:\/\/psicoclinicabarcelona.com\/ca\/preguntes-frequents\/\",\"url\":\"https:\/\/psicoclinicabarcelona.com\/ca\/preguntes-frequents\/\",\"name\":\"Preguntes freq\u00fcents\",\"isPartOf\":{\"@id\":\"https:\/\/psicoclinicabarcelona.com\/#website\"},\"primaryImageOfPage\":{\"@id\":\"https:\/\/psicoclinicabarcelona.com\/ca\/preguntes-frequents\/#primaryimage\"},\"image\":{\"@id\":\"https:\/\/psicoclinicabarcelona.com\/ca\/preguntes-frequents\/#primaryimage\"},\"thumbnailUrl\":\"https:\/\/psicoclinicabarcelona.com\/wp-content\/uploads\/2015\/04\/psicologo-infantil-barcelona1.jpg\",\"datePublished\":\"2015-05-06T14:26:19+00:00\",\"dateModified\":\"2023-04-27T10:16:23+00:00\",\"description\":\"Psic\u00f2legs Barcelona, psic\u00f2leg infantil Barcelona, psic\u00f2leg adolescents Barcelona, psic\u00f2leg adults Barcelona, cridi 640 067 146.\",\"breadcrumb\":{\"@id\":\"https:\/\/psicoclinicabarcelona.com\/ca\/preguntes-frequents\/#breadcrumb\"},\"inLanguage\":\"ca\",\"potentialAction\":[{\"@type\":\"ReadAction\",\"target\":[\"https:\/\/psicoclinicabarcelona.com\/ca\/preguntes-frequents\/\"]}]},{\"@type\":\"ImageObject\",\"inLanguage\":\"ca\",\"@id\":\"https:\/\/psicoclinicabarcelona.com\/ca\/preguntes-frequents\/#primaryimage\",\"url\":\"https:\/\/psicoclinicabarcelona.com\/wp-content\/uploads\/2015\/04\/psicologo-infantil-barcelona1.jpg\",\"contentUrl\":\"https:\/\/psicoclinicabarcelona.com\/wp-content\/uploads\/2015\/04\/psicologo-infantil-barcelona1.jpg\"},{\"@type\":\"BreadcrumbList\",\"@id\":\"https:\/\/psicoclinicabarcelona.com\/ca\/preguntes-frequents\/#breadcrumb\",\"itemListElement\":[{\"@type\":\"ListItem\",\"position\":1,\"name\":\"Portada\",\"item\":\"https:\/\/psicoclinicabarcelona.com\/ca\/\"},{\"@type\":\"ListItem\",\"position\":2,\"name\":\"Preguntes freq\u00fcents\"}]},{\"@type\":\"WebSite\",\"@id\":\"https:\/\/psicoclinicabarcelona.com\/#website\",\"url\":\"https:\/\/psicoclinicabarcelona.com\/\",\"name\":\"Psicocl\u00ednica Barcelona\",\"description\":\"Posiblemente el mejor psic\u00f3logo en Barcelona o la mejor psic\u00f3loga de Barcelona. Ll\u00e1manos sin compromiso al 935 414 478\",\"publisher\":{\"@id\":\"https:\/\/psicoclinicabarcelona.com\/#organization\"},\"alternateName\":\"Psicocl\u00ednica Barcelona\",\"potentialAction\":[{\"@type\":\"SearchAction\",\"target\":{\"@type\":\"EntryPoint\",\"urlTemplate\":\"https:\/\/psicoclinicabarcelona.com\/?s={search_term_string}\"},\"query-input\":{\"@type\":\"PropertyValueSpecification\",\"valueRequired\":true,\"valueName\":\"search_term_string\"}}],\"inLanguage\":\"ca\"},{\"@type\":\"Organization\",\"@id\":\"https:\/\/psicoclinicabarcelona.com\/#organization\",\"name\":\"Psicocl\u00ednica Barcelona\",\"alternateName\":\"Psicocl\u00ednica Barcelona\",\"url\":\"https:\/\/psicoclinicabarcelona.com\/\",\"logo\":{\"@type\":\"ImageObject\",\"inLanguage\":\"ca\",\"@id\":\"https:\/\/psicoclinicabarcelona.com\/#\/schema\/logo\/image\/\",\"url\":\"https:\/\/psicoclinicabarcelona.com\/wp-content\/uploads\/2015\/04\/psicologos-barcelona.png\",\"contentUrl\":\"https:\/\/psicoclinicabarcelona.com\/wp-content\/uploads\/2015\/04\/psicologos-barcelona.png\",\"width\":178,\"height\":62,\"caption\":\"Psicocl\u00ednica Barcelona\"},\"image\":{\"@id\":\"https:\/\/psicoclinicabarcelona.com\/#\/schema\/logo\/image\/\"},\"sameAs\":[\"https:\/\/www.facebook.com\/PsicoclinicaBarcelona\/\",\"https:\/\/x.com\/psicoclinicabcn\",\"https:\/\/www.linkedin.com\/company\/psicocl\u00ednica-barcelona\/\",\"https:\/\/www.instagram.com\/psicoclinicabarcelona\/\",\"https:\/\/www.youtube.com\/channel\/UCcc-5_wC56giASuT0XDr87Q\"]}]}<\/script>\n<!-- \/ Yoast SEO plugin. -->","yoast_head_json":{"title":"Preguntes freq\u00fcents","description":"Psic\u00f2legs Barcelona, psic\u00f2leg infantil Barcelona, psic\u00f2leg adolescents Barcelona, psic\u00f2leg adults Barcelona, cridi 640 067 146.","robots":{"index":"index","follow":"follow","max-snippet":"max-snippet:-1","max-image-preview":"max-image-preview:large","max-video-preview":"max-video-preview:-1"},"canonical":"https:\/\/psicoclinicabarcelona.com\/ca\/preguntes-frequents\/","og_locale":"ca_ES","og_type":"article","og_title":"Preguntes freq\u00fcents","og_description":"Psic\u00f2legs Barcelona, psic\u00f2leg infantil Barcelona, psic\u00f2leg adolescents Barcelona, psic\u00f2leg adults Barcelona, cridi 640 067 146.","og_url":"https:\/\/psicoclinicabarcelona.com\/ca\/preguntes-frequents\/","og_site_name":"Psicocl\u00ednica Barcelona","article_publisher":"https:\/\/www.facebook.com\/PsicoclinicaBarcelona\/","article_modified_time":"2023-04-27T10:16:23+00:00","og_image":[{"url":"https:\/\/psicoclinicabarcelona.com\/wp-content\/uploads\/2015\/04\/psicologo-infantil-barcelona1.jpg","type":"","width":"","height":""}],"twitter_misc":{"Temps estimat de lectura":"10 minuts"},"schema":{"@context":"https:\/\/schema.org","@graph":[{"@type":"WebPage","@id":"https:\/\/psicoclinicabarcelona.com\/ca\/preguntes-frequents\/","url":"https:\/\/psicoclinicabarcelona.com\/ca\/preguntes-frequents\/","name":"Preguntes freq\u00fcents","isPartOf":{"@id":"https:\/\/psicoclinicabarcelona.com\/#website"},"primaryImageOfPage":{"@id":"https:\/\/psicoclinicabarcelona.com\/ca\/preguntes-frequents\/#primaryimage"},"image":{"@id":"https:\/\/psicoclinicabarcelona.com\/ca\/preguntes-frequents\/#primaryimage"},"thumbnailUrl":"https:\/\/psicoclinicabarcelona.com\/wp-content\/uploads\/2015\/04\/psicologo-infantil-barcelona1.jpg","datePublished":"2015-05-06T14:26:19+00:00","dateModified":"2023-04-27T10:16:23+00:00","description":"Psic\u00f2legs Barcelona, psic\u00f2leg infantil Barcelona, psic\u00f2leg adolescents Barcelona, psic\u00f2leg adults Barcelona, cridi 640 067 146.","breadcrumb":{"@id":"https:\/\/psicoclinicabarcelona.com\/ca\/preguntes-frequents\/#breadcrumb"},"inLanguage":"ca","potentialAction":[{"@type":"ReadAction","target":["https:\/\/psicoclinicabarcelona.com\/ca\/preguntes-frequents\/"]}]},{"@type":"ImageObject","inLanguage":"ca","@id":"https:\/\/psicoclinicabarcelona.com\/ca\/preguntes-frequents\/#primaryimage","url":"https:\/\/psicoclinicabarcelona.com\/wp-content\/uploads\/2015\/04\/psicologo-infantil-barcelona1.jpg","contentUrl":"https:\/\/psicoclinicabarcelona.com\/wp-content\/uploads\/2015\/04\/psicologo-infantil-barcelona1.jpg"},{"@type":"BreadcrumbList","@id":"https:\/\/psicoclinicabarcelona.com\/ca\/preguntes-frequents\/#breadcrumb","itemListElement":[{"@type":"ListItem","position":1,"name":"Portada","item":"https:\/\/psicoclinicabarcelona.com\/ca\/"},{"@type":"ListItem","position":2,"name":"Preguntes freq\u00fcents"}]},{"@type":"WebSite","@id":"https:\/\/psicoclinicabarcelona.com\/#website","url":"https:\/\/psicoclinicabarcelona.com\/","name":"Psicocl\u00ednica Barcelona","description":"Posiblemente el mejor psic\u00f3logo en Barcelona o la mejor psic\u00f3loga de Barcelona. Ll\u00e1manos sin compromiso al 935 414 478","publisher":{"@id":"https:\/\/psicoclinicabarcelona.com\/#organization"},"alternateName":"Psicocl\u00ednica Barcelona","potentialAction":[{"@type":"SearchAction","target":{"@type":"EntryPoint","urlTemplate":"https:\/\/psicoclinicabarcelona.com\/?s={search_term_string}"},"query-input":{"@type":"PropertyValueSpecification","valueRequired":true,"valueName":"search_term_string"}}],"inLanguage":"ca"},{"@type":"Organization","@id":"https:\/\/psicoclinicabarcelona.com\/#organization","name":"Psicocl\u00ednica Barcelona","alternateName":"Psicocl\u00ednica Barcelona","url":"https:\/\/psicoclinicabarcelona.com\/","logo":{"@type":"ImageObject","inLanguage":"ca","@id":"https:\/\/psicoclinicabarcelona.com\/#\/schema\/logo\/image\/","url":"https:\/\/psicoclinicabarcelona.com\/wp-content\/uploads\/2015\/04\/psicologos-barcelona.png","contentUrl":"https:\/\/psicoclinicabarcelona.com\/wp-content\/uploads\/2015\/04\/psicologos-barcelona.png","width":178,"height":62,"caption":"Psicocl\u00ednica Barcelona"},"image":{"@id":"https:\/\/psicoclinicabarcelona.com\/#\/schema\/logo\/image\/"},"sameAs":["https:\/\/www.facebook.com\/PsicoclinicaBarcelona\/","https:\/\/x.com\/psicoclinicabcn","https:\/\/www.linkedin.com\/company\/psicocl\u00ednica-barcelona\/","https:\/\/www.instagram.com\/psicoclinicabarcelona\/","https:\/\/www.youtube.com\/channel\/UCcc-5_wC56giASuT0XDr87Q"]}]}},"_links":{"self":[{"href":"https:\/\/psicoclinicabarcelona.com\/ca\/wp-json\/wp\/v2\/pages\/905"}],"collection":[{"href":"https:\/\/psicoclinicabarcelona.com\/ca\/wp-json\/wp\/v2\/pages"}],"about":[{"href":"https:\/\/psicoclinicabarcelona.com\/ca\/wp-json\/wp\/v2\/types\/page"}],"author":[{"embeddable":true,"href":"https:\/\/psicoclinicabarcelona.com\/ca\/wp-json\/wp\/v2\/users\/5"}],"replies":[{"embeddable":true,"href":"https:\/\/psicoclinicabarcelona.com\/ca\/wp-json\/wp\/v2\/comments?post=905"}],"version-history":[{"count":13,"href":"https:\/\/psicoclinicabarcelona.com\/ca\/wp-json\/wp\/v2\/pages\/905\/revisions"}],"predecessor-version":[{"id":6413,"href":"https:\/\/psicoclinicabarcelona.com\/ca\/wp-json\/wp\/v2\/pages\/905\/revisions\/6413"}],"wp:attachment":[{"href":"https:\/\/psicoclinicabarcelona.com\/ca\/wp-json\/wp\/v2\/media?parent=905"}],"curies":[{"name":"wp","href":"https:\/\/api.w.org\/{rel}","templated":true}]}}