{"id":916,"date":"2015-07-15T14:56:29","date_gmt":"2015-07-15T14:56:29","guid":{"rendered":"http:\/\/psicoclinicabarcelona.com\/?page_id=916"},"modified":"2024-05-17T09:52:05","modified_gmt":"2024-05-17T07:52:05","slug":"psicoleg-infantil-barcelona","status":"publish","type":"page","link":"https:\/\/psicoclinicabarcelona.com\/ca\/psicoleg-infantil-barcelona\/","title":{"rendered":"Psic\u00f2leg infantil Barcelona"},"content":{"rendered":"[vc_row][vc_column width=&#8221;1\/2&#8243;][vc_column_text]<b>La inf\u00e0ncia \u00e9s un per\u00edode d\u2019innombrables trobades i aprenentatges<\/b>\u00a0que van conformant la nostra manera de ser i d\u2019estar al m\u00f3n. D\u2019altra banda, aquesta etapa de la vida no est\u00e0 exempta de patiment i malestar. Sabem que\u00a0<b>el tr\u00e0nsit que el nen faci per la inf\u00e0ncia ser\u00e0 determinant per a la seva edat adulta<\/b>.<\/p>\n<p>Es tracta d\u2019un per\u00edode de la vida de constant evoluci\u00f3 i creixement, en el qual apareixen dificultats, estancaments i de vegades, fins i tot, regressions.<\/p>\n<p>Esdeveniments com el naixement d\u2019un germ\u00e0, que no deixa indiferent a cap nen, pot comportar diversos s\u00edmptomes, per exemple, la p\u00e8rdua d\u2019algunes adquisicions evolutives aparentment ja consolidades, com el control d\u2019esf\u00ednters (enuresi, encopresi), alteracions de la parla (p\u00e8rdua de vocabulari), o tamb\u00e9, els coneguts malsons i terrors nocturns.[\/vc_column_text][\/vc_column][vc_column width=&#8221;1\/2&#8243;][vc_column_text]<iframe title=\"YouTube video player\" src=\"https:\/\/www.youtube.com\/embed\/F1xCoWl7HYE\" width=\"560\" height=\"315\" frameborder=\"0\" allowfullscreen=\"allowfullscreen\" data-mce-fragment=\"1\"><\/iframe>[\/vc_column_text][\/vc_column][vc_column][vc_column_text]Tota aquesta simptomatologia no apareix per casualitat, sin\u00f3 que sovint observem com aquests s\u00edmptomes mantenen una relaci\u00f3 molt estreta amb aspectes m\u00e9s profunds de la psique infantil. Per aix\u00f2 \u00e9s important que algunes d\u2019aquestes manifestacions cl\u00edniques siguin valorades per un\u00a0<b>psic\u00f2leg infantil a Barcelona<\/b>\u00a0que pugui tractar al nen i orientar els pares.\u00a0<b>Aquesta etapa de la vida \u00e9s crucial<\/b>, ja que s\u2019hi juguen aspectes estructurals de la personalitat decisius per a la resta de la seva vida.[\/vc_column_text][\/vc_column][\/vc_row][vc_row][vc_column][vc_column_text]\n<h2>Terapia infantil<\/h2>\n<p>Des de Psicocl\u00ednica Barcelona us animem a que es posi en contacte amb algun dels nostres experts\u00a0<b>psic\u00f2legs infantils de Barcelona<\/b>. Trucant al nostre\u00a0<b>centre de psicologia infantil a Barcelona,<\/b>\u00a0podr\u00e0 rebre la informaci\u00f3 necess\u00e0ria sobre la\u00a0<b>ter\u00e0pia<\/b>\u00a0<b>infantil<\/b>, ser\u00e0 at\u00e8s per un\u00a0<b>psic\u00f2leg infantil <\/b>\u00a0des de la primera trucada. Psicocl\u00ednica Barcelona compta amb un equip de <strong>psic\u00f2legs infantils, psic\u00f2legs per a pares<\/strong> i psic\u00f2legs de parella, amb \u00e0mplia experi\u00e8ncia professional i un llarg recorregut institucional a les millors <strong>cl\u00edniques de psicologia<\/strong> i centres de psicologia, d\u00e0mbit nacional i internacional. Podeu contactar amb nosaltres a trav\u00e9s del <strong>el nostre tel\u00e8fon, formulari web o adre\u00e7a de correu electr\u00f2nic<\/strong>.<\/p>\n<h2>Psicopedagogia infantil<\/h2>\n<p>A Psicocl\u00ednica Barcelona duem a terme un\u00a0<b>tractament psicol\u00f2gic per a nens i adolescents<\/b>\u00a0de m\u00e0 de prestigiosos i experimentats experts. Els motius de consulta m\u00e9s freq\u00fcents estan relacionats amb s\u00edmptomes de tipus ansi\u00f3s o comportamentals. Com els adults, els nens no sempre disposen de recursos suficients per expressar el seu malestar, cosa que els porta a trobar altres vies de comunicaci\u00f3 alternatives a la paraula.<\/p>\n<p>&nbsp;<\/p>\n<p>Els\u00a0<strong>Problemes de conducta<\/strong>,\u00a0<strong>Trastorn del D\u00e8ficit d&#8217;Atenci\u00f3 i Hiperactivitat (TDAH)<\/strong>,\u00a0<strong>Trastorn Obsessiu Compulsiu<\/strong>,\u00a0<strong>Trastorns de l&#8217;Aprenentatge<\/strong>, <strong>f\u00f2bies<\/strong>\u00a0o fins i tot\u00a0<strong>depressi\u00f3<\/strong> s\u00f3n alguns dels s\u00edmptomes o trastorns que poden afectar els m\u00e9s petits de la casa, afectant el seu rendiment a <strong>l&#8217;escola<\/strong> o dificultant el <strong>desenvolupament<\/strong> de relacions socials amb altres persones. En aquests casos, la millor elecci\u00f3 que poden prendre les <strong>fam\u00edlies<\/strong> s\u00f3n consultar amb un <strong>psic\u00f2leg per a nens<\/strong> o un <strong>psic\u00f2leg d&#8217;adolescents<\/strong> que dugui a terme. una valoraci\u00f3 del nen i pugui orientar els pares pel que fa al tractament. Alguns dels nostres psic\u00f2legs infantils han treballat extensament en serveis de <strong>psicopedagogia infantil<\/strong>, en el marc del <em>Departament d&#8217;Ensenyament de la Generalitat de Catalunya<\/em>.<\/p>\n<p>Sol\u00b7liciteu una primera entrevista amb una <strong>psic\u00f2loga infantil a Barcelona<\/strong>. A la primera trucada, valorarem si cal que el primer dia vinguin els <b>fills<\/b> o nom\u00e9s els pares.<\/p>\n<p>A m\u00e9s, volem convidar-lo a seguir els propers articles al nostre <strong>blog<\/strong>, on parlarem tamb\u00e9 de les q\u00fcestions que hem esmentat aqu\u00ed.[\/vc_column_text][\/vc_column][\/vc_row][vc_row][vc_column width=&#8221;1\/2&#8243;][vc_column_text]<img decoding=\"async\" class=\"aligncenter wp-image-710 size-full\" src=\"https:\/\/psicoclinicabarcelona.com\/wp-content\/uploads\/2015\/04\/psicologo-infantil-barcelona.jpg\" alt=\"psicologo infantil barcelona\" width=\"318\" height=\"200\" srcset=\"https:\/\/psicoclinicabarcelona.com\/wp-content\/uploads\/2015\/04\/psicologo-infantil-barcelona.jpg 318w, https:\/\/psicoclinicabarcelona.com\/wp-content\/uploads\/2015\/04\/psicologo-infantil-barcelona-300x189.jpg 300w\" sizes=\"(max-width: 318px) 100vw, 318px\" \/>[\/vc_column_text][vc_column_text]\n<h3 class=\"titulin\" style=\"text-align: center;\"><a href=\"https:\/\/psicoclinicabarcelona.com\/ca\/psicoleg-tdah-barcelona\/\">Trastorn per D\u00e8ficit d\u2019Atenci\u00f3 i Hiperactivitat<\/a><\/h3>\n[\/vc_column_text][vc_column_text el_class=&#8221;tituSub&#8221;]<strong>Els han parlat de TDAH?<\/strong><\/p>\n<p><strong>Creuen que el seu fill \u00e9s hiperactiu?<\/strong><\/p>\n<p><strong>Pensen que t\u00e9 un d\u00e8ficit d\u2019atenci\u00f3?<\/strong>[\/vc_column_text][vc_tta_accordion title_tag=&#8221;p&#8221; c_align=&#8221;center&#8221; c_position=&#8221;right&#8221; active_section=&#8221;0&#8243; collapsible_all=&#8221;true&#8221;][vc_tta_section title=&#8221;Ver m\u00e1s&#8221; tab_id=&#8221;1658171802617-572e98f9-f750&#8243;][vc_column_text]Procurem ser molt prudents tant amb els diagn\u00f2stics de TDAH i TDAH + I, com amb la medicalitzaci\u00f3 associada a una soluci\u00f3 immediata. La nostra manera de fer \u00e9s diferent, abordem els nostres pacients de manera individualitzada, perqu\u00e8 no hi ha un nen que sigui igual a un altre. Sabem que en aquest s\u00edmptoma aparentment id\u00e8ntic a molts nens: \u201cno para, no escolta, no at\u00e9n \u2026 s\u2019amaguen dificultats molt diverses. La conducta directament observable per tots, seria com la punta de l\u2019iceberg.[\/vc_column_text][\/vc_tta_section][\/vc_tta_accordion][\/vc_column][vc_column width=&#8221;1\/2&#8243;][vc_column_text]<img decoding=\"async\" class=\"aligncenter wp-image-711 size-full\" src=\"https:\/\/psicoclinicabarcelona.com\/wp-content\/uploads\/2015\/04\/psicologo-infantil-barcelona-2.jpg\" alt=\"Trastorno del Espectro Autista\" width=\"318\" height=\"200\" srcset=\"https:\/\/psicoclinicabarcelona.com\/wp-content\/uploads\/2015\/04\/psicologo-infantil-barcelona-2.jpg 318w, https:\/\/psicoclinicabarcelona.com\/wp-content\/uploads\/2015\/04\/psicologo-infantil-barcelona-2-300x189.jpg 300w\" sizes=\"(max-width: 318px) 100vw, 318px\" \/>[\/vc_column_text][vc_column_text]\n<h3 class=\"titulin\" style=\"text-align: center;\"><a href=\"https:\/\/psicoclinicabarcelona.com\/ca\/psicoleg-tea-barcelona\/\">Trastorn de l\u2019Espectre Autista<\/a><\/h3>\n[\/vc_column_text][vc_column_text el_class=&#8221;tituSub&#8221;]<strong>Heu sentit a parlar de l\u2019Espectre Autista?<\/strong><\/p>\n<p><strong>Volen saber qu\u00e8 \u00e9s aix\u00f2 de la S\u00edndrome d\u2019Asperger?<\/strong><\/p>\n<p><strong>Pensen que el seu fill pugui patir autisme?<\/strong>[\/vc_column_text][vc_tta_accordion title_tag=&#8221;p&#8221; c_align=&#8221;center&#8221; c_position=&#8221;right&#8221; active_section=&#8221;0&#8243; collapsible_all=&#8221;true&#8221;][vc_tta_section title=&#8221;Ver m\u00e1s&#8221; tab_id=&#8221;1658171721150-8c643806-e3cf&#8221;][vc_column_text]Cada vegada amb m\u00e9s freq\u00fc\u00e8ncia escoltem aquests diagn\u00f2stics en multitud d\u2019\u00e0mbits (no nom\u00e9s el cl\u00ednic, sin\u00f3 tamb\u00e9 l\u2019escolar, o el l\u00fadic) pronunciats amb massa facilitat i lleugeresa. Ens fem c\u00e0rrec del fort impacte que poden generar diagn\u00f2stics d\u2019aquest tipus per al nen i els seus pares. En aquests casos, es fa imprescindible un abordatge psicoterap\u00e8utic, que vagi des d\u2019un diagn\u00f2stic, a un tractament \u00fanic i individual per a cada nen, a m\u00e9s d\u2019un assessorament i orientaci\u00f3 per als pares.[\/vc_column_text][\/vc_tta_section][\/vc_tta_accordion][\/vc_column][\/vc_row][vc_row][vc_column width=&#8221;1\/2&#8243;][vc_column_text]<img decoding=\"async\" class=\"aligncenter wp-image-712 size-full\" src=\"https:\/\/psicoclinicabarcelona.com\/wp-content\/uploads\/2015\/04\/psicologo-infantil-barcelona-3.jpg\" alt=\"Trastornos del aprendizaje\" width=\"318\" height=\"200\" srcset=\"https:\/\/psicoclinicabarcelona.com\/wp-content\/uploads\/2015\/04\/psicologo-infantil-barcelona-3.jpg 318w, https:\/\/psicoclinicabarcelona.com\/wp-content\/uploads\/2015\/04\/psicologo-infantil-barcelona-3-300x189.jpg 300w\" sizes=\"(max-width: 318px) 100vw, 318px\" \/>[\/vc_column_text][vc_column_text]\n<h3 class=\"titulin\" style=\"text-align: center;\"><a href=\"https:\/\/psicoclinicabarcelona.com\/ca\/psicologia-infantil-problemes-aprenentatge\/\">Trastorns de l\u2019aprenentatge<\/a><\/h3>\n[\/vc_column_text][vc_column_text el_class=&#8221;tituSub&#8221;]<strong>Els comenten a l\u2019escola que el seu fill t\u00e9 trastorns de l\u2019aprenentatge?<\/strong><\/p>\n<p><strong>Creuen que t\u00e9 problemes per entendre, comprendre o seguir el ritme normal <\/strong><strong>d\u2019un aula?<\/strong><\/p>\n<p><strong>Els van parlar ja de frac\u00e0s escolar?<\/strong>[\/vc_column_text][vc_tta_accordion title_tag=&#8221;p&#8221; c_align=&#8221;center&#8221; c_position=&#8221;right&#8221; active_section=&#8221;0&#8243; collapsible_all=&#8221;true&#8221;][vc_tta_section title=&#8221;Ver m\u00e1s&#8221; tab_id=&#8221;1658171858757-f01ca493-34f1&#8243;][vc_column_text]En multitud d\u2019ocasions, aquests problemes s\u00f3n una resposta a conflictes interns emocionals, que superen i sobrepassen els nens. Cal fer una valoraci\u00f3 de les dificultats relacionades amb l\u2019aprenentatge i amb el context escolar, perqu\u00e8 cada nen pugui anar resolent all\u00f2 que veritablement es troba al fons del problema. Donar una sortida al bloqueig del nen per aprendre, permetent una evoluci\u00f3 cap a una actitud m\u00e9s positiva en relaci\u00f3 a l\u2019aprenentatge.[\/vc_column_text][\/vc_tta_section][\/vc_tta_accordion][\/vc_column][vc_column width=&#8221;1\/2&#8243;][vc_column_text]<img decoding=\"async\" class=\"aligncenter wp-image-713 size-full\" src=\"https:\/\/psicoclinicabarcelona.com\/wp-content\/uploads\/2015\/04\/psicologo-infantil-barcelona-4.jpg\" alt=\"Trastornos de la conducta\" width=\"318\" height=\"200\" srcset=\"https:\/\/psicoclinicabarcelona.com\/wp-content\/uploads\/2015\/04\/psicologo-infantil-barcelona-4.jpg 318w, https:\/\/psicoclinicabarcelona.com\/wp-content\/uploads\/2015\/04\/psicologo-infantil-barcelona-4-300x189.jpg 300w\" sizes=\"(max-width: 318px) 100vw, 318px\" \/>[\/vc_column_text][vc_column_text]\n<h3 class=\"titulin\" style=\"text-align: center;\"><a href=\"\/ca\/psicologia-infantil-problemes-conducta\/\">Trastorn de conducta<\/a><\/h3>\n[\/vc_column_text][vc_column_text el_class=&#8221;tituSub&#8221; css=&#8221;.vc_custom_1668093214353{padding-bottom: 36px !important;}&#8221;]<strong>Els van dir que el seu fill t\u00e9 Trastorn de conducta?<\/strong><\/p>\n<p><strong>Els hi sembla que t\u00e9 dificultats per a comportar-se?<\/strong><\/p>\n<p><strong>T\u00e9 problemes a l\u2019escola, us diuen que \u00e9s molt agressiu?<\/strong>[\/vc_column_text][vc_tta_accordion title_tag=&#8221;p&#8221; c_align=&#8221;center&#8221; c_position=&#8221;right&#8221; active_section=&#8221;0&#8243; collapsible_all=&#8221;true&#8221;][vc_tta_section title=&#8221;Ver m\u00e1s&#8221; tab_id=&#8221;1658171854225-f99d816b-24a6&#8243;][vc_column_text]Creiem que aquestes dificultats poden ser l\u2019expressi\u00f3 d\u2019un patiment particular dels nens, que no han aconseguit expressar aquest malestar d\u2019una manera m\u00e9s admesa socialment. Es tracta que ells mateixos puguin donar sentit als seus actes i que parlant del que els preocupa, puguin anar construint una nova manera de fer, no tan basada en actes impulsius i irreflexius.[\/vc_column_text][\/vc_tta_section][\/vc_tta_accordion][\/vc_column][\/vc_row][vc_row css=&#8221;.vc_custom_1658069749947{margin-top: 40px !important;margin-bottom: 30px !important;}&#8221;][vc_column width=&#8221;1\/2&#8243;][vc_column_text el_class=&#8221;sombra&#8221;]<a href=\"\/mila-herrera\/\"><img decoding=\"async\" class=\"aligncenter wp-image-5589 size-full\" src=\"https:\/\/psicoclinicabarcelona.com\/wp-content\/uploads\/2022\/07\/mila-ficha.webp\" alt=\"fiche mila\" width=\"1400\" height=\"500\" srcset=\"https:\/\/psicoclinicabarcelona.com\/wp-content\/uploads\/2022\/07\/mila-ficha.webp 1400w, https:\/\/psicoclinicabarcelona.com\/wp-content\/uploads\/2022\/07\/mila-ficha-300x107.webp 300w, https:\/\/psicoclinicabarcelona.com\/wp-content\/uploads\/2022\/07\/mila-ficha-1024x366.webp 1024w, https:\/\/psicoclinicabarcelona.com\/wp-content\/uploads\/2022\/07\/mila-ficha-768x274.webp 768w, https:\/\/psicoclinicabarcelona.com\/wp-content\/uploads\/2022\/07\/mila-ficha-600x214.webp 600w\" sizes=\"(max-width: 1400px) 100vw, 1400px\" \/><\/a>[\/vc_column_text][\/vc_column][vc_column width=&#8221;1\/2&#8243;][vc_column_text el_class=&#8221;sombra&#8221;]<a href=\"\/sergi-vilardell\/\"><img decoding=\"async\" class=\"aligncenter wp-image-5592 size-full\" src=\"https:\/\/psicoclinicabarcelona.com\/wp-content\/uploads\/2022\/07\/ficha-Sergi.webp\" alt=\"ficha Sergi\" width=\"1400\" height=\"500\" srcset=\"https:\/\/psicoclinicabarcelona.com\/wp-content\/uploads\/2022\/07\/ficha-Sergi.webp 1400w, https:\/\/psicoclinicabarcelona.com\/wp-content\/uploads\/2022\/07\/ficha-Sergi-300x107.webp 300w, https:\/\/psicoclinicabarcelona.com\/wp-content\/uploads\/2022\/07\/ficha-Sergi-1024x366.webp 1024w, https:\/\/psicoclinicabarcelona.com\/wp-content\/uploads\/2022\/07\/ficha-Sergi-768x274.webp 768w, https:\/\/psicoclinicabarcelona.com\/wp-content\/uploads\/2022\/07\/ficha-Sergi-600x214.webp 600w\" sizes=\"(max-width: 1400px) 100vw, 1400px\" \/><\/a>[\/vc_column_text][\/vc_column][\/vc_row][vc_row][vc_column][vc_column_text]\n<h2 style=\"color: #008aad;\">Vol demanar cita?<\/h2>\n<p>Us informem que tamb\u00e9 podeu fer consultes des del nostre lloc web. Si ho desitja, tamb\u00e9 pot sol\u00b7licitar una consulta en l\u00ednia. Podeu sol\u00b7licitar la vostra cita ara, ser\u00e0 at\u00e8s personalment per un psic\u00f2leg o psic\u00f2loga Barcelona des de la primera trucada. En aquesta primera trucada us informarem del que heu de saber i si ho desitgeu us oferirem una cita al m\u00e9s aviat possible.[\/vc_column_text][\/vc_column][\/vc_row]\n","protected":false},"excerpt":{"rendered":"<p>[vc_row][vc_column width=&#8221;1\/2&#8243;][vc_column_text]La inf\u00e0ncia \u00e9s un per\u00edode d\u2019innombrables trobades i aprenentatges\u00a0que van conformant la nostra manera de ser i d\u2019estar al m\u00f3n. D\u2019altra banda, aquesta etapa de la vida no est\u00e0 exempta de patiment i malestar. Sabem que\u00a0el tr\u00e0nsit que el nen faci per la inf\u00e0ncia ser\u00e0 determinant per a la seva edat adulta. Es tracta&hellip;<\/p>\n","protected":false},"author":5,"featured_media":0,"parent":0,"menu_order":0,"comment_status":"open","ping_status":"open","template":"","meta":{"footnotes":""},"class_list":["post-916","page","type-page","status-publish","hentry","entry","no-media"],"yoast_head":"<!-- This site is optimized with the Yoast SEO plugin v24.6 - https:\/\/yoast.com\/wordpress\/plugins\/seo\/ -->\n<title>Psicoleg infantil Barcelona<\/title>\n<meta name=\"description\" content=\"PSICOCL\u00cdNICA BARCELONA. Psic\u00f2legs infantils a Barcelona. Ter\u00e0pia infantil i tractament psicol\u00f2gic per a xiquets. Truca&#039;ns al 640 067 146\" \/>\n<meta name=\"robots\" content=\"index, follow, max-snippet:-1, max-image-preview:large, max-video-preview:-1\" \/>\n<link rel=\"canonical\" href=\"https:\/\/psicoclinicabarcelona.com\/ca\/psicoleg-infantil-barcelona\/\" \/>\n<meta property=\"og:locale\" content=\"ca_ES\" \/>\n<meta property=\"og:type\" content=\"article\" \/>\n<meta property=\"og:title\" content=\"Psicoleg infantil Barcelona\" \/>\n<meta property=\"og:description\" content=\"PSICOCL\u00cdNICA BARCELONA. Psic\u00f2legs infantils a Barcelona. Ter\u00e0pia infantil i tractament psicol\u00f2gic per a xiquets. Truca&#039;ns al 640 067 146\" \/>\n<meta property=\"og:url\" content=\"https:\/\/psicoclinicabarcelona.com\/ca\/psicoleg-infantil-barcelona\/\" \/>\n<meta property=\"og:site_name\" content=\"Psicocl\u00ednica Barcelona\" \/>\n<meta property=\"article:publisher\" content=\"https:\/\/www.facebook.com\/PsicoclinicaBarcelona\/\" \/>\n<meta property=\"article:modified_time\" content=\"2024-05-17T07:52:05+00:00\" \/>\n<meta property=\"og:image\" content=\"https:\/\/psicoclinicabarcelona.com\/wp-content\/uploads\/2015\/04\/psicologo-infantil-barcelona.jpg\" \/>\n<meta name=\"twitter:label1\" content=\"Temps estimat de lectura\" \/>\n\t<meta name=\"twitter:data1\" content=\"7 minuts\" \/>\n<script type=\"application\/ld+json\" class=\"yoast-schema-graph\">{\"@context\":\"https:\/\/schema.org\",\"@graph\":[{\"@type\":\"WebPage\",\"@id\":\"https:\/\/psicoclinicabarcelona.com\/ca\/psicoleg-infantil-barcelona\/\",\"url\":\"https:\/\/psicoclinicabarcelona.com\/ca\/psicoleg-infantil-barcelona\/\",\"name\":\"Psicoleg infantil Barcelona\",\"isPartOf\":{\"@id\":\"https:\/\/psicoclinicabarcelona.com\/#website\"},\"primaryImageOfPage\":{\"@id\":\"https:\/\/psicoclinicabarcelona.com\/ca\/psicoleg-infantil-barcelona\/#primaryimage\"},\"image\":{\"@id\":\"https:\/\/psicoclinicabarcelona.com\/ca\/psicoleg-infantil-barcelona\/#primaryimage\"},\"thumbnailUrl\":\"https:\/\/psicoclinicabarcelona.com\/wp-content\/uploads\/2015\/04\/psicologo-infantil-barcelona.jpg\",\"datePublished\":\"2015-07-15T14:56:29+00:00\",\"dateModified\":\"2024-05-17T07:52:05+00:00\",\"description\":\"PSICOCL\u00cdNICA BARCELONA. Psic\u00f2legs infantils a Barcelona. Ter\u00e0pia infantil i tractament psicol\u00f2gic per a xiquets. Truca'ns al 640 067 146\",\"breadcrumb\":{\"@id\":\"https:\/\/psicoclinicabarcelona.com\/ca\/psicoleg-infantil-barcelona\/#breadcrumb\"},\"inLanguage\":\"ca\",\"potentialAction\":[{\"@type\":\"ReadAction\",\"target\":[\"https:\/\/psicoclinicabarcelona.com\/ca\/psicoleg-infantil-barcelona\/\"]}]},{\"@type\":\"ImageObject\",\"inLanguage\":\"ca\",\"@id\":\"https:\/\/psicoclinicabarcelona.com\/ca\/psicoleg-infantil-barcelona\/#primaryimage\",\"url\":\"https:\/\/psicoclinicabarcelona.com\/wp-content\/uploads\/2015\/04\/psicologo-infantil-barcelona.jpg\",\"contentUrl\":\"https:\/\/psicoclinicabarcelona.com\/wp-content\/uploads\/2015\/04\/psicologo-infantil-barcelona.jpg\"},{\"@type\":\"BreadcrumbList\",\"@id\":\"https:\/\/psicoclinicabarcelona.com\/ca\/psicoleg-infantil-barcelona\/#breadcrumb\",\"itemListElement\":[{\"@type\":\"ListItem\",\"position\":1,\"name\":\"Portada\",\"item\":\"https:\/\/psicoclinicabarcelona.com\/ca\/\"},{\"@type\":\"ListItem\",\"position\":2,\"name\":\"Psic\u00f2leg infantil Barcelona\"}]},{\"@type\":\"WebSite\",\"@id\":\"https:\/\/psicoclinicabarcelona.com\/#website\",\"url\":\"https:\/\/psicoclinicabarcelona.com\/\",\"name\":\"Psicocl\u00ednica Barcelona\",\"description\":\"Posiblemente el mejor psic\u00f3logo en Barcelona o la mejor psic\u00f3loga de Barcelona. Ll\u00e1manos sin compromiso al 935 414 478\",\"publisher\":{\"@id\":\"https:\/\/psicoclinicabarcelona.com\/#organization\"},\"alternateName\":\"Psicocl\u00ednica Barcelona\",\"potentialAction\":[{\"@type\":\"SearchAction\",\"target\":{\"@type\":\"EntryPoint\",\"urlTemplate\":\"https:\/\/psicoclinicabarcelona.com\/?s={search_term_string}\"},\"query-input\":{\"@type\":\"PropertyValueSpecification\",\"valueRequired\":true,\"valueName\":\"search_term_string\"}}],\"inLanguage\":\"ca\"},{\"@type\":\"Organization\",\"@id\":\"https:\/\/psicoclinicabarcelona.com\/#organization\",\"name\":\"Psicocl\u00ednica Barcelona\",\"alternateName\":\"Psicocl\u00ednica Barcelona\",\"url\":\"https:\/\/psicoclinicabarcelona.com\/\",\"logo\":{\"@type\":\"ImageObject\",\"inLanguage\":\"ca\",\"@id\":\"https:\/\/psicoclinicabarcelona.com\/#\/schema\/logo\/image\/\",\"url\":\"https:\/\/psicoclinicabarcelona.com\/wp-content\/uploads\/2015\/04\/psicologos-barcelona.png\",\"contentUrl\":\"https:\/\/psicoclinicabarcelona.com\/wp-content\/uploads\/2015\/04\/psicologos-barcelona.png\",\"width\":178,\"height\":62,\"caption\":\"Psicocl\u00ednica Barcelona\"},\"image\":{\"@id\":\"https:\/\/psicoclinicabarcelona.com\/#\/schema\/logo\/image\/\"},\"sameAs\":[\"https:\/\/www.facebook.com\/PsicoclinicaBarcelona\/\",\"https:\/\/x.com\/psicoclinicabcn\",\"https:\/\/www.linkedin.com\/company\/psicocl\u00ednica-barcelona\/\",\"https:\/\/www.instagram.com\/psicoclinicabarcelona\/\",\"https:\/\/www.youtube.com\/channel\/UCcc-5_wC56giASuT0XDr87Q\"]}]}<\/script>\n<!-- \/ Yoast SEO plugin. -->","yoast_head_json":{"title":"Psicoleg infantil Barcelona","description":"PSICOCL\u00cdNICA BARCELONA. Psic\u00f2legs infantils a Barcelona. Ter\u00e0pia infantil i tractament psicol\u00f2gic per a xiquets. Truca'ns al 640 067 146","robots":{"index":"index","follow":"follow","max-snippet":"max-snippet:-1","max-image-preview":"max-image-preview:large","max-video-preview":"max-video-preview:-1"},"canonical":"https:\/\/psicoclinicabarcelona.com\/ca\/psicoleg-infantil-barcelona\/","og_locale":"ca_ES","og_type":"article","og_title":"Psicoleg infantil Barcelona","og_description":"PSICOCL\u00cdNICA BARCELONA. Psic\u00f2legs infantils a Barcelona. Ter\u00e0pia infantil i tractament psicol\u00f2gic per a xiquets. Truca'ns al 640 067 146","og_url":"https:\/\/psicoclinicabarcelona.com\/ca\/psicoleg-infantil-barcelona\/","og_site_name":"Psicocl\u00ednica Barcelona","article_publisher":"https:\/\/www.facebook.com\/PsicoclinicaBarcelona\/","article_modified_time":"2024-05-17T07:52:05+00:00","og_image":[{"url":"https:\/\/psicoclinicabarcelona.com\/wp-content\/uploads\/2015\/04\/psicologo-infantil-barcelona.jpg","type":"","width":"","height":""}],"twitter_misc":{"Temps estimat de lectura":"7 minuts"},"schema":{"@context":"https:\/\/schema.org","@graph":[{"@type":"WebPage","@id":"https:\/\/psicoclinicabarcelona.com\/ca\/psicoleg-infantil-barcelona\/","url":"https:\/\/psicoclinicabarcelona.com\/ca\/psicoleg-infantil-barcelona\/","name":"Psicoleg infantil Barcelona","isPartOf":{"@id":"https:\/\/psicoclinicabarcelona.com\/#website"},"primaryImageOfPage":{"@id":"https:\/\/psicoclinicabarcelona.com\/ca\/psicoleg-infantil-barcelona\/#primaryimage"},"image":{"@id":"https:\/\/psicoclinicabarcelona.com\/ca\/psicoleg-infantil-barcelona\/#primaryimage"},"thumbnailUrl":"https:\/\/psicoclinicabarcelona.com\/wp-content\/uploads\/2015\/04\/psicologo-infantil-barcelona.jpg","datePublished":"2015-07-15T14:56:29+00:00","dateModified":"2024-05-17T07:52:05+00:00","description":"PSICOCL\u00cdNICA BARCELONA. Psic\u00f2legs infantils a Barcelona. Ter\u00e0pia infantil i tractament psicol\u00f2gic per a xiquets. Truca'ns al 640 067 146","breadcrumb":{"@id":"https:\/\/psicoclinicabarcelona.com\/ca\/psicoleg-infantil-barcelona\/#breadcrumb"},"inLanguage":"ca","potentialAction":[{"@type":"ReadAction","target":["https:\/\/psicoclinicabarcelona.com\/ca\/psicoleg-infantil-barcelona\/"]}]},{"@type":"ImageObject","inLanguage":"ca","@id":"https:\/\/psicoclinicabarcelona.com\/ca\/psicoleg-infantil-barcelona\/#primaryimage","url":"https:\/\/psicoclinicabarcelona.com\/wp-content\/uploads\/2015\/04\/psicologo-infantil-barcelona.jpg","contentUrl":"https:\/\/psicoclinicabarcelona.com\/wp-content\/uploads\/2015\/04\/psicologo-infantil-barcelona.jpg"},{"@type":"BreadcrumbList","@id":"https:\/\/psicoclinicabarcelona.com\/ca\/psicoleg-infantil-barcelona\/#breadcrumb","itemListElement":[{"@type":"ListItem","position":1,"name":"Portada","item":"https:\/\/psicoclinicabarcelona.com\/ca\/"},{"@type":"ListItem","position":2,"name":"Psic\u00f2leg infantil Barcelona"}]},{"@type":"WebSite","@id":"https:\/\/psicoclinicabarcelona.com\/#website","url":"https:\/\/psicoclinicabarcelona.com\/","name":"Psicocl\u00ednica Barcelona","description":"Posiblemente el mejor psic\u00f3logo en Barcelona o la mejor psic\u00f3loga de Barcelona. Ll\u00e1manos sin compromiso al 935 414 478","publisher":{"@id":"https:\/\/psicoclinicabarcelona.com\/#organization"},"alternateName":"Psicocl\u00ednica Barcelona","potentialAction":[{"@type":"SearchAction","target":{"@type":"EntryPoint","urlTemplate":"https:\/\/psicoclinicabarcelona.com\/?s={search_term_string}"},"query-input":{"@type":"PropertyValueSpecification","valueRequired":true,"valueName":"search_term_string"}}],"inLanguage":"ca"},{"@type":"Organization","@id":"https:\/\/psicoclinicabarcelona.com\/#organization","name":"Psicocl\u00ednica Barcelona","alternateName":"Psicocl\u00ednica Barcelona","url":"https:\/\/psicoclinicabarcelona.com\/","logo":{"@type":"ImageObject","inLanguage":"ca","@id":"https:\/\/psicoclinicabarcelona.com\/#\/schema\/logo\/image\/","url":"https:\/\/psicoclinicabarcelona.com\/wp-content\/uploads\/2015\/04\/psicologos-barcelona.png","contentUrl":"https:\/\/psicoclinicabarcelona.com\/wp-content\/uploads\/2015\/04\/psicologos-barcelona.png","width":178,"height":62,"caption":"Psicocl\u00ednica Barcelona"},"image":{"@id":"https:\/\/psicoclinicabarcelona.com\/#\/schema\/logo\/image\/"},"sameAs":["https:\/\/www.facebook.com\/PsicoclinicaBarcelona\/","https:\/\/x.com\/psicoclinicabcn","https:\/\/www.linkedin.com\/company\/psicocl\u00ednica-barcelona\/","https:\/\/www.instagram.com\/psicoclinicabarcelona\/","https:\/\/www.youtube.com\/channel\/UCcc-5_wC56giASuT0XDr87Q"]}]}},"_links":{"self":[{"href":"https:\/\/psicoclinicabarcelona.com\/ca\/wp-json\/wp\/v2\/pages\/916"}],"collection":[{"href":"https:\/\/psicoclinicabarcelona.com\/ca\/wp-json\/wp\/v2\/pages"}],"about":[{"href":"https:\/\/psicoclinicabarcelona.com\/ca\/wp-json\/wp\/v2\/types\/page"}],"author":[{"embeddable":true,"href":"https:\/\/psicoclinicabarcelona.com\/ca\/wp-json\/wp\/v2\/users\/5"}],"replies":[{"embeddable":true,"href":"https:\/\/psicoclinicabarcelona.com\/ca\/wp-json\/wp\/v2\/comments?post=916"}],"version-history":[{"count":27,"href":"https:\/\/psicoclinicabarcelona.com\/ca\/wp-json\/wp\/v2\/pages\/916\/revisions"}],"predecessor-version":[{"id":6936,"href":"https:\/\/psicoclinicabarcelona.com\/ca\/wp-json\/wp\/v2\/pages\/916\/revisions\/6936"}],"wp:attachment":[{"href":"https:\/\/psicoclinicabarcelona.com\/ca\/wp-json\/wp\/v2\/media?parent=916"}],"curies":[{"name":"wp","href":"https:\/\/api.w.org\/{rel}","templated":true}]}}